{"id":207,"date":"2020-11-19T14:18:46","date_gmt":"2020-11-19T14:18:46","guid":{"rendered":"https:\/\/tonality.de\/?page_id=207"},"modified":"2021-05-19T13:14:34","modified_gmt":"2021-05-19T13:14:34","slug":"referenzen","status":"publish","type":"page","link":"https:\/\/tonality.de\/de\/referenzen\/","title":{"rendered":"Referenzen"},"content":{"rendered":"\n[et_pb_section fb_built=&#8220;1&#8243; admin_label=&#8220;Text Section&#8220; _builder_version=&#8220;4.7.4&#8243; _module_preset=&#8220;default&#8220; custom_padding=&#8220;10%||10%||true|false&#8220;][et_pb_row _builder_version=&#8220;4.7.3&#8243; _module_preset=&#8220;default&#8220; max_width=&#8220;760px&#8220; module_alignment=&#8220;center&#8220; custom_padding=&#8220;0px||0px||false|false&#8220;][et_pb_column type=&#8220;4_4&#8243; _builder_version=&#8220;4.7.3&#8243; _module_preset=&#8220;default&#8220;][et_pb_text _builder_version=&#8220;4.9.0&#8243; _module_preset=&#8220;f1459c47-1a20-4fc9-9096-0a95713fa791&#8243;]<h1 class=\"p1\"><span>Referenzen<\/span><\/h1>[\/et_pb_text][et_pb_text _builder_version=&#8220;4.9.0&#8243; _module_preset=&#8220;f1459c47-1a20-4fc9-9096-0a95713fa791&#8243; max_width=&#8220;500px&#8220;]<h2 class=\"p1\">Designvielfalt statt grauem Einerlei.<\/h2>[\/et_pb_text][et_pb_text _builder_version=&#8220;4.9.0&#8243; _module_preset=&#8220;f1459c47-1a20-4fc9-9096-0a95713fa791&#8243; custom_margin=&#8220;||0px||false|false&#8220;]<p class=\"p1\"><span>Wir erm\u00f6glichen es Menschen ausdrucksstarke Geb\u00e4ude zu erschaffen, die im Einklang mit ihrer Umgebung stehen und die Umwelt schonen.\u00a0Weltweit erweist sich sowohl bei Neubauten als auch in der Geb\u00e4udesanierung die vorgeh\u00e4ngte hinterl\u00fcftete Fassade mit der keramischen Fassade von TONALITY<\/span><sup>\u00ae<\/sup><span>\u00a0als zuverl\u00e4ssiges System mit hervorragenden bauphysikalischen Eigenschaften.<\/span><\/p>[\/et_pb_text][\/et_pb_column][\/et_pb_row][\/et_pb_section][et_pb_section fb_built=&#8220;1&#8243; _builder_version=&#8220;4.7.6&#8243; _module_preset=&#8220;default&#8220; custom_padding=&#8220;0px||||false|false&#8220; locked=&#8220;on&#8220;][et_pb_row _builder_version=&#8220;4.7.6&#8243; _module_preset=&#8220;default&#8220;][et_pb_column type=&#8220;4_4&#8243; _builder_version=&#8220;4.7.6&#8243; _module_preset=&#8220;default&#8220;][et_pb_code _builder_version=&#8220;4.7.6&#8243; _module_preset=&#8220;default&#8220;]<div class=\"swiper-controls__navigation--style swiper-controls__navigation--left-aligned\"><ul><li class=\"swiper__nav-item\"><a href=\"#\">L\u00e4nder<\/a><\/li><li class=\"swiper__nav-item\"><a href=\"#\">Geb\u00e4udetypen<\/a><\/li><li class=\"swiper__nav-item\"><a href=\"#\">Oberfl\u00e4chen<\/a><\/li><\/ul><\/div><div class=\"swiper-reference-grid swiper-query-grid\">\n                  <div class=\"swiper-wrapper\"><div class=\"swiper-slide\" data-hash=\"countries\">\n                          <div class=\"reference-grid\"><div class=\"reference-grid__item\"><a href=\"https:\/\/tonality.de\/de\/referenzen\/paracelcus-bad-kurhaus\/\" class=\"gradient-overlay\" ><img decoding=\"async\" width=\"1097\" height=\"720\" src=\"https:\/\/tonality.de\/wp-content\/uploads\/2020\/12\/paracelsus-bad-kurhaus-03-1280x840.jpg\" class=\"aspect_3_2 wp-post-image\" alt=\"\" srcset=\"https:\/\/tonality.de\/wp-content\/uploads\/2020\/12\/paracelsus-bad-kurhaus-03-980x643.jpg 980w, https:\/\/tonality.de\/wp-content\/uploads\/2020\/12\/paracelsus-bad-kurhaus-03-480x315.jpg 480w, https:\/\/tonality.de\/wp-content\/uploads\/2020\/12\/paracelsus-bad-kurhaus-03-480x315@2x.jpg 960w\" sizes=\"(min-width: 0px) and (max-width: 480px) 480px, (min-width: 481px) and (max-width: 980px) 980px, (min-width: 981px) 1097px, 100vw\" \/><div class=\"reference-grid__details\"><div class=\"reference-grid__details--info\">Salzburg, AT<\/div><h3 class=\"reference-grid__details--name\">Paracelcus Bad Kurhaus<\/h3><\/div><\/a><a href=\"#\" class=\"watchlist__add_remove_link watchlist-add-item link--icon-right link--icon-right--white link--icon-watchlist\" data-type=\"references\" data-id=\"1772\">Zur Merkliste hinzuf\u00fcgen<\/a><\/div><div class=\"reference-grid__item\"><a href=\"https:\/\/tonality.de\/de\/referenzen\/kinderhaus-pertinsel\/\" class=\"gradient-overlay\" ><img decoding=\"async\" width=\"1075\" height=\"720\" src=\"https:\/\/tonality.de\/wp-content\/uploads\/2021\/12\/tonality-referenz-kinderhaus-pertinsel-garten-1280x857.jpg\" class=\"aspect_3_2 wp-post-image\" alt=\"Tonality Referenz: Kinderhaus Pertinsel mit Tonality Keramikfassade und gr\u00fcnem Garten\" srcset=\"https:\/\/tonality.de\/wp-content\/uploads\/2021\/12\/tonality-referenz-kinderhaus-pertinsel-garten-980x656.jpg 980w, https:\/\/tonality.de\/wp-content\/uploads\/2021\/12\/tonality-referenz-kinderhaus-pertinsel-garten-480x321.jpg 480w, https:\/\/tonality.de\/wp-content\/uploads\/2021\/12\/tonality-referenz-kinderhaus-pertinsel-garten-980x656@2x.jpg 1960w, https:\/\/tonality.de\/wp-content\/uploads\/2021\/12\/tonality-referenz-kinderhaus-pertinsel-garten-480x321@2x.jpg 960w\" sizes=\"(min-width: 0px) and (max-width: 480px) 480px, (min-width: 481px) and (max-width: 980px) 980px, (min-width: 981px) 1075px, 100vw\" \/><div class=\"reference-grid__details\"><div class=\"reference-grid__details--info\">Fussach, AT<\/div><h3 class=\"reference-grid__details--name\">Kinderhaus Pertinsel<\/h3><\/div><\/a><a href=\"#\" class=\"watchlist__add_remove_link watchlist-add-item link--icon-right link--icon-right--white link--icon-watchlist\" data-type=\"references\" data-id=\"6320\">Zur Merkliste hinzuf\u00fcgen<\/a><\/div><div class=\"reference-grid__item\"><a href=\"https:\/\/tonality.de\/de\/referenzen\/sbaerahus\/\" class=\"gradient-overlay\" ><img decoding=\"async\" width=\"1082\" height=\"720\" src=\"https:\/\/tonality.de\/wp-content\/uploads\/2023\/09\/tonality-referenz-keramikfassade-baerahus-sept23-magma-45-1280x852.webp\" class=\"aspect_3_2 wp-post-image\" alt=\"Keramikfassade des Baerahus in Feldkirch mit vertikalen Linien und gro\u00dfen Fenstern, umgeben von gr\u00fcnen B\u00e4umen, die das Geb\u00e4ude teilweise verdecken\" srcset=\"https:\/\/tonality.de\/wp-content\/uploads\/2023\/09\/tonality-referenz-keramikfassade-baerahus-sept23-magma-45-980x652.webp 980w, https:\/\/tonality.de\/wp-content\/uploads\/2023\/09\/tonality-referenz-keramikfassade-baerahus-sept23-magma-45-480x319.webp 480w, https:\/\/tonality.de\/wp-content\/uploads\/2023\/09\/tonality-referenz-keramikfassade-baerahus-sept23-magma-45-980x652@2x.webp 1960w, https:\/\/tonality.de\/wp-content\/uploads\/2023\/09\/tonality-referenz-keramikfassade-baerahus-sept23-magma-45-480x319@2x.webp 960w\" sizes=\"(min-width: 0px) and (max-width: 480px) 480px, (min-width: 481px) and (max-width: 980px) 980px, (min-width: 981px) 1082px, 100vw\" \/><div class=\"reference-grid__details\"><div class=\"reference-grid__details--info\">Feldkirch, AT<\/div><h3 class=\"reference-grid__details--name\">S&#8217;B\u00e4rahus<\/h3><\/div><\/a><a href=\"#\" class=\"watchlist__add_remove_link watchlist-add-item link--icon-right link--icon-right--white link--icon-watchlist\" data-type=\"references\" data-id=\"25692\">Zur Merkliste hinzuf\u00fcgen<\/a><\/div><div class=\"reference-grid__item\"><a href=\"https:\/\/tonality.de\/de\/referenzen\/quartier-in-wolkersdorf\/\" class=\"gradient-overlay\" ><img decoding=\"async\" width=\"1091\" height=\"720\" src=\"https:\/\/tonality.de\/wp-content\/uploads\/2025\/09\/wolkersdorf-2-1280x845.png\" class=\"aspect_3_2 wp-post-image\" alt=\"\" srcset=\"https:\/\/tonality.de\/wp-content\/uploads\/2025\/09\/wolkersdorf-2-980x647.png 980w, https:\/\/tonality.de\/wp-content\/uploads\/2025\/09\/wolkersdorf-2-480x317.png 480w, https:\/\/tonality.de\/wp-content\/uploads\/2025\/09\/wolkersdorf-2-980x647@2x.png 1960w, https:\/\/tonality.de\/wp-content\/uploads\/2025\/09\/wolkersdorf-2-480x317@2x.png 960w\" sizes=\"(min-width: 0px) and (max-width: 480px) 480px, (min-width: 481px) and (max-width: 980px) 980px, (min-width: 981px) 1091px, 100vw\" \/><div class=\"reference-grid__details\"><div class=\"reference-grid__details--info\">Wolkersdorf, AT<\/div><h3 class=\"reference-grid__details--name\">Quartier in Wolkersdorf<\/h3><\/div><\/a><a href=\"#\" class=\"watchlist__add_remove_link watchlist-add-item link--icon-right link--icon-right--white link--icon-watchlist\" data-type=\"references\" data-id=\"39332\">Zur Merkliste hinzuf\u00fcgen<\/a><\/div><div class=\"reference-grid__item\"><a href=\"https:\/\/tonality.de\/de\/referenzen\/toowong-train-station\/\" class=\"gradient-overlay\" ><img decoding=\"async\" width=\"1079\" height=\"720\" src=\"https:\/\/tonality.de\/wp-content\/uploads\/2020\/12\/toowong-Train-Station-Detail-V1-1280x854.jpg\" class=\"aspect_3_2 wp-post-image\" alt=\"\" srcset=\"https:\/\/tonality.de\/wp-content\/uploads\/2020\/12\/toowong-Train-Station-Detail-V1-980x653.jpg 980w, https:\/\/tonality.de\/wp-content\/uploads\/2020\/12\/toowong-Train-Station-Detail-V1-480x320.jpg 480w, https:\/\/tonality.de\/wp-content\/uploads\/2020\/12\/toowong-Train-Station-Detail-V1-980x653@2x.jpg 1960w, https:\/\/tonality.de\/wp-content\/uploads\/2020\/12\/toowong-Train-Station-Detail-V1-480x320@2x.jpg 960w\" sizes=\"(min-width: 0px) and (max-width: 480px) 480px, (min-width: 481px) and (max-width: 980px) 980px, (min-width: 981px) 1079px, 100vw\" \/><div class=\"reference-grid__details\"><div class=\"reference-grid__details--info\">Queensland, AU<\/div><h3 class=\"reference-grid__details--name\">Toowong Train Station<\/h3><\/div><\/a><a href=\"#\" class=\"watchlist__add_remove_link watchlist-add-item link--icon-right link--icon-right--white link--icon-watchlist\" data-type=\"references\" data-id=\"1774\">Zur Merkliste hinzuf\u00fcgen<\/a><\/div><div class=\"reference-grid__item\"><a href=\"https:\/\/tonality.de\/de\/referenzen\/abercrombie-business-school-the-university-of-sydney\/\" class=\"gradient-overlay\" ><img decoding=\"async\" width=\"1080\" height=\"720\" src=\"https:\/\/tonality.de\/wp-content\/uploads\/2021\/05\/tonality-referenz-abercrombie-business-school-sydney-innenhof.jpeg\" class=\"aspect_3_2 wp-post-image\" alt=\"Tonality Referenz Abercrombie business school Sydney innenhof.\" srcset=\"https:\/\/tonality.de\/wp-content\/uploads\/2021\/05\/tonality-referenz-abercrombie-business-school-sydney-innenhof.jpeg 1080w, https:\/\/tonality.de\/wp-content\/uploads\/2021\/05\/tonality-referenz-abercrombie-business-school-sydney-innenhof-980x653.jpeg 980w, https:\/\/tonality.de\/wp-content\/uploads\/2021\/05\/tonality-referenz-abercrombie-business-school-sydney-innenhof-480x320.jpeg 480w, https:\/\/tonality.de\/wp-content\/uploads\/2021\/05\/tonality-referenz-abercrombie-business-school-sydney-innenhof-480x320@2x.jpeg 960w\" sizes=\"(min-width: 0px) and (max-width: 480px) 480px, (min-width: 481px) and (max-width: 980px) 980px, (min-width: 981px) 1080px, 100vw\" \/><div class=\"reference-grid__details\"><div class=\"reference-grid__details--info\">Sydney, AU<\/div><h3 class=\"reference-grid__details--name\">University of Sydney Business School<\/h3><\/div><\/a><a href=\"#\" class=\"watchlist__add_remove_link watchlist-add-item link--icon-right link--icon-right--white link--icon-watchlist\" data-type=\"references\" data-id=\"3906\">Zur Merkliste hinzuf\u00fcgen<\/a><\/div><div class=\"reference-grid__item\"><a href=\"https:\/\/tonality.de\/de\/referenzen\/st-james-chapel\/\" class=\"gradient-overlay\" ><img decoding=\"async\" width=\"1079\" height=\"720\" src=\"https:\/\/tonality.de\/wp-content\/uploads\/2021\/10\/tonality-reference-st-james-chapel-1280x854.jpg\" class=\"aspect_3_2 wp-post-image\" alt=\"\" srcset=\"https:\/\/tonality.de\/wp-content\/uploads\/2021\/10\/tonality-reference-st-james-chapel-980x654.jpg 980w, https:\/\/tonality.de\/wp-content\/uploads\/2021\/10\/tonality-reference-st-james-chapel-480x320.jpg 480w, https:\/\/tonality.de\/wp-content\/uploads\/2021\/10\/tonality-reference-st-james-chapel-480x320@2x.jpg 960w\" sizes=\"(min-width: 0px) and (max-width: 480px) 480px, (min-width: 481px) and (max-width: 980px) 980px, (min-width: 981px) 1079px, 100vw\" \/><div class=\"reference-grid__details\"><div class=\"reference-grid__details--info\">Castle Hill - Sydney, AU<\/div><h3 class=\"reference-grid__details--name\">St. James Chapel<\/h3><\/div><\/a><a href=\"#\" class=\"watchlist__add_remove_link watchlist-add-item link--icon-right link--icon-right--white link--icon-watchlist\" data-type=\"references\" data-id=\"5504\">Zur Merkliste hinzuf\u00fcgen<\/a><\/div><div class=\"reference-grid__item\"><a href=\"https:\/\/tonality.de\/de\/referenzen\/sanctuary\/\" class=\"gradient-overlay\" ><img decoding=\"async\" width=\"960\" height=\"720\" src=\"https:\/\/tonality.de\/wp-content\/uploads\/2022\/04\/tonality-facades-reference-australia-sanctuary-ceramic-facade-front-view-night-1280x960.jpg\" class=\"aspect_3_2 wp-post-image\" alt=\"Tonality Facades Reference: Australia Sanctuary Ceramic Facade Front View Night\" srcset=\"https:\/\/tonality.de\/wp-content\/uploads\/2022\/04\/tonality-facades-reference-australia-sanctuary-ceramic-facade-front-view-night-480x360.jpg 480w, https:\/\/tonality.de\/wp-content\/uploads\/2022\/04\/tonality-facades-reference-australia-sanctuary-ceramic-facade-front-view-night-480x360@2x.jpg 960w\" sizes=\"(min-width: 0px) and (max-width: 480px) 480px, (min-width: 481px) 960px, 100vw\" \/><div class=\"reference-grid__details\"><div class=\"reference-grid__details--info\">Wentworth Point NSW, AU<\/div><h3 class=\"reference-grid__details--name\">Sanctuary<\/h3><\/div><\/a><a href=\"#\" class=\"watchlist__add_remove_link watchlist-add-item link--icon-right link--icon-right--white link--icon-watchlist\" data-type=\"references\" data-id=\"7160\">Zur Merkliste hinzuf\u00fcgen<\/a><\/div><div class=\"reference-grid__item\"><a href=\"https:\/\/tonality.de\/de\/referenzen\/col-james-student-accommodation\/\" class=\"gradient-overlay\" ><img decoding=\"async\" width=\"1041\" height=\"720\" src=\"https:\/\/tonality.de\/wp-content\/uploads\/2022\/11\/tonality-australia-terracotta-facade-architect-turner-coljames-student-housing-facade-main-entry-1280x885.jpg\" class=\"aspect_3_2 wp-post-image\" alt=\"Main entry of Coljames student housing showcasing Australia&#039;s terracotta facade with tonal variations, designed by Architect Turner for a unique and striking visual effect\" srcset=\"https:\/\/tonality.de\/wp-content\/uploads\/2022\/11\/tonality-australia-terracotta-facade-architect-turner-coljames-student-housing-facade-main-entry-980x677.jpg 980w, https:\/\/tonality.de\/wp-content\/uploads\/2022\/11\/tonality-australia-terracotta-facade-architect-turner-coljames-student-housing-facade-main-entry-480x332.jpg 480w, https:\/\/tonality.de\/wp-content\/uploads\/2022\/11\/tonality-australia-terracotta-facade-architect-turner-coljames-student-housing-facade-main-entry-980x677@2x.jpg 1960w, https:\/\/tonality.de\/wp-content\/uploads\/2022\/11\/tonality-australia-terracotta-facade-architect-turner-coljames-student-housing-facade-main-entry-480x332@2x.jpg 960w\" sizes=\"(min-width: 0px) and (max-width: 480px) 480px, (min-width: 481px) and (max-width: 980px) 980px, (min-width: 981px) 1041px, 100vw\" \/><div class=\"reference-grid__details\"><div class=\"reference-grid__details--info\">Redfern NSW, AU<\/div><h3 class=\"reference-grid__details--name\">Col James Student Accommodation<\/h3><\/div><\/a><a href=\"#\" class=\"watchlist__add_remove_link watchlist-add-item link--icon-right link--icon-right--white link--icon-watchlist\" data-type=\"references\" data-id=\"8609\">Zur Merkliste hinzuf\u00fcgen<\/a><\/div><div class=\"reference-grid__item\"><a href=\"https:\/\/tonality.de\/de\/referenzen\/vesalius\/\" class=\"gradient-overlay\" ><img decoding=\"async\" width=\"1079\" height=\"720\" src=\"https:\/\/tonality.de\/wp-content\/uploads\/2020\/12\/3901_002-1280x854.jpg\" class=\"aspect_3_2 wp-post-image\" alt=\"\" srcset=\"https:\/\/tonality.de\/wp-content\/uploads\/2020\/12\/3901_002-980x654.jpg 980w, https:\/\/tonality.de\/wp-content\/uploads\/2020\/12\/3901_002-480x320.jpg 480w, https:\/\/tonality.de\/wp-content\/uploads\/2020\/12\/3901_002-980x654@2x.jpg 1960w, https:\/\/tonality.de\/wp-content\/uploads\/2020\/12\/3901_002-480x320@2x.jpg 960w\" sizes=\"(min-width: 0px) and (max-width: 480px) 480px, (min-width: 481px) and (max-width: 980px) 980px, (min-width: 981px) 1079px, 100vw\" \/><div class=\"reference-grid__details\"><div class=\"reference-grid__details--info\">Leuven, BE<\/div><h3 class=\"reference-grid__details--name\">Vesalius<\/h3><\/div><\/a><a href=\"#\" class=\"watchlist__add_remove_link watchlist-add-item link--icon-right link--icon-right--white link--icon-watchlist\" data-type=\"references\" data-id=\"1781\">Zur Merkliste hinzuf\u00fcgen<\/a><\/div><div class=\"reference-grid__item\"><a href=\"https:\/\/tonality.de\/de\/referenzen\/cadix-krankenhaus\/\" class=\"gradient-overlay\" ><img decoding=\"async\" width=\"1082\" height=\"720\" src=\"https:\/\/tonality.de\/wp-content\/uploads\/2022\/10\/tonality-reference-cadix-clinic-terracotta-tile-antwerpen-building-1280x852.jpg\" class=\"aspect_3_2 wp-post-image\" alt=\"Tonality reference of Cadix Clinic building in Antwerpen featuring terracotta tiles.\" srcset=\"https:\/\/tonality.de\/wp-content\/uploads\/2022\/10\/tonality-reference-cadix-clinic-terracotta-tile-antwerpen-building-980x652.jpg 980w, https:\/\/tonality.de\/wp-content\/uploads\/2022\/10\/tonality-reference-cadix-clinic-terracotta-tile-antwerpen-building-480x319.jpg 480w, https:\/\/tonality.de\/wp-content\/uploads\/2022\/10\/tonality-reference-cadix-clinic-terracotta-tile-antwerpen-building-980x652@2x.jpg 1960w, https:\/\/tonality.de\/wp-content\/uploads\/2022\/10\/tonality-reference-cadix-clinic-terracotta-tile-antwerpen-building-480x319@2x.jpg 960w\" sizes=\"(min-width: 0px) and (max-width: 480px) 480px, (min-width: 481px) and (max-width: 980px) 980px, (min-width: 981px) 1082px, 100vw\" \/><div class=\"reference-grid__details\"><div class=\"reference-grid__details--info\">Antwerpen, BE<\/div><h3 class=\"reference-grid__details--name\">Cadix Krankenhaus<\/h3><\/div><\/a><a href=\"#\" class=\"watchlist__add_remove_link watchlist-add-item link--icon-right link--icon-right--white link--icon-watchlist\" data-type=\"references\" data-id=\"8339\">Zur Merkliste hinzuf\u00fcgen<\/a><\/div><div class=\"reference-grid__item\"><a href=\"https:\/\/tonality.de\/de\/referenzen\/data-centre\/\" class=\"gradient-overlay\" ><img decoding=\"async\" width=\"960\" height=\"720\" src=\"https:\/\/tonality.de\/wp-content\/uploads\/2020\/12\/DataCentre45Parliament_ON_Tonality_TcLip-4-1280x960.jpg\" class=\"aspect_3_2 wp-post-image\" alt=\"\" srcset=\"https:\/\/tonality.de\/wp-content\/uploads\/2020\/12\/DataCentre45Parliament_ON_Tonality_TcLip-4-480x360.jpg 480w, https:\/\/tonality.de\/wp-content\/uploads\/2020\/12\/DataCentre45Parliament_ON_Tonality_TcLip-4-480x360@2x.jpg 960w\" sizes=\"(min-width: 0px) and (max-width: 480px) 480px, (min-width: 481px) 960px, 100vw\" \/><div class=\"reference-grid__details\"><div class=\"reference-grid__details--info\">Toronto, CA<\/div><h3 class=\"reference-grid__details--name\">Data Centre<\/h3><\/div><\/a><a href=\"#\" class=\"watchlist__add_remove_link watchlist-add-item link--icon-right link--icon-right--white link--icon-watchlist\" data-type=\"references\" data-id=\"1776\">Zur Merkliste hinzuf\u00fcgen<\/a><\/div><div class=\"reference-grid__item\"><a href=\"https:\/\/tonality.de\/de\/referenzen\/st-charles-market\/\" class=\"gradient-overlay\" ><img decoding=\"async\" width=\"1200\" height=\"720\" src=\"https:\/\/tonality.de\/wp-content\/uploads\/2021\/05\/tonality-referenz-st-charles-market-rendering-1280x768.jpg\" class=\"aspect_3_2 wp-post-image\" alt=\"Tonality Referenz St Charles Market rendering.\" srcset=\"https:\/\/tonality.de\/wp-content\/uploads\/2021\/05\/tonality-referenz-st-charles-market-rendering-980x588.jpg 980w, https:\/\/tonality.de\/wp-content\/uploads\/2021\/05\/tonality-referenz-st-charles-market-rendering-480x288.jpg 480w, https:\/\/tonality.de\/wp-content\/uploads\/2021\/05\/tonality-referenz-st-charles-market-rendering-980x588@2x.jpg 1960w, https:\/\/tonality.de\/wp-content\/uploads\/2021\/05\/tonality-referenz-st-charles-market-rendering-480x288@2x.jpg 960w\" sizes=\"(min-width: 0px) and (max-width: 480px) 480px, (min-width: 481px) and (max-width: 980px) 980px, (min-width: 981px) 1200px, 100vw\" \/><div class=\"reference-grid__details\"><div class=\"reference-grid__details--info\">Ottawa, CA<\/div><h3 class=\"reference-grid__details--name\">St. Charles Market<\/h3><\/div><\/a><a href=\"#\" class=\"watchlist__add_remove_link watchlist-add-item link--icon-right link--icon-right--white link--icon-watchlist\" data-type=\"references\" data-id=\"3960\">Zur Merkliste hinzuf\u00fcgen<\/a><\/div><div class=\"reference-grid__item\"><a href=\"https:\/\/tonality.de\/de\/referenzen\/bayers-lake-outpatients-center\/\" class=\"gradient-overlay\" ><img decoding=\"async\" width=\"1091\" height=\"720\" src=\"https:\/\/tonality.de\/wp-content\/uploads\/2025\/08\/bayers-lake-outpatient-center-2-1-1280x845.png\" class=\"aspect_3_2 wp-post-image\" alt=\"Bayers Lake Outpatient Center: Modernes zweist\u00f6ckiges medizinisches Zentrum mit Glasfassade und \u00fcberdachtem Eingang.\" srcset=\"https:\/\/tonality.de\/wp-content\/uploads\/2025\/08\/bayers-lake-outpatient-center-2-1-980x647.png 980w, https:\/\/tonality.de\/wp-content\/uploads\/2025\/08\/bayers-lake-outpatient-center-2-1-480x317.png 480w, https:\/\/tonality.de\/wp-content\/uploads\/2025\/08\/bayers-lake-outpatient-center-2-1-980x647@2x.png 1960w, https:\/\/tonality.de\/wp-content\/uploads\/2025\/08\/bayers-lake-outpatient-center-2-1-480x317@2x.png 960w\" sizes=\"(min-width: 0px) and (max-width: 480px) 480px, (min-width: 481px) and (max-width: 980px) 980px, (min-width: 981px) 1091px, 100vw\" \/><div class=\"reference-grid__details\"><div class=\"reference-grid__details--info\">Halifax, CA<\/div><h3 class=\"reference-grid__details--name\">Bayers Lake Outpatients Center<\/h3><\/div><\/a><a href=\"#\" class=\"watchlist__add_remove_link watchlist-add-item link--icon-right link--icon-right--white link--icon-watchlist\" data-type=\"references\" data-id=\"37409\">Zur Merkliste hinzuf\u00fcgen<\/a><\/div><div class=\"reference-grid__item\"><a href=\"https:\/\/tonality.de\/de\/referenzen\/nscc-waterfront-campus\/\" class=\"gradient-overlay\" ><img decoding=\"async\" width=\"1091\" height=\"720\" src=\"https:\/\/tonality.de\/wp-content\/uploads\/2025\/08\/nscc-waterfont-sydney-1-1280x845.png\" class=\"aspect_3_2 wp-post-image\" alt=\"NSCC Waterfont Sydney\" srcset=\"https:\/\/tonality.de\/wp-content\/uploads\/2025\/08\/nscc-waterfont-sydney-1-980x647.png 980w, https:\/\/tonality.de\/wp-content\/uploads\/2025\/08\/nscc-waterfont-sydney-1-480x317.png 480w, https:\/\/tonality.de\/wp-content\/uploads\/2025\/08\/nscc-waterfont-sydney-1-980x647@2x.png 1960w, https:\/\/tonality.de\/wp-content\/uploads\/2025\/08\/nscc-waterfont-sydney-1-480x317@2x.png 960w\" sizes=\"(min-width: 0px) and (max-width: 480px) 480px, (min-width: 481px) and (max-width: 980px) 980px, (min-width: 981px) 1091px, 100vw\" \/><div class=\"reference-grid__details\"><div class=\"reference-grid__details--info\">Sydney, CA<\/div><h3 class=\"reference-grid__details--name\">NSCC Waterfront Campus<\/h3><\/div><\/a><a href=\"#\" class=\"watchlist__add_remove_link watchlist-add-item link--icon-right link--icon-right--white link--icon-watchlist\" data-type=\"references\" data-id=\"37411\">Zur Merkliste hinzuf\u00fcgen<\/a><\/div><div class=\"reference-grid__item\"><a href=\"https:\/\/tonality.de\/de\/referenzen\/laurent-und-eleanor-in-kanada\/\" class=\"gradient-overlay\" ><img decoding=\"async\" width=\"1091\" height=\"720\" src=\"https:\/\/tonality.de\/wp-content\/uploads\/2025\/10\/laurent-und-eleanor-1-1280x845.png\" class=\"aspect_3_2 wp-post-image\" alt=\"\" srcset=\"https:\/\/tonality.de\/wp-content\/uploads\/2025\/10\/laurent-und-eleanor-1-980x647.png 980w, https:\/\/tonality.de\/wp-content\/uploads\/2025\/10\/laurent-und-eleanor-1-480x317.png 480w, https:\/\/tonality.de\/wp-content\/uploads\/2025\/10\/laurent-und-eleanor-1-980x647@2x.png 1960w, https:\/\/tonality.de\/wp-content\/uploads\/2025\/10\/laurent-und-eleanor-1-480x317@2x.png 960w\" sizes=\"(min-width: 0px) and (max-width: 480px) 480px, (min-width: 481px) and (max-width: 980px) 980px, (min-width: 981px) 1091px, 100vw\" \/><div class=\"reference-grid__details\"><div class=\"reference-grid__details--info\">Edmonton, CA<\/div><h3 class=\"reference-grid__details--name\">Laurent und Eleanor<\/h3><\/div><\/a><a href=\"#\" class=\"watchlist__add_remove_link watchlist-add-item link--icon-right link--icon-right--white link--icon-watchlist\" data-type=\"references\" data-id=\"39474\">Zur Merkliste hinzuf\u00fcgen<\/a><\/div><div class=\"reference-grid__item\"><a href=\"https:\/\/tonality.de\/de\/referenzen\/mehrfamilienhaus-in-scherzingen\/\" class=\"gradient-overlay\" ><img decoding=\"async\" width=\"1091\" height=\"720\" src=\"https:\/\/tonality.de\/wp-content\/uploads\/2025\/11\/scherzingen-2-4-1280x845.png\" class=\"aspect_3_2 wp-post-image\" alt=\"\" srcset=\"https:\/\/tonality.de\/wp-content\/uploads\/2025\/11\/scherzingen-2-4-980x647.png 980w, https:\/\/tonality.de\/wp-content\/uploads\/2025\/11\/scherzingen-2-4-480x317.png 480w, https:\/\/tonality.de\/wp-content\/uploads\/2025\/11\/scherzingen-2-4-980x647@2x.png 1960w, https:\/\/tonality.de\/wp-content\/uploads\/2025\/11\/scherzingen-2-4-480x317@2x.png 960w\" sizes=\"(min-width: 0px) and (max-width: 480px) 480px, (min-width: 481px) and (max-width: 980px) 980px, (min-width: 981px) 1091px, 100vw\" \/><div class=\"reference-grid__details\"><div class=\"reference-grid__details--info\">Scherzingen, CH<\/div><h3 class=\"reference-grid__details--name\">Mehrfamilienhaus mit 5 Wohneinheiten<\/h3><\/div><\/a><a href=\"#\" class=\"watchlist__add_remove_link watchlist-add-item link--icon-right link--icon-right--white link--icon-watchlist\" data-type=\"references\" data-id=\"39932\">Zur Merkliste hinzuf\u00fcgen<\/a><\/div><div class=\"reference-grid__item\"><a href=\"https:\/\/tonality.de\/de\/referenzen\/polygon-bottighofen\/\" class=\"gradient-overlay\" ><img decoding=\"async\" width=\"1091\" height=\"720\" src=\"https:\/\/tonality.de\/wp-content\/uploads\/2026\/02\/polygon-bottighofen-2-2-1280x845.jpg\" class=\"aspect_3_2 wp-post-image\" alt=\"\" srcset=\"https:\/\/tonality.de\/wp-content\/uploads\/2026\/02\/polygon-bottighofen-2-2-980x647.jpg 980w, https:\/\/tonality.de\/wp-content\/uploads\/2026\/02\/polygon-bottighofen-2-2-480x317.jpg 480w, https:\/\/tonality.de\/wp-content\/uploads\/2026\/02\/polygon-bottighofen-2-2-980x647@2x.jpg 1960w, https:\/\/tonality.de\/wp-content\/uploads\/2026\/02\/polygon-bottighofen-2-2-480x317@2x.jpg 960w\" sizes=\"(min-width: 0px) and (max-width: 480px) 480px, (min-width: 481px) and (max-width: 980px) 980px, (min-width: 981px) 1091px, 100vw\" \/><div class=\"reference-grid__details\"><div class=\"reference-grid__details--info\">Bottighofen, CH<\/div><h3 class=\"reference-grid__details--name\">Polygon<\/h3><\/div><\/a><a href=\"#\" class=\"watchlist__add_remove_link watchlist-add-item link--icon-right link--icon-right--white link--icon-watchlist\" data-type=\"references\" data-id=\"42249\">Zur Merkliste hinzuf\u00fcgen<\/a><\/div><div class=\"reference-grid__item\"><a href=\"https:\/\/tonality.de\/de\/referenzen\/agentur-fuer-arbeit-koeln\/\" class=\"gradient-overlay\" ><img decoding=\"async\" width=\"1079\" height=\"720\" src=\"https:\/\/tonality.de\/wp-content\/uploads\/2021\/05\/tonality-referenz-agentur-fuer-arbeit-koeln-1280x854.jpg\" class=\"aspect_3_2 wp-post-image\" alt=\"Tonality Referenz Agentur f\u00fcr Arbeit K\u00f6ln.\" srcset=\"https:\/\/tonality.de\/wp-content\/uploads\/2021\/05\/tonality-referenz-agentur-fuer-arbeit-koeln-980x654.jpg 980w, https:\/\/tonality.de\/wp-content\/uploads\/2021\/05\/tonality-referenz-agentur-fuer-arbeit-koeln-480x320.jpg 480w, https:\/\/tonality.de\/wp-content\/uploads\/2021\/05\/tonality-referenz-agentur-fuer-arbeit-koeln-480x320@2x.jpg 960w\" sizes=\"(min-width: 0px) and (max-width: 480px) 480px, (min-width: 481px) and (max-width: 980px) 980px, (min-width: 981px) 1079px, 100vw\" \/><div class=\"reference-grid__details\"><div class=\"reference-grid__details--info\">K\u00f6ln, DE<\/div><h3 class=\"reference-grid__details--name\">Agentur f\u00fcr Arbeit K\u00f6ln<\/h3><\/div><\/a><a href=\"#\" class=\"watchlist__add_remove_link watchlist-add-item link--icon-right link--icon-right--white link--icon-watchlist\" data-type=\"references\" data-id=\"4006\">Zur Merkliste hinzuf\u00fcgen<\/a><\/div><div class=\"reference-grid__item\"><a href=\"https:\/\/tonality.de\/de\/referenzen\/wohnungsbau-innenhafen\/\" class=\"gradient-overlay\" ><img decoding=\"async\" width=\"1034\" height=\"720\" src=\"https:\/\/tonality.de\/wp-content\/uploads\/2021\/12\/tonality-referenz-wohnungsbau-innenhafen-duisburg-1280x891.jpg\" class=\"aspect_3_2 wp-post-image\" alt=\"Wohnungsbauprojekt im Innenhafen Duisburg mit roten Keramikpaneelen, modernen Balkonen und gro\u00dfen Fenstern, entlang eines Kanals gelegen\" srcset=\"https:\/\/tonality.de\/wp-content\/uploads\/2021\/12\/tonality-referenz-wohnungsbau-innenhafen-duisburg-980x682.jpg 980w, https:\/\/tonality.de\/wp-content\/uploads\/2021\/12\/tonality-referenz-wohnungsbau-innenhafen-duisburg-480x334.jpg 480w, https:\/\/tonality.de\/wp-content\/uploads\/2021\/12\/tonality-referenz-wohnungsbau-innenhafen-duisburg-980x682@2x.jpg 1960w, https:\/\/tonality.de\/wp-content\/uploads\/2021\/12\/tonality-referenz-wohnungsbau-innenhafen-duisburg-480x334@2x.jpg 960w\" sizes=\"(min-width: 0px) and (max-width: 480px) 480px, (min-width: 481px) and (max-width: 980px) 980px, (min-width: 981px) 1034px, 100vw\" \/><div class=\"reference-grid__details\"><div class=\"reference-grid__details--info\">Duisburg, DE<\/div><h3 class=\"reference-grid__details--name\">Wohnungsbau Innenhafen<\/h3><\/div><\/a><a href=\"#\" class=\"watchlist__add_remove_link watchlist-add-item link--icon-right link--icon-right--white link--icon-watchlist\" data-type=\"references\" data-id=\"6064\">Zur Merkliste hinzuf\u00fcgen<\/a><\/div><div class=\"reference-grid__item\"><a href=\"https:\/\/tonality.de\/de\/referenzen\/gesamtschule-krefeld\/\" class=\"gradient-overlay\" ><img decoding=\"async\" width=\"1079\" height=\"720\" src=\"https:\/\/tonality.de\/wp-content\/uploads\/2021\/12\/tonality-referenz-gesamtschule-krefeld-keramikfassade-gebaeude-1280x854.jpg\" class=\"aspect_3_2 wp-post-image\" alt=\"Tonality Referenz Gesamtschule Krefeld - Keramikfassade Geb\u00e4ude\" srcset=\"https:\/\/tonality.de\/wp-content\/uploads\/2021\/12\/tonality-referenz-gesamtschule-krefeld-keramikfassade-gebaeude-980x654.jpg 980w, https:\/\/tonality.de\/wp-content\/uploads\/2021\/12\/tonality-referenz-gesamtschule-krefeld-keramikfassade-gebaeude-480x320.jpg 480w, https:\/\/tonality.de\/wp-content\/uploads\/2021\/12\/tonality-referenz-gesamtschule-krefeld-keramikfassade-gebaeude-980x654@2x.jpg 1960w, https:\/\/tonality.de\/wp-content\/uploads\/2021\/12\/tonality-referenz-gesamtschule-krefeld-keramikfassade-gebaeude-480x320@2x.jpg 960w\" sizes=\"(min-width: 0px) and (max-width: 480px) 480px, (min-width: 481px) and (max-width: 980px) 980px, (min-width: 981px) 1079px, 100vw\" \/><div class=\"reference-grid__details\"><div class=\"reference-grid__details--info\">Krefeld, DE<\/div><h3 class=\"reference-grid__details--name\">Robert-Jungk-Gesamtschule Krefeld<\/h3><\/div><\/a><a href=\"#\" class=\"watchlist__add_remove_link watchlist-add-item link--icon-right link--icon-right--white link--icon-watchlist\" data-type=\"references\" data-id=\"6249\">Zur Merkliste hinzuf\u00fcgen<\/a><\/div><div class=\"reference-grid__item\"><a href=\"https:\/\/tonality.de\/de\/referenzen\/daimlerstrasse-frankfurt\/\" class=\"gradient-overlay\" ><img decoding=\"async\" width=\"957\" height=\"720\" src=\"https:\/\/tonality.de\/wp-content\/uploads\/2022\/05\/tonality-ceramic-facade-reference-daimlerstrasse-germany-buero-1280x963.jpg\" class=\"aspect_3_2 wp-post-image\" alt=\"&quot;Tonality Ceramic Facade Reference - Daimlerstrasse Germany B\u00fcro\" srcset=\"https:\/\/tonality.de\/wp-content\/uploads\/2022\/05\/tonality-ceramic-facade-reference-daimlerstrasse-germany-buero-480x361.jpg 480w, https:\/\/tonality.de\/wp-content\/uploads\/2022\/05\/tonality-ceramic-facade-reference-daimlerstrasse-germany-buero-480x361@2x.jpg 960w\" sizes=\"(min-width: 0px) and (max-width: 480px) 480px, (min-width: 481px) 957px, 100vw\" \/><div class=\"reference-grid__details\"><div class=\"reference-grid__details--info\">Frankfurt, DE<\/div><h3 class=\"reference-grid__details--name\">Hochhaus BICC Frankfurt<\/h3><\/div><\/a><a href=\"#\" class=\"watchlist__add_remove_link watchlist-add-item link--icon-right link--icon-right--white link--icon-watchlist\" data-type=\"references\" data-id=\"7487\">Zur Merkliste hinzuf\u00fcgen<\/a><\/div><div class=\"reference-grid__item\"><a href=\"https:\/\/tonality.de\/de\/referenzen\/sparkasse-duisburg\/\" class=\"gradient-overlay\" ><img decoding=\"async\" width=\"1080\" height=\"720\" src=\"https:\/\/tonality.de\/wp-content\/uploads\/2022\/05\/tonality-reference-sparkasse-duisburg-drone-view-1280x853.jpg\" class=\"aspect_3_2 wp-post-image\" alt=\"Aerial view of Sparkasse Duisburg building with Tonality ceramic facade\" srcset=\"https:\/\/tonality.de\/wp-content\/uploads\/2022\/05\/tonality-reference-sparkasse-duisburg-drone-view-980x653.jpg 980w, https:\/\/tonality.de\/wp-content\/uploads\/2022\/05\/tonality-reference-sparkasse-duisburg-drone-view-480x320.jpg 480w, https:\/\/tonality.de\/wp-content\/uploads\/2022\/05\/tonality-reference-sparkasse-duisburg-drone-view-480x320@2x.jpg 960w\" sizes=\"(min-width: 0px) and (max-width: 480px) 480px, (min-width: 481px) and (max-width: 980px) 980px, (min-width: 981px) 1080px, 100vw\" \/><div class=\"reference-grid__details\"><div class=\"reference-grid__details--info\">Duisburg, DE<\/div><h3 class=\"reference-grid__details--name\">Sparkasse Duisburg<\/h3><\/div><\/a><a href=\"#\" class=\"watchlist__add_remove_link watchlist-add-item link--icon-right link--icon-right--white link--icon-watchlist\" data-type=\"references\" data-id=\"7645\">Zur Merkliste hinzuf\u00fcgen<\/a><\/div><div class=\"reference-grid__item\"><a href=\"https:\/\/tonality.de\/de\/referenzen\/wohnheim-bodensee\/\" class=\"gradient-overlay\" ><img decoding=\"async\" width=\"1040\" height=\"720\" src=\"https:\/\/tonality.de\/wp-content\/uploads\/2023\/08\/fassadensanierung-keramikfassade-lindau-frontansicht-1280x886.webp\" class=\"aspect_3_2 wp-post-image\" alt=\"Frontansicht der sanierten Keramikfassade eines Geb\u00e4udes in Lindau mit grauen Platten und Solarpaneelen\" srcset=\"https:\/\/tonality.de\/wp-content\/uploads\/2023\/08\/fassadensanierung-keramikfassade-lindau-frontansicht-980x679.webp 980w, https:\/\/tonality.de\/wp-content\/uploads\/2023\/08\/fassadensanierung-keramikfassade-lindau-frontansicht-480x332.webp 480w, https:\/\/tonality.de\/wp-content\/uploads\/2023\/08\/fassadensanierung-keramikfassade-lindau-frontansicht-980x679@2x.webp 1960w, https:\/\/tonality.de\/wp-content\/uploads\/2023\/08\/fassadensanierung-keramikfassade-lindau-frontansicht-480x332@2x.webp 960w\" sizes=\"(min-width: 0px) and (max-width: 480px) 480px, (min-width: 481px) and (max-width: 980px) 980px, (min-width: 981px) 1040px, 100vw\" \/><div class=\"reference-grid__details\"><div class=\"reference-grid__details--info\">Lindau, DE<\/div><h3 class=\"reference-grid__details--name\">Wohnheim Bodensee<\/h3><\/div><\/a><a href=\"#\" class=\"watchlist__add_remove_link watchlist-add-item link--icon-right link--icon-right--white link--icon-watchlist\" data-type=\"references\" data-id=\"25598\">Zur Merkliste hinzuf\u00fcgen<\/a><\/div><div class=\"reference-grid__item\"><a href=\"https:\/\/tonality.de\/de\/referenzen\/universitaet-augsburg\/\" class=\"gradient-overlay\" ><img decoding=\"async\" width=\"1280\" height=\"704\" src=\"https:\/\/tonality.de\/wp-content\/uploads\/2024\/07\/tonality-referenz-universitaet-augsburg-frontansicht-keramische-squares-1280x704.webp\" class=\"aspect_3_2 wp-post-image\" alt=\"Frontansicht des Medizin-Campus der Universit\u00e4t Augsburg mit keramischen Tonality Fassadenplatten im Squares-Design, die moderne Architektur und nachhaltige Bauweise hervorheben.\" srcset=\"https:\/\/tonality.de\/wp-content\/uploads\/2024\/07\/tonality-referenz-universitaet-augsburg-frontansicht-keramische-squares-1280x704.webp 1280w, https:\/\/tonality.de\/wp-content\/uploads\/2024\/07\/tonality-referenz-universitaet-augsburg-frontansicht-keramische-squares-980x539.webp 980w, https:\/\/tonality.de\/wp-content\/uploads\/2024\/07\/tonality-referenz-universitaet-augsburg-frontansicht-keramische-squares-480x264.webp 480w, https:\/\/tonality.de\/wp-content\/uploads\/2024\/07\/tonality-referenz-universitaet-augsburg-frontansicht-keramische-squares-980x539@2x.webp 1960w, https:\/\/tonality.de\/wp-content\/uploads\/2024\/07\/tonality-referenz-universitaet-augsburg-frontansicht-keramische-squares-480x264@2x.webp 960w\" sizes=\"(min-width: 0px) and (max-width: 480px) 480px, (min-width: 481px) and (max-width: 980px) 980px, (min-width: 981px) and (max-width: 1280px) 1280px, 100vw\" \/><div class=\"reference-grid__details\"><div class=\"reference-grid__details--info\">Augsburg, DE<\/div><h3 class=\"reference-grid__details--name\">Medizin-Campus der Universit\u00e4t Augsburg<\/h3><\/div><\/a><a href=\"#\" class=\"watchlist__add_remove_link watchlist-add-item link--icon-right link--icon-right--white link--icon-watchlist\" data-type=\"references\" data-id=\"30694\">Zur Merkliste hinzuf\u00fcgen<\/a><\/div><div class=\"reference-grid__item\"><a href=\"https:\/\/tonality.de\/de\/referenzen\/peek-und-cloppenburg-luebeck\/\" class=\"gradient-overlay\" ><img decoding=\"async\" width=\"908\" height=\"720\" src=\"https:\/\/tonality.de\/wp-content\/uploads\/2024\/10\/peek-und-cloppenburg-1280x1015.jpg\" class=\"aspect_3_2 wp-post-image\" alt=\"Peek und Cloppenburg Geb\u00e4ude in L\u00fcbeck\" srcset=\"https:\/\/tonality.de\/wp-content\/uploads\/2024\/10\/peek-und-cloppenburg-480x380.jpg 480w, https:\/\/tonality.de\/wp-content\/uploads\/2024\/10\/peek-und-cloppenburg-480x380@2x.jpg 960w\" sizes=\"(min-width: 0px) and (max-width: 480px) 480px, (min-width: 481px) 908px, 100vw\" \/><div class=\"reference-grid__details\"><div class=\"reference-grid__details--info\">L\u00fcbeck, DE<\/div><h3 class=\"reference-grid__details--name\">Peek und Cloppenburg<\/h3><\/div><\/a><a href=\"#\" class=\"watchlist__add_remove_link watchlist-add-item link--icon-right link--icon-right--white link--icon-watchlist\" data-type=\"references\" data-id=\"36826\">Zur Merkliste hinzuf\u00fcgen<\/a><\/div><div class=\"reference-grid__item\"><a href=\"https:\/\/tonality.de\/de\/referenzen\/verwaltungsgebaeude-der-stadtwerke-hof\/\" class=\"gradient-overlay\" ><img decoding=\"async\" width=\"960\" height=\"720\" src=\"https:\/\/tonality.de\/wp-content\/uploads\/2024\/11\/1.jpg\" class=\"aspect_3_2 wp-post-image\" alt=\"\" srcset=\"https:\/\/tonality.de\/wp-content\/uploads\/2024\/11\/1-480x360.jpg 480w, https:\/\/tonality.de\/wp-content\/uploads\/2024\/11\/1-480x360@2x.jpg 960w\" sizes=\"(min-width: 0px) and (max-width: 480px) 480px, (min-width: 481px) 960px, 100vw\" \/><div class=\"reference-grid__details\"><div class=\"reference-grid__details--info\">Hof, DE<\/div><h3 class=\"reference-grid__details--name\">Stadtwerke Hof<\/h3><\/div><\/a><a href=\"#\" class=\"watchlist__add_remove_link watchlist-add-item link--icon-right link--icon-right--white link--icon-watchlist\" data-type=\"references\" data-id=\"36983\">Zur Merkliste hinzuf\u00fcgen<\/a><\/div><div class=\"reference-grid__item\"><a href=\"https:\/\/tonality.de\/de\/referenzen\/rathaus-ofterdingen\/\" class=\"gradient-overlay\" ><img decoding=\"async\" width=\"1102\" height=\"720\" src=\"https:\/\/tonality.de\/wp-content\/uploads\/2025\/02\/leipfingerbader-ofterdingen-okt24-bueromagma-10-min-1280x836.jpg\" class=\"aspect_3_2 wp-post-image\" alt=\"\" srcset=\"https:\/\/tonality.de\/wp-content\/uploads\/2025\/02\/leipfingerbader-ofterdingen-okt24-bueromagma-10-min-980x640.jpg 980w, https:\/\/tonality.de\/wp-content\/uploads\/2025\/02\/leipfingerbader-ofterdingen-okt24-bueromagma-10-min-480x313.jpg 480w, https:\/\/tonality.de\/wp-content\/uploads\/2025\/02\/leipfingerbader-ofterdingen-okt24-bueromagma-10-min-980x640@2x.jpg 1960w, https:\/\/tonality.de\/wp-content\/uploads\/2025\/02\/leipfingerbader-ofterdingen-okt24-bueromagma-10-min-480x313@2x.jpg 960w\" sizes=\"(min-width: 0px) and (max-width: 480px) 480px, (min-width: 481px) and (max-width: 980px) 980px, (min-width: 981px) 1102px, 100vw\" \/><div class=\"reference-grid__details\"><div class=\"reference-grid__details--info\">Ofterdingen, DE<\/div><h3 class=\"reference-grid__details--name\">Rathaus Ofterdingen<\/h3><\/div><\/a><a href=\"#\" class=\"watchlist__add_remove_link watchlist-add-item link--icon-right link--icon-right--white link--icon-watchlist\" data-type=\"references\" data-id=\"37538\">Zur Merkliste hinzuf\u00fcgen<\/a><\/div><div class=\"reference-grid__item\"><a href=\"https:\/\/tonality.de\/de\/referenzen\/binakaj-businesspark-landshut\/\" class=\"gradient-overlay\" ><img decoding=\"async\" width=\"1040\" height=\"720\" src=\"https:\/\/tonality.de\/wp-content\/uploads\/2025\/01\/pressebild-tonality-eckansicht-businesspark-in-landshut-mit-keramikfassade-1280x886.jpg\" class=\"aspect_3_2 wp-post-image\" alt=\"Eckansicht Businesspark in Landshut mit Keramikfassade.\" srcset=\"https:\/\/tonality.de\/wp-content\/uploads\/2025\/01\/pressebild-tonality-eckansicht-businesspark-in-landshut-mit-keramikfassade-980x678.jpg 980w, https:\/\/tonality.de\/wp-content\/uploads\/2025\/01\/pressebild-tonality-eckansicht-businesspark-in-landshut-mit-keramikfassade-480x332.jpg 480w, https:\/\/tonality.de\/wp-content\/uploads\/2025\/01\/pressebild-tonality-eckansicht-businesspark-in-landshut-mit-keramikfassade-480x332@2x.jpg 960w\" sizes=\"(min-width: 0px) and (max-width: 480px) 480px, (min-width: 481px) and (max-width: 980px) 980px, (min-width: 981px) 1040px, 100vw\" \/><div class=\"reference-grid__details\"><div class=\"reference-grid__details--info\">Landshut, DE<\/div><h3 class=\"reference-grid__details--name\">Binakaj Businesspark Landshut<\/h3><\/div><\/a><a href=\"#\" class=\"watchlist__add_remove_link watchlist-add-item link--icon-right link--icon-right--white link--icon-watchlist\" data-type=\"references\" data-id=\"37807\">Zur Merkliste hinzuf\u00fcgen<\/a><\/div><div class=\"reference-grid__item\"><a href=\"https:\/\/tonality.de\/de\/referenzen\/neckar-odenwald-klinik-buchen\/\" class=\"gradient-overlay\" ><img decoding=\"async\" width=\"1055\" height=\"720\" src=\"https:\/\/tonality.de\/wp-content\/uploads\/2025\/05\/70-to-cl-kkh-g-1.jpg\" class=\"aspect_3_2 wp-post-image\" alt=\"\" srcset=\"https:\/\/tonality.de\/wp-content\/uploads\/2025\/05\/70-to-cl-kkh-g-1.jpg 1055w, https:\/\/tonality.de\/wp-content\/uploads\/2025\/05\/70-to-cl-kkh-g-1-980x669.jpg 980w, https:\/\/tonality.de\/wp-content\/uploads\/2025\/05\/70-to-cl-kkh-g-1-480x328.jpg 480w, https:\/\/tonality.de\/wp-content\/uploads\/2025\/05\/70-to-cl-kkh-g-1-480x328@2x.jpg 960w\" sizes=\"(min-width: 0px) and (max-width: 480px) 480px, (min-width: 481px) and (max-width: 980px) 980px, (min-width: 981px) 1055px, 100vw\" \/><div class=\"reference-grid__details\"><div class=\"reference-grid__details--info\">Buchen, DE<\/div><h3 class=\"reference-grid__details--name\">Neckar Odenwald Klinik Buchen<\/h3><\/div><\/a><a href=\"#\" class=\"watchlist__add_remove_link watchlist-add-item link--icon-right link--icon-right--white link--icon-watchlist\" data-type=\"references\" data-id=\"37824\">Zur Merkliste hinzuf\u00fcgen<\/a><\/div><div class=\"reference-grid__item\"><a href=\"https:\/\/tonality.de\/de\/referenzen\/sporthalle-albert-schweitzer-schule-dresden\/\" class=\"gradient-overlay\" ><img decoding=\"async\" width=\"1091\" height=\"720\" src=\"https:\/\/tonality.de\/wp-content\/uploads\/2025\/07\/sporthalle-dresden-header-2-min-1280x845.png\" class=\"aspect_3_2 wp-post-image\" alt=\"\" srcset=\"https:\/\/tonality.de\/wp-content\/uploads\/2025\/07\/sporthalle-dresden-header-2-min-980x647.png 980w, https:\/\/tonality.de\/wp-content\/uploads\/2025\/07\/sporthalle-dresden-header-2-min-480x317.png 480w, https:\/\/tonality.de\/wp-content\/uploads\/2025\/07\/sporthalle-dresden-header-2-min-980x647@2x.png 1960w, https:\/\/tonality.de\/wp-content\/uploads\/2025\/07\/sporthalle-dresden-header-2-min-480x317@2x.png 960w\" sizes=\"(min-width: 0px) and (max-width: 480px) 480px, (min-width: 481px) and (max-width: 980px) 980px, (min-width: 981px) 1091px, 100vw\" \/><div class=\"reference-grid__details\"><div class=\"reference-grid__details--info\">Dresden, DE<\/div><h3 class=\"reference-grid__details--name\">Sporthalle Albert-Schweitzer-Schule<\/h3><\/div><\/a><a href=\"#\" class=\"watchlist__add_remove_link watchlist-add-item link--icon-right link--icon-right--white link--icon-watchlist\" data-type=\"references\" data-id=\"38235\">Zur Merkliste hinzuf\u00fcgen<\/a><\/div><div class=\"reference-grid__item\"><a href=\"https:\/\/tonality.de\/de\/referenzen\/geschaeftshaus-straubing\/\" class=\"gradient-overlay\" ><img decoding=\"async\" width=\"1091\" height=\"720\" src=\"https:\/\/tonality.de\/wp-content\/uploads\/2025\/07\/geschaftshaus-straubing-2-1-1280x845.png\" class=\"aspect_3_2 wp-post-image\" alt=\"\" srcset=\"https:\/\/tonality.de\/wp-content\/uploads\/2025\/07\/geschaftshaus-straubing-2-1-980x647.png 980w, https:\/\/tonality.de\/wp-content\/uploads\/2025\/07\/geschaftshaus-straubing-2-1-480x317.png 480w, https:\/\/tonality.de\/wp-content\/uploads\/2025\/07\/geschaftshaus-straubing-2-1-980x647@2x.png 1960w, https:\/\/tonality.de\/wp-content\/uploads\/2025\/07\/geschaftshaus-straubing-2-1-480x317@2x.png 960w\" sizes=\"(min-width: 0px) and (max-width: 480px) 480px, (min-width: 481px) and (max-width: 980px) 980px, (min-width: 981px) 1091px, 100vw\" \/><div class=\"reference-grid__details\"><div class=\"reference-grid__details--info\">Straubing, DE<\/div><h3 class=\"reference-grid__details--name\">Gesch\u00e4ftshaus Straubing<\/h3><\/div><\/a><a href=\"#\" class=\"watchlist__add_remove_link watchlist-add-item link--icon-right link--icon-right--white link--icon-watchlist\" data-type=\"references\" data-id=\"38503\">Zur Merkliste hinzuf\u00fcgen<\/a><\/div><div class=\"reference-grid__item\"><a href=\"https:\/\/tonality.de\/de\/referenzen\/wohnanlage-in-pforzheim-rembrandtstrasse\/\" class=\"gradient-overlay\" ><img decoding=\"async\" width=\"1091\" height=\"720\" src=\"https:\/\/tonality.de\/wp-content\/uploads\/2025\/09\/pforzheim-2-1-1280x845.png\" class=\"aspect_3_2 wp-post-image\" alt=\"\" srcset=\"https:\/\/tonality.de\/wp-content\/uploads\/2025\/09\/pforzheim-2-1-980x647.png 980w, https:\/\/tonality.de\/wp-content\/uploads\/2025\/09\/pforzheim-2-1-480x317.png 480w, https:\/\/tonality.de\/wp-content\/uploads\/2025\/09\/pforzheim-2-1-980x647@2x.png 1960w, https:\/\/tonality.de\/wp-content\/uploads\/2025\/09\/pforzheim-2-1-480x317@2x.png 960w\" sizes=\"(min-width: 0px) and (max-width: 480px) 480px, (min-width: 481px) and (max-width: 980px) 980px, (min-width: 981px) 1091px, 100vw\" \/><div class=\"reference-grid__details\"><div class=\"reference-grid__details--info\">Pforzheim, DE<\/div><h3 class=\"reference-grid__details--name\">Wohnanlage in Pforzheim<\/h3><\/div><\/a><a href=\"#\" class=\"watchlist__add_remove_link watchlist-add-item link--icon-right link--icon-right--white link--icon-watchlist\" data-type=\"references\" data-id=\"39107\">Zur Merkliste hinzuf\u00fcgen<\/a><\/div><div class=\"reference-grid__item\"><a href=\"https:\/\/tonality.de\/de\/referenzen\/the-saxxon-in-frankfurt\/\" class=\"gradient-overlay\" ><img decoding=\"async\" width=\"1091\" height=\"720\" src=\"https:\/\/tonality.de\/wp-content\/uploads\/2025\/11\/castello-1-1-1-1280x845.png\" class=\"aspect_3_2 wp-post-image\" alt=\"The Saxxon\" srcset=\"https:\/\/tonality.de\/wp-content\/uploads\/2025\/11\/castello-1-1-1-980x647.png 980w, https:\/\/tonality.de\/wp-content\/uploads\/2025\/11\/castello-1-1-1-480x317.png 480w, https:\/\/tonality.de\/wp-content\/uploads\/2025\/11\/castello-1-1-1-980x647@2x.png 1960w, https:\/\/tonality.de\/wp-content\/uploads\/2025\/11\/castello-1-1-1-480x317@2x.png 960w\" sizes=\"(min-width: 0px) and (max-width: 480px) 480px, (min-width: 481px) and (max-width: 980px) 980px, (min-width: 981px) 1091px, 100vw\" \/><div class=\"reference-grid__details\"><div class=\"reference-grid__details--info\">Frankfurt, DE<\/div><h3 class=\"reference-grid__details--name\">The Saxxon<\/h3><\/div><\/a><a href=\"#\" class=\"watchlist__add_remove_link watchlist-add-item link--icon-right link--icon-right--white link--icon-watchlist\" data-type=\"references\" data-id=\"40214\">Zur Merkliste hinzuf\u00fcgen<\/a><\/div><div class=\"reference-grid__item\"><a href=\"https:\/\/tonality.de\/de\/referenzen\/deprag-logistikzentrum-in-amberg\/\" class=\"gradient-overlay\" ><img decoding=\"async\" width=\"1091\" height=\"720\" src=\"https:\/\/tonality.de\/wp-content\/uploads\/2026\/04\/header-deprag-0-1280x845.jpg\" class=\"aspect_3_2 wp-post-image\" alt=\"\" srcset=\"https:\/\/tonality.de\/wp-content\/uploads\/2026\/04\/header-deprag-0-980x647.jpg 980w, https:\/\/tonality.de\/wp-content\/uploads\/2026\/04\/header-deprag-0-480x317.jpg 480w, https:\/\/tonality.de\/wp-content\/uploads\/2026\/04\/header-deprag-0-980x647@2x.jpg 1960w, https:\/\/tonality.de\/wp-content\/uploads\/2026\/04\/header-deprag-0-480x317@2x.jpg 960w\" sizes=\"(min-width: 0px) and (max-width: 480px) 480px, (min-width: 481px) and (max-width: 980px) 980px, (min-width: 981px) 1091px, 100vw\" \/><div class=\"reference-grid__details\"><div class=\"reference-grid__details--info\">Amberg, DE<\/div><h3 class=\"reference-grid__details--name\">DEPRAG Logistikzentrum<\/h3><\/div><\/a><a href=\"#\" class=\"watchlist__add_remove_link watchlist-add-item link--icon-right link--icon-right--white link--icon-watchlist\" data-type=\"references\" data-id=\"44964\">Zur Merkliste hinzuf\u00fcgen<\/a><\/div><div class=\"reference-grid__item\"><a href=\"https:\/\/tonality.de\/de\/referenzen\/the-wave\/\" class=\"gradient-overlay\" ><img decoding=\"async\" width=\"1079\" height=\"720\" src=\"https:\/\/tonality.de\/wp-content\/uploads\/2020\/12\/The_Wave_DSC9101_Jacob_Due-1280x854.jpg\" class=\"aspect_3_2 wp-post-image\" alt=\"\" srcset=\"https:\/\/tonality.de\/wp-content\/uploads\/2020\/12\/The_Wave_DSC9101_Jacob_Due-980x654.jpg 980w, https:\/\/tonality.de\/wp-content\/uploads\/2020\/12\/The_Wave_DSC9101_Jacob_Due-480x320.jpg 480w, https:\/\/tonality.de\/wp-content\/uploads\/2020\/12\/The_Wave_DSC9101_Jacob_Due-980x654@2x.jpg 1960w, https:\/\/tonality.de\/wp-content\/uploads\/2020\/12\/The_Wave_DSC9101_Jacob_Due-480x320@2x.jpg 960w\" sizes=\"(min-width: 0px) and (max-width: 480px) 480px, (min-width: 481px) and (max-width: 980px) 980px, (min-width: 981px) 1079px, 100vw\" \/><div class=\"reference-grid__details\"><div class=\"reference-grid__details--info\">Vejle, DK<\/div><h3 class=\"reference-grid__details--name\">The Wave<\/h3><\/div><\/a><a href=\"#\" class=\"watchlist__add_remove_link watchlist-add-item link--icon-right link--icon-right--white link--icon-watchlist\" data-type=\"references\" data-id=\"1768\">Zur Merkliste hinzuf\u00fcgen<\/a><\/div><div class=\"reference-grid__item\"><a href=\"https:\/\/tonality.de\/de\/referenzen\/forfatterhuset-kindergarten\/\" class=\"gradient-overlay\" ><img decoding=\"async\" width=\"1080\" height=\"720\" src=\"https:\/\/tonality.de\/wp-content\/uploads\/2020\/12\/tonality-referenz-forfatterhuset-kindergarten-startbild-1280x853.jpg\" class=\"aspect_3_2 wp-post-image\" alt=\"Tonality Referenz forfatterhuset Kindergarten Startbild.\" srcset=\"https:\/\/tonality.de\/wp-content\/uploads\/2020\/12\/tonality-referenz-forfatterhuset-kindergarten-startbild-980x653.jpg 980w, https:\/\/tonality.de\/wp-content\/uploads\/2020\/12\/tonality-referenz-forfatterhuset-kindergarten-startbild-480x320.jpg 480w, https:\/\/tonality.de\/wp-content\/uploads\/2020\/12\/tonality-referenz-forfatterhuset-kindergarten-startbild-980x653@2x.jpg 1960w, https:\/\/tonality.de\/wp-content\/uploads\/2020\/12\/tonality-referenz-forfatterhuset-kindergarten-startbild-480x320@2x.jpg 960w\" sizes=\"(min-width: 0px) and (max-width: 480px) 480px, (min-width: 481px) and (max-width: 980px) 980px, (min-width: 981px) 1080px, 100vw\" \/><div class=\"reference-grid__details\"><div class=\"reference-grid__details--info\">Kopenhagen, DK<\/div><h3 class=\"reference-grid__details--name\">Forfatterhuset Kindergarten<\/h3><\/div><\/a><a href=\"#\" class=\"watchlist__add_remove_link watchlist-add-item link--icon-right link--icon-right--white link--icon-watchlist\" data-type=\"references\" data-id=\"1778\">Zur Merkliste hinzuf\u00fcgen<\/a><\/div><div class=\"reference-grid__item\"><a href=\"https:\/\/tonality.de\/de\/referenzen\/dahl-anwaltskanzlei\/\" class=\"gradient-overlay\" ><img decoding=\"async\" width=\"854\" height=\"720\" src=\"https:\/\/tonality.de\/wp-content\/uploads\/2021\/11\/tonality-referenz-dahl-anwaltskanzlei-viborg-1280x1079.jpg\" class=\"aspect_3_2 wp-post-image\" alt=\"Geb\u00e4ude der Anwaltskanzlei Dahl in Viborg mit modernen schwarzen Keramikpaneelen, gro\u00dfen Fenstern und einem Uhrenschild an der Fassade, umgeben von einer gepflegten Gr\u00fcnfl\u00e4che\" srcset=\"https:\/\/tonality.de\/wp-content\/uploads\/2021\/11\/tonality-referenz-dahl-anwaltskanzlei-viborg-480x405.jpg 480w, https:\/\/tonality.de\/wp-content\/uploads\/2021\/11\/tonality-referenz-dahl-anwaltskanzlei-viborg-480x405@2x.jpg 960w\" sizes=\"(min-width: 0px) and (max-width: 480px) 480px, (min-width: 481px) 854px, 100vw\" \/><div class=\"reference-grid__details\"><div class=\"reference-grid__details--info\">Viborg, DK<\/div><h3 class=\"reference-grid__details--name\">Dahl Anwaltskanzlei<\/h3><\/div><\/a><a href=\"#\" class=\"watchlist__add_remove_link watchlist-add-item link--icon-right link--icon-right--white link--icon-watchlist\" data-type=\"references\" data-id=\"5861\">Zur Merkliste hinzuf\u00fcgen<\/a><\/div><div class=\"reference-grid__item\"><a href=\"https:\/\/tonality.de\/de\/referenzen\/velliv-office\/\" class=\"gradient-overlay\" ><img decoding=\"async\" width=\"1079\" height=\"720\" src=\"https:\/\/tonality.de\/wp-content\/uploads\/2022\/11\/tonality-reference-velliv-ballerup-office-denmark-backyard-terracotta-facade-1280x854.jpg\" class=\"aspect_3_2 wp-post-image\" alt=\"Terracotta facade of Velliv Ballerup office building in Denmark seen from backyard - a tonality reference\" srcset=\"https:\/\/tonality.de\/wp-content\/uploads\/2022\/11\/tonality-reference-velliv-ballerup-office-denmark-backyard-terracotta-facade-980x654.jpg 980w, https:\/\/tonality.de\/wp-content\/uploads\/2022\/11\/tonality-reference-velliv-ballerup-office-denmark-backyard-terracotta-facade-480x320.jpg 480w, https:\/\/tonality.de\/wp-content\/uploads\/2022\/11\/tonality-reference-velliv-ballerup-office-denmark-backyard-terracotta-facade-980x654@2x.jpg 1960w, https:\/\/tonality.de\/wp-content\/uploads\/2022\/11\/tonality-reference-velliv-ballerup-office-denmark-backyard-terracotta-facade-480x320@2x.jpg 960w\" sizes=\"(min-width: 0px) and (max-width: 480px) 480px, (min-width: 481px) and (max-width: 980px) 980px, (min-width: 981px) 1079px, 100vw\" \/><div class=\"reference-grid__details\"><div class=\"reference-grid__details--info\">Ballerup, DK<\/div><h3 class=\"reference-grid__details--name\">Velliv B\u00fcrogeb\u00e4ude<\/h3><\/div><\/a><a href=\"#\" class=\"watchlist__add_remove_link watchlist-add-item link--icon-right link--icon-right--white link--icon-watchlist\" data-type=\"references\" data-id=\"8533\">Zur Merkliste hinzuf\u00fcgen<\/a><\/div><div class=\"reference-grid__item\"><a href=\"https:\/\/tonality.de\/de\/referenzen\/marmormolen\/\" class=\"gradient-overlay\" ><img decoding=\"async\" width=\"1197\" height=\"720\" src=\"https:\/\/tonality.de\/wp-content\/uploads\/2024\/01\/marmormolen-tonality-ceramic-facade-flattened-cover-dark-1280x770.webp\" class=\"aspect_3_2 wp-post-image\" alt=\"Marmormolen B\u00fcrogeb\u00e4ude mit Tonality Keramikfassade und B\u00fcrobr\u00fccke, die die moderne Architektur und die stilvolle Gestaltung der Fassadenplatten betont.\" srcset=\"https:\/\/tonality.de\/wp-content\/uploads\/2024\/01\/marmormolen-tonality-ceramic-facade-flattened-cover-dark-980x589.webp 980w, https:\/\/tonality.de\/wp-content\/uploads\/2024\/01\/marmormolen-tonality-ceramic-facade-flattened-cover-dark-480x289.webp 480w, https:\/\/tonality.de\/wp-content\/uploads\/2024\/01\/marmormolen-tonality-ceramic-facade-flattened-cover-dark-980x589@2x.webp 1960w, https:\/\/tonality.de\/wp-content\/uploads\/2024\/01\/marmormolen-tonality-ceramic-facade-flattened-cover-dark-480x289@2x.webp 960w\" sizes=\"(min-width: 0px) and (max-width: 480px) 480px, (min-width: 481px) and (max-width: 980px) 980px, (min-width: 981px) 1197px, 100vw\" \/><div class=\"reference-grid__details\"><div class=\"reference-grid__details--info\">Kopenhagen, DK<\/div><h3 class=\"reference-grid__details--name\">Marmormolen<\/h3><\/div><\/a><a href=\"#\" class=\"watchlist__add_remove_link watchlist-add-item link--icon-right link--icon-right--white link--icon-watchlist\" data-type=\"references\" data-id=\"27564\">Zur Merkliste hinzuf\u00fcgen<\/a><\/div><div class=\"reference-grid__item\"><a href=\"https:\/\/tonality.de\/de\/referenzen\/leitza-navarra\/\" class=\"gradient-overlay\" ><img decoding=\"async\" width=\"873\" height=\"720\" src=\"https:\/\/tonality.de\/wp-content\/uploads\/2021\/05\/tonality-referenz-leitza-diagonalsicht-1280x1056.jpg\" class=\"aspect_3_2 wp-post-image\" alt=\"Tonality Referenz Leitza Diagonalsicht.\" srcset=\"https:\/\/tonality.de\/wp-content\/uploads\/2021\/05\/tonality-referenz-leitza-diagonalsicht-480x396.jpg 480w, https:\/\/tonality.de\/wp-content\/uploads\/2021\/05\/tonality-referenz-leitza-diagonalsicht-480x396@2x.jpg 960w\" sizes=\"(min-width: 0px) and (max-width: 480px) 480px, (min-width: 481px) 873px, 100vw\" \/><div class=\"reference-grid__details\"><div class=\"reference-grid__details--info\">Leitza, Navarra, ES<\/div><h3 class=\"reference-grid__details--name\">Leitza<\/h3><\/div><\/a><a href=\"#\" class=\"watchlist__add_remove_link watchlist-add-item link--icon-right link--icon-right--white link--icon-watchlist\" data-type=\"references\" data-id=\"4031\">Zur Merkliste hinzuf\u00fcgen<\/a><\/div><div class=\"reference-grid__item\"><a href=\"https:\/\/tonality.de\/de\/referenzen\/urdax\/\" class=\"gradient-overlay\" ><img decoding=\"async\" width=\"1080\" height=\"720\" src=\"https:\/\/tonality.de\/wp-content\/uploads\/2023\/11\/tonality-reference-spainjacar-monasterio-urdax-7-1-1280x853.webp\" class=\"aspect_3_2 wp-post-image\" alt=\"Detailansicht des Jacar Monasterio Urdax in Spanien mit Tonality Keramikfassade und Holzverkleidung, die die hochwertige Verarbeitung und das \u00e4sthetische Design zeigt.\" srcset=\"https:\/\/tonality.de\/wp-content\/uploads\/2023\/11\/tonality-reference-spainjacar-monasterio-urdax-7-1-980x653.webp 980w, https:\/\/tonality.de\/wp-content\/uploads\/2023\/11\/tonality-reference-spainjacar-monasterio-urdax-7-1-480x320.webp 480w, https:\/\/tonality.de\/wp-content\/uploads\/2023\/11\/tonality-reference-spainjacar-monasterio-urdax-7-1-480x320@2x.webp 960w\" sizes=\"(min-width: 0px) and (max-width: 480px) 480px, (min-width: 481px) and (max-width: 980px) 980px, (min-width: 981px) 1080px, 100vw\" \/><div class=\"reference-grid__details\"><div class=\"reference-grid__details--info\">Pamplona, ES<\/div><h3 class=\"reference-grid__details--name\">Urdax<\/h3><\/div><\/a><a href=\"#\" class=\"watchlist__add_remove_link watchlist-add-item link--icon-right link--icon-right--white link--icon-watchlist\" data-type=\"references\" data-id=\"27082\">Zur Merkliste hinzuf\u00fcgen<\/a><\/div><div class=\"reference-grid__item\"><a href=\"https:\/\/tonality.de\/de\/referenzen\/melkinlaituri-parkhaus-in-helsinki\/\" class=\"gradient-overlay\" ><img decoding=\"async\" width=\"1091\" height=\"720\" src=\"https:\/\/tonality.de\/wp-content\/uploads\/2026\/01\/melkinlaituri-parkhaus-11-1280x845.jpg\" class=\"aspect_3_2 wp-post-image\" alt=\"\" srcset=\"https:\/\/tonality.de\/wp-content\/uploads\/2026\/01\/melkinlaituri-parkhaus-11-980x647.jpg 980w, https:\/\/tonality.de\/wp-content\/uploads\/2026\/01\/melkinlaituri-parkhaus-11-480x317.jpg 480w, https:\/\/tonality.de\/wp-content\/uploads\/2026\/01\/melkinlaituri-parkhaus-11-980x647@2x.jpg 1960w, https:\/\/tonality.de\/wp-content\/uploads\/2026\/01\/melkinlaituri-parkhaus-11-480x317@2x.jpg 960w\" sizes=\"(min-width: 0px) and (max-width: 480px) 480px, (min-width: 481px) and (max-width: 980px) 980px, (min-width: 981px) 1091px, 100vw\" \/><div class=\"reference-grid__details\"><div class=\"reference-grid__details--info\">Helsinki, FIN<\/div><h3 class=\"reference-grid__details--name\">Melkinlaituri Parkhaus<\/h3><\/div><\/a><a href=\"#\" class=\"watchlist__add_remove_link watchlist-add-item link--icon-right link--icon-right--white link--icon-watchlist\" data-type=\"references\" data-id=\"41047\">Zur Merkliste hinzuf\u00fcgen<\/a><\/div><div class=\"reference-grid__item\"><a href=\"https:\/\/tonality.de\/de\/referenzen\/vmd-apartments\/\" class=\"gradient-overlay\" ><img decoding=\"async\" width=\"1110\" height=\"720\" src=\"https:\/\/tonality.de\/wp-content\/uploads\/2022\/11\/terracotta-facade-ceramic-reference-montano-residential-building-main-picture-1280x830.jpg\" class=\"aspect_3_2 wp-post-image\" alt=\"Terracotta ceramic facade as a reference to Montano residential building - main picture - Sustainable and elegant building design using high-quality ceramic materials\" srcset=\"https:\/\/tonality.de\/wp-content\/uploads\/2022\/11\/terracotta-facade-ceramic-reference-montano-residential-building-main-picture-980x636.jpg 980w, https:\/\/tonality.de\/wp-content\/uploads\/2022\/11\/terracotta-facade-ceramic-reference-montano-residential-building-main-picture-480x311.jpg 480w, https:\/\/tonality.de\/wp-content\/uploads\/2022\/11\/terracotta-facade-ceramic-reference-montano-residential-building-main-picture-980x636@2x.jpg 1960w, https:\/\/tonality.de\/wp-content\/uploads\/2022\/11\/terracotta-facade-ceramic-reference-montano-residential-building-main-picture-480x311@2x.jpg 960w\" sizes=\"(min-width: 0px) and (max-width: 480px) 480px, (min-width: 481px) and (max-width: 980px) 980px, (min-width: 981px) 1110px, 100vw\" \/><div class=\"reference-grid__details\"><div class=\"reference-grid__details--info\">Zagreb, HR<\/div><h3 class=\"reference-grid__details--name\">VMD Apartments<\/h3><\/div><\/a><a href=\"#\" class=\"watchlist__add_remove_link watchlist-add-item link--icon-right link--icon-right--white link--icon-watchlist\" data-type=\"references\" data-id=\"8687\">Zur Merkliste hinzuf\u00fcgen<\/a><\/div><div class=\"reference-grid__item\"><a href=\"https:\/\/tonality.de\/de\/referenzen\/cheonan-medical-center\/\" class=\"gradient-overlay\" ><img decoding=\"async\" width=\"1080\" height=\"720\" src=\"https:\/\/tonality.de\/wp-content\/uploads\/2021\/12\/tonality-reference-ceramic-facade-chunan-hospital-south-side-1280x853.jpg\" class=\"aspect_3_2 wp-post-image\" alt=\"Tonality Referenz: S\u00fcdansicht des Chunan Krankenhauses mit Keramikfassade\" srcset=\"https:\/\/tonality.de\/wp-content\/uploads\/2021\/12\/tonality-reference-ceramic-facade-chunan-hospital-south-side-980x653.jpg 980w, https:\/\/tonality.de\/wp-content\/uploads\/2021\/12\/tonality-reference-ceramic-facade-chunan-hospital-south-side-480x320.jpg 480w, https:\/\/tonality.de\/wp-content\/uploads\/2021\/12\/tonality-reference-ceramic-facade-chunan-hospital-south-side-980x653@2x.jpg 1960w, https:\/\/tonality.de\/wp-content\/uploads\/2021\/12\/tonality-reference-ceramic-facade-chunan-hospital-south-side-480x320@2x.jpg 960w\" sizes=\"(min-width: 0px) and (max-width: 480px) 480px, (min-width: 481px) and (max-width: 980px) 980px, (min-width: 981px) 1080px, 100vw\" \/><div class=\"reference-grid__details\"><div class=\"reference-grid__details--info\">Chungnam, KR<\/div><h3 class=\"reference-grid__details--name\">Cheonan Medical Center<\/h3><\/div><\/a><a href=\"#\" class=\"watchlist__add_remove_link watchlist-add-item link--icon-right link--icon-right--white link--icon-watchlist\" data-type=\"references\" data-id=\"6162\">Zur Merkliste hinzuf\u00fcgen<\/a><\/div><div class=\"reference-grid__item\"><a href=\"https:\/\/tonality.de\/de\/referenzen\/bahnhofsbereich\/\" class=\"gradient-overlay\" ><img decoding=\"async\" width=\"1268\" height=\"720\" src=\"https:\/\/tonality.de\/wp-content\/uploads\/2021\/07\/tonality-referenz-esc-dronten-station-maarssen-1-1280x727.jpg\" class=\"aspect_3_2 wp-post-image\" alt=\"\" srcset=\"https:\/\/tonality.de\/wp-content\/uploads\/2021\/07\/tonality-referenz-esc-dronten-station-maarssen-1-980x557.jpg 980w, https:\/\/tonality.de\/wp-content\/uploads\/2021\/07\/tonality-referenz-esc-dronten-station-maarssen-1-480x273.jpg 480w, https:\/\/tonality.de\/wp-content\/uploads\/2021\/07\/tonality-referenz-esc-dronten-station-maarssen-1-980x557@2x.jpg 1960w, https:\/\/tonality.de\/wp-content\/uploads\/2021\/07\/tonality-referenz-esc-dronten-station-maarssen-1-480x273@2x.jpg 960w\" sizes=\"(min-width: 0px) and (max-width: 480px) 480px, (min-width: 481px) and (max-width: 980px) 980px, (min-width: 981px) 1268px, 100vw\" \/><div class=\"reference-grid__details\"><div class=\"reference-grid__details--info\">Maarssen, NL<\/div><h3 class=\"reference-grid__details--name\">Bahnhofsbereich Maarssen<\/h3><\/div><\/a><a href=\"#\" class=\"watchlist__add_remove_link watchlist-add-item link--icon-right link--icon-right--white link--icon-watchlist\" data-type=\"references\" data-id=\"4927\">Zur Merkliste hinzuf\u00fcgen<\/a><\/div><div class=\"reference-grid__item\"><a href=\"https:\/\/tonality.de\/de\/referenzen\/hapam-bunschoten\/\" class=\"gradient-overlay\" ><img decoding=\"async\" width=\"1080\" height=\"720\" src=\"https:\/\/tonality.de\/wp-content\/uploads\/2021\/11\/tonality-referenz-hapam-bunschoten-spakenburg-frontansicht-1280x853.jpg\" class=\"aspect_3_2 wp-post-image\" alt=\"Frontansicht des Hapam-Geb\u00e4udes in Bunschoten-Spakenburg mit modernen dunklen Keramikpaneelen, gro\u00dfen Fenstern und einem \u00fcberdachten Eingangsbereich, umgeben von einer gepflegten Gr\u00fcnfl\u00e4che und Parkpl\u00e4tzen\" srcset=\"https:\/\/tonality.de\/wp-content\/uploads\/2021\/11\/tonality-referenz-hapam-bunschoten-spakenburg-frontansicht-980x653.jpg 980w, https:\/\/tonality.de\/wp-content\/uploads\/2021\/11\/tonality-referenz-hapam-bunschoten-spakenburg-frontansicht-480x320.jpg 480w, https:\/\/tonality.de\/wp-content\/uploads\/2021\/11\/tonality-referenz-hapam-bunschoten-spakenburg-frontansicht-980x653@2x.jpg 1960w, https:\/\/tonality.de\/wp-content\/uploads\/2021\/11\/tonality-referenz-hapam-bunschoten-spakenburg-frontansicht-480x320@2x.jpg 960w\" sizes=\"(min-width: 0px) and (max-width: 480px) 480px, (min-width: 481px) and (max-width: 980px) 980px, (min-width: 981px) 1080px, 100vw\" \/><div class=\"reference-grid__details\"><div class=\"reference-grid__details--info\">Spakenburg, NL<\/div><h3 class=\"reference-grid__details--name\">Hapam Bunschoten<\/h3><\/div><\/a><a href=\"#\" class=\"watchlist__add_remove_link watchlist-add-item link--icon-right link--icon-right--white link--icon-watchlist\" data-type=\"references\" data-id=\"5708\">Zur Merkliste hinzuf\u00fcgen<\/a><\/div><div class=\"reference-grid__item\"><a href=\"https:\/\/tonality.de\/de\/referenzen\/akademia-leona-kozminskiego-warschau\/\" class=\"gradient-overlay\" ><img decoding=\"async\" width=\"1091\" height=\"720\" src=\"https:\/\/tonality.de\/wp-content\/uploads\/2025\/11\/leona-universitat-2-1-1280x845.png\" class=\"aspect_3_2 wp-post-image\" alt=\"\" srcset=\"https:\/\/tonality.de\/wp-content\/uploads\/2025\/11\/leona-universitat-2-1-980x647.png 980w, https:\/\/tonality.de\/wp-content\/uploads\/2025\/11\/leona-universitat-2-1-480x317.png 480w, https:\/\/tonality.de\/wp-content\/uploads\/2025\/11\/leona-universitat-2-1-980x647@2x.png 1960w, https:\/\/tonality.de\/wp-content\/uploads\/2025\/11\/leona-universitat-2-1-480x317@2x.png 960w\" sizes=\"(min-width: 0px) and (max-width: 480px) 480px, (min-width: 481px) and (max-width: 980px) 980px, (min-width: 981px) 1091px, 100vw\" \/><div class=\"reference-grid__details\"><div class=\"reference-grid__details--info\">Warschau, PL<\/div><h3 class=\"reference-grid__details--name\">Akademia Leona Ko\u017ami\u0144skiego<\/h3><\/div><\/a><a href=\"#\" class=\"watchlist__add_remove_link watchlist-add-item link--icon-right link--icon-right--white link--icon-watchlist\" data-type=\"references\" data-id=\"40091\">Zur Merkliste hinzuf\u00fcgen<\/a><\/div><div class=\"reference-grid__item\"><a href=\"https:\/\/tonality.de\/de\/referenzen\/wohnhaus-elipse\/\" class=\"gradient-overlay\" ><img decoding=\"async\" width=\"1079\" height=\"720\" src=\"https:\/\/tonality.de\/wp-content\/uploads\/2024\/05\/elipsa-foto-anaskobe-5-1280x854.jpg\" class=\"aspect_3_2 wp-post-image\" alt=\"\" srcset=\"https:\/\/tonality.de\/wp-content\/uploads\/2024\/05\/elipsa-foto-anaskobe-5-980x653.jpg 980w, https:\/\/tonality.de\/wp-content\/uploads\/2024\/05\/elipsa-foto-anaskobe-5-480x320.jpg 480w, https:\/\/tonality.de\/wp-content\/uploads\/2024\/05\/elipsa-foto-anaskobe-5-980x653@2x.jpg 1960w, https:\/\/tonality.de\/wp-content\/uploads\/2024\/05\/elipsa-foto-anaskobe-5-480x320@2x.jpg 960w\" sizes=\"(min-width: 0px) and (max-width: 480px) 480px, (min-width: 481px) and (max-width: 980px) 980px, (min-width: 981px) 1079px, 100vw\" \/><div class=\"reference-grid__details\"><div class=\"reference-grid__details--info\">Ljubljana, SL<\/div><h3 class=\"reference-grid__details--name\">Wohnhaus ELIPSE<\/h3><\/div><\/a><a href=\"#\" class=\"watchlist__add_remove_link watchlist-add-item link--icon-right link--icon-right--white link--icon-watchlist\" data-type=\"references\" data-id=\"28731\">Zur Merkliste hinzuf\u00fcgen<\/a><\/div><div class=\"reference-grid__item\"><a href=\"https:\/\/tonality.de\/de\/referenzen\/new-festival-quarter\/\" class=\"gradient-overlay\" ><img decoding=\"async\" width=\"1080\" height=\"720\" src=\"https:\/\/tonality.de\/wp-content\/uploads\/2021\/11\/tonality-referenz-new-festival-quarter-front-1280x853.jpg\" class=\"aspect_3_2 wp-post-image\" alt=\"Moderne Wohngeb\u00e4ude im New Festival Quarter mit einer Kombination aus hellen Keramikpaneelen und Backsteinfassaden, gro\u00dfen Fenstern und Balkonen, die eine abwechslungsreiche und strukturierte Optik bieten\" srcset=\"https:\/\/tonality.de\/wp-content\/uploads\/2021\/11\/tonality-referenz-new-festival-quarter-front-980x653.jpg 980w, https:\/\/tonality.de\/wp-content\/uploads\/2021\/11\/tonality-referenz-new-festival-quarter-front-480x320.jpg 480w, https:\/\/tonality.de\/wp-content\/uploads\/2021\/11\/tonality-referenz-new-festival-quarter-front-980x653@2x.jpg 1960w, https:\/\/tonality.de\/wp-content\/uploads\/2021\/11\/tonality-referenz-new-festival-quarter-front-480x320@2x.jpg 960w\" sizes=\"(min-width: 0px) and (max-width: 480px) 480px, (min-width: 481px) and (max-width: 980px) 980px, (min-width: 981px) 1080px, 100vw\" \/><div class=\"reference-grid__details\"><div class=\"reference-grid__details--info\">London, UK<\/div><h3 class=\"reference-grid__details--name\">New Festival Quarter<\/h3><\/div><\/a><a href=\"#\" class=\"watchlist__add_remove_link watchlist-add-item link--icon-right link--icon-right--white link--icon-watchlist\" data-type=\"references\" data-id=\"5747\">Zur Merkliste hinzuf\u00fcgen<\/a><\/div><div class=\"reference-grid__item\"><a href=\"https:\/\/tonality.de\/de\/referenzen\/quartermile\/\" class=\"gradient-overlay\" ><img decoding=\"async\" width=\"1079\" height=\"720\" src=\"https:\/\/tonality.de\/wp-content\/uploads\/2021\/11\/tonality-reference-quartermile-3-1280x854.jpg\" class=\"aspect_3_2 wp-post-image\" alt=\"Moderne Wohngeb\u00e4ude im Quartermile-Viertel mit grauen Keramikpaneelen und zahlreichen Fenstern, die eine abwechslungsreiche Fassade bilden, darunter ein Durchgang mit einem roten Pfeiler\" srcset=\"https:\/\/tonality.de\/wp-content\/uploads\/2021\/11\/tonality-reference-quartermile-3-980x653.jpg 980w, https:\/\/tonality.de\/wp-content\/uploads\/2021\/11\/tonality-reference-quartermile-3-480x320.jpg 480w, https:\/\/tonality.de\/wp-content\/uploads\/2021\/11\/tonality-reference-quartermile-3-980x653@2x.jpg 1960w, https:\/\/tonality.de\/wp-content\/uploads\/2021\/11\/tonality-reference-quartermile-3-480x320@2x.jpg 960w\" sizes=\"(min-width: 0px) and (max-width: 480px) 480px, (min-width: 481px) and (max-width: 980px) 980px, (min-width: 981px) 1079px, 100vw\" \/><div class=\"reference-grid__details\"><div class=\"reference-grid__details--info\">Edingburgh, UK<\/div><h3 class=\"reference-grid__details--name\">Quartermile<\/h3><\/div><\/a><a href=\"#\" class=\"watchlist__add_remove_link watchlist-add-item link--icon-right link--icon-right--white link--icon-watchlist\" data-type=\"references\" data-id=\"5805\">Zur Merkliste hinzuf\u00fcgen<\/a><\/div><div class=\"reference-grid__item\"><a href=\"https:\/\/tonality.de\/de\/referenzen\/11-e-lenox\/\" class=\"gradient-overlay\" ><img decoding=\"async\" width=\"1080\" height=\"720\" src=\"https:\/\/tonality.de\/wp-content\/uploads\/2023\/11\/tonality-referenz-elenox-boston-usa-entry-1280x853.webp\" class=\"aspect_3_2 wp-post-image\" alt=\"Tonality Referenzgeb\u00e4ude ELenox in Boston, USA, mit modernem Eingang und Keramikfassade, die die stilvolle und funktionale Gestaltung betont.\" srcset=\"https:\/\/tonality.de\/wp-content\/uploads\/2023\/11\/tonality-referenz-elenox-boston-usa-entry-980x653.webp 980w, https:\/\/tonality.de\/wp-content\/uploads\/2023\/11\/tonality-referenz-elenox-boston-usa-entry-480x320.webp 480w, https:\/\/tonality.de\/wp-content\/uploads\/2023\/11\/tonality-referenz-elenox-boston-usa-entry-980x653@2x.webp 1960w, https:\/\/tonality.de\/wp-content\/uploads\/2023\/11\/tonality-referenz-elenox-boston-usa-entry-480x320@2x.webp 960w\" sizes=\"(min-width: 0px) and (max-width: 480px) 480px, (min-width: 481px) and (max-width: 980px) 980px, (min-width: 981px) 1080px, 100vw\" \/><div class=\"reference-grid__details\"><div class=\"reference-grid__details--info\">Boston, US<\/div><h3 class=\"reference-grid__details--name\">11 E Lenox<\/h3><\/div><\/a><a href=\"#\" class=\"watchlist__add_remove_link watchlist-add-item link--icon-right link--icon-right--white link--icon-watchlist\" data-type=\"references\" data-id=\"27144\">Zur Merkliste hinzuf\u00fcgen<\/a><\/div><div class=\"reference-grid__item\"><a href=\"https:\/\/tonality.de\/de\/referenzen\/16-e-16th-street-hotel-the-twentytwo\/\" class=\"gradient-overlay\" ><img decoding=\"async\" width=\"960\" height=\"720\" src=\"https:\/\/tonality.de\/wp-content\/uploads\/2025\/01\/16-e-16-street-new-york-1-1280x960.jpg\" class=\"aspect_3_2 wp-post-image\" alt=\"\" srcset=\"https:\/\/tonality.de\/wp-content\/uploads\/2025\/01\/16-e-16-street-new-york-1-480x360.jpg 480w, https:\/\/tonality.de\/wp-content\/uploads\/2025\/01\/16-e-16-street-new-york-1-480x360@2x.jpg 960w\" sizes=\"(min-width: 0px) and (max-width: 480px) 480px, (min-width: 481px) 960px, 100vw\" \/><div class=\"reference-grid__details\"><div class=\"reference-grid__details--info\">New York City, NY, US<\/div><h3 class=\"reference-grid__details--name\">16 E 16th Street Hotel \u2013 The TwentyTwo<\/h3><\/div><\/a><a href=\"#\" class=\"watchlist__add_remove_link watchlist-add-item link--icon-right link--icon-right--white link--icon-watchlist\" data-type=\"references\" data-id=\"37310\">Zur Merkliste hinzuf\u00fcgen<\/a><\/div><div class=\"reference-grid__item\"><a href=\"https:\/\/tonality.de\/de\/referenzen\/tower-in-brooklyn-fulton-street-new-york\/\" class=\"gradient-overlay\" ><img decoding=\"async\" width=\"1091\" height=\"720\" src=\"https:\/\/tonality.de\/wp-content\/uploads\/2025\/08\/23-story-tower-in-brooklyn-2-1-1280x845.png\" class=\"aspect_3_2 wp-post-image\" alt=\"\" srcset=\"https:\/\/tonality.de\/wp-content\/uploads\/2025\/08\/23-story-tower-in-brooklyn-2-1-980x647.png 980w, https:\/\/tonality.de\/wp-content\/uploads\/2025\/08\/23-story-tower-in-brooklyn-2-1-480x317.png 480w, https:\/\/tonality.de\/wp-content\/uploads\/2025\/08\/23-story-tower-in-brooklyn-2-1-980x647@2x.png 1960w, https:\/\/tonality.de\/wp-content\/uploads\/2025\/08\/23-story-tower-in-brooklyn-2-1-480x317@2x.png 960w\" sizes=\"(min-width: 0px) and (max-width: 480px) 480px, (min-width: 481px) and (max-width: 980px) 980px, (min-width: 981px) 1091px, 100vw\" \/><div class=\"reference-grid__details\"><div class=\"reference-grid__details--info\">New York City, US<\/div><h3 class=\"reference-grid__details--name\">570 Fulton in Brooklyn<\/h3><\/div><\/a><a href=\"#\" class=\"watchlist__add_remove_link watchlist-add-item link--icon-right link--icon-right--white link--icon-watchlist\" data-type=\"references\" data-id=\"38873\">Zur Merkliste hinzuf\u00fcgen<\/a><\/div><div class=\"reference-grid__item\"><a href=\"https:\/\/tonality.de\/de\/referenzen\/emergency-service-facility-new-jersey\/\" class=\"gradient-overlay\" ><img decoding=\"async\" width=\"1091\" height=\"720\" src=\"https:\/\/tonality.de\/wp-content\/uploads\/2025\/11\/sommerville-emergency-center-2-1280x845.png\" class=\"aspect_3_2 wp-post-image\" alt=\"Sommerville Emergency Center\" srcset=\"https:\/\/tonality.de\/wp-content\/uploads\/2025\/11\/sommerville-emergency-center-2-980x647.png 980w, https:\/\/tonality.de\/wp-content\/uploads\/2025\/11\/sommerville-emergency-center-2-480x317.png 480w, https:\/\/tonality.de\/wp-content\/uploads\/2025\/11\/sommerville-emergency-center-2-980x647@2x.png 1960w, https:\/\/tonality.de\/wp-content\/uploads\/2025\/11\/sommerville-emergency-center-2-480x317@2x.png 960w\" sizes=\"(min-width: 0px) and (max-width: 480px) 480px, (min-width: 481px) and (max-width: 980px) 980px, (min-width: 981px) 1091px, 100vw\" \/><div class=\"reference-grid__details\"><div class=\"reference-grid__details--info\">New Jersey, US<\/div><h3 class=\"reference-grid__details--name\">Emergency Service Facility<\/h3><\/div><\/a><a href=\"#\" class=\"watchlist__add_remove_link watchlist-add-item link--icon-right link--icon-right--white link--icon-watchlist\" data-type=\"references\" data-id=\"39854\">Zur Merkliste hinzuf\u00fcgen<\/a><\/div><div class=\"reference-grid__item\"><a href=\"https:\/\/tonality.de\/de\/referenzen\/paycor-headquaters-in-cincinnati\/\" class=\"gradient-overlay\" ><img decoding=\"async\" width=\"1091\" height=\"720\" src=\"https:\/\/tonality.de\/wp-content\/uploads\/2026\/02\/saks-0-1280x845.png\" class=\"aspect_3_2 wp-post-image\" alt=\"\" srcset=\"https:\/\/tonality.de\/wp-content\/uploads\/2026\/02\/saks-0-980x647.png 980w, https:\/\/tonality.de\/wp-content\/uploads\/2026\/02\/saks-0-480x317.png 480w, https:\/\/tonality.de\/wp-content\/uploads\/2026\/02\/saks-0-980x647@2x.png 1960w, https:\/\/tonality.de\/wp-content\/uploads\/2026\/02\/saks-0-480x317@2x.png 960w\" sizes=\"(min-width: 0px) and (max-width: 480px) 480px, (min-width: 481px) and (max-width: 980px) 980px, (min-width: 981px) 1091px, 100vw\" \/><div class=\"reference-grid__details\"><div class=\"reference-grid__details--info\">Cincinnati, US<\/div><h3 class=\"reference-grid__details--name\">Paycor Headquaters<\/h3><\/div><\/a><a href=\"#\" class=\"watchlist__add_remove_link watchlist-add-item link--icon-right link--icon-right--white link--icon-watchlist\" data-type=\"references\" data-id=\"42431\">Zur Merkliste hinzuf\u00fcgen<\/a><\/div><\/div><\/div><div class=\"swiper-slide\" data-hash=\"types\">\n                          <div class=\"reference-grid\"><div class=\"reference-grid__item\"><a href=\"https:\/\/tonality.de\/de\/referenzen\/toowong-train-station\/\" class=\"gradient-overlay\" ><img decoding=\"async\" width=\"1079\" height=\"720\" src=\"https:\/\/tonality.de\/wp-content\/uploads\/2020\/12\/toowong-Train-Station-Detail-V1-1280x854.jpg\" class=\"aspect_3_2 wp-post-image\" alt=\"\" srcset=\"https:\/\/tonality.de\/wp-content\/uploads\/2020\/12\/toowong-Train-Station-Detail-V1-980x653.jpg 980w, https:\/\/tonality.de\/wp-content\/uploads\/2020\/12\/toowong-Train-Station-Detail-V1-480x320.jpg 480w, https:\/\/tonality.de\/wp-content\/uploads\/2020\/12\/toowong-Train-Station-Detail-V1-980x653@2x.jpg 1960w, https:\/\/tonality.de\/wp-content\/uploads\/2020\/12\/toowong-Train-Station-Detail-V1-480x320@2x.jpg 960w\" sizes=\"(min-width: 0px) and (max-width: 480px) 480px, (min-width: 481px) and (max-width: 980px) 980px, (min-width: 981px) 1079px, 100vw\" \/><div class=\"reference-grid__details\"><div class=\"reference-grid__details--info\">Commercial & Administrative | Queensland, AU<\/div><h3 class=\"reference-grid__details--name\">Toowong Train Station<\/h3><\/div><\/a><a href=\"#\" class=\"watchlist__add_remove_link watchlist-add-item link--icon-right link--icon-right--white link--icon-watchlist\" data-type=\"references\" data-id=\"1774\">Zur Merkliste hinzuf\u00fcgen<\/a><\/div><div class=\"reference-grid__item\"><a href=\"https:\/\/tonality.de\/de\/referenzen\/data-centre\/\" class=\"gradient-overlay\" ><img decoding=\"async\" width=\"960\" height=\"720\" src=\"https:\/\/tonality.de\/wp-content\/uploads\/2020\/12\/DataCentre45Parliament_ON_Tonality_TcLip-4-1280x960.jpg\" class=\"aspect_3_2 wp-post-image\" alt=\"\" srcset=\"https:\/\/tonality.de\/wp-content\/uploads\/2020\/12\/DataCentre45Parliament_ON_Tonality_TcLip-4-480x360.jpg 480w, https:\/\/tonality.de\/wp-content\/uploads\/2020\/12\/DataCentre45Parliament_ON_Tonality_TcLip-4-480x360@2x.jpg 960w\" sizes=\"(min-width: 0px) and (max-width: 480px) 480px, (min-width: 481px) 960px, 100vw\" \/><div class=\"reference-grid__details\"><div class=\"reference-grid__details--info\">Commercial & Administrative | Toronto, CA<\/div><h3 class=\"reference-grid__details--name\">Data Centre<\/h3><\/div><\/a><a href=\"#\" class=\"watchlist__add_remove_link watchlist-add-item link--icon-right link--icon-right--white link--icon-watchlist\" data-type=\"references\" data-id=\"1776\">Zur Merkliste hinzuf\u00fcgen<\/a><\/div><div class=\"reference-grid__item\"><a href=\"https:\/\/tonality.de\/de\/referenzen\/forfatterhuset-kindergarten\/\" class=\"gradient-overlay\" ><img decoding=\"async\" width=\"1080\" height=\"720\" src=\"https:\/\/tonality.de\/wp-content\/uploads\/2020\/12\/tonality-referenz-forfatterhuset-kindergarten-startbild-1280x853.jpg\" class=\"aspect_3_2 wp-post-image\" alt=\"Tonality Referenz forfatterhuset Kindergarten Startbild.\" srcset=\"https:\/\/tonality.de\/wp-content\/uploads\/2020\/12\/tonality-referenz-forfatterhuset-kindergarten-startbild-980x653.jpg 980w, https:\/\/tonality.de\/wp-content\/uploads\/2020\/12\/tonality-referenz-forfatterhuset-kindergarten-startbild-480x320.jpg 480w, https:\/\/tonality.de\/wp-content\/uploads\/2020\/12\/tonality-referenz-forfatterhuset-kindergarten-startbild-980x653@2x.jpg 1960w, https:\/\/tonality.de\/wp-content\/uploads\/2020\/12\/tonality-referenz-forfatterhuset-kindergarten-startbild-480x320@2x.jpg 960w\" sizes=\"(min-width: 0px) and (max-width: 480px) 480px, (min-width: 481px) and (max-width: 980px) 980px, (min-width: 981px) 1080px, 100vw\" \/><div class=\"reference-grid__details\"><div class=\"reference-grid__details--info\">Commercial & Administrative | Kopenhagen, DK<\/div><h3 class=\"reference-grid__details--name\">Forfatterhuset Kindergarten<\/h3><\/div><\/a><a href=\"#\" class=\"watchlist__add_remove_link watchlist-add-item link--icon-right link--icon-right--white link--icon-watchlist\" data-type=\"references\" data-id=\"1778\">Zur Merkliste hinzuf\u00fcgen<\/a><\/div><div class=\"reference-grid__item\"><a href=\"https:\/\/tonality.de\/de\/referenzen\/agentur-fuer-arbeit-koeln\/\" class=\"gradient-overlay\" ><img decoding=\"async\" width=\"1079\" height=\"720\" src=\"https:\/\/tonality.de\/wp-content\/uploads\/2021\/05\/tonality-referenz-agentur-fuer-arbeit-koeln-1280x854.jpg\" class=\"aspect_3_2 wp-post-image\" alt=\"Tonality Referenz Agentur f\u00fcr Arbeit K\u00f6ln.\" srcset=\"https:\/\/tonality.de\/wp-content\/uploads\/2021\/05\/tonality-referenz-agentur-fuer-arbeit-koeln-980x654.jpg 980w, https:\/\/tonality.de\/wp-content\/uploads\/2021\/05\/tonality-referenz-agentur-fuer-arbeit-koeln-480x320.jpg 480w, https:\/\/tonality.de\/wp-content\/uploads\/2021\/05\/tonality-referenz-agentur-fuer-arbeit-koeln-480x320@2x.jpg 960w\" sizes=\"(min-width: 0px) and (max-width: 480px) 480px, (min-width: 481px) and (max-width: 980px) 980px, (min-width: 981px) 1079px, 100vw\" \/><div class=\"reference-grid__details\"><div class=\"reference-grid__details--info\">Commercial & Administrative | K\u00f6ln, DE<\/div><h3 class=\"reference-grid__details--name\">Agentur f\u00fcr Arbeit K\u00f6ln<\/h3><\/div><\/a><a href=\"#\" class=\"watchlist__add_remove_link watchlist-add-item link--icon-right link--icon-right--white link--icon-watchlist\" data-type=\"references\" data-id=\"4006\">Zur Merkliste hinzuf\u00fcgen<\/a><\/div><div class=\"reference-grid__item\"><a href=\"https:\/\/tonality.de\/de\/referenzen\/bahnhofsbereich\/\" class=\"gradient-overlay\" ><img decoding=\"async\" width=\"1268\" height=\"720\" src=\"https:\/\/tonality.de\/wp-content\/uploads\/2021\/07\/tonality-referenz-esc-dronten-station-maarssen-1-1280x727.jpg\" class=\"aspect_3_2 wp-post-image\" alt=\"\" srcset=\"https:\/\/tonality.de\/wp-content\/uploads\/2021\/07\/tonality-referenz-esc-dronten-station-maarssen-1-980x557.jpg 980w, https:\/\/tonality.de\/wp-content\/uploads\/2021\/07\/tonality-referenz-esc-dronten-station-maarssen-1-480x273.jpg 480w, https:\/\/tonality.de\/wp-content\/uploads\/2021\/07\/tonality-referenz-esc-dronten-station-maarssen-1-980x557@2x.jpg 1960w, https:\/\/tonality.de\/wp-content\/uploads\/2021\/07\/tonality-referenz-esc-dronten-station-maarssen-1-480x273@2x.jpg 960w\" sizes=\"(min-width: 0px) and (max-width: 480px) 480px, (min-width: 481px) and (max-width: 980px) 980px, (min-width: 981px) 1268px, 100vw\" \/><div class=\"reference-grid__details\"><div class=\"reference-grid__details--info\">Commercial & Administrative | Maarssen, NL<\/div><h3 class=\"reference-grid__details--name\">Bahnhofsbereich Maarssen<\/h3><\/div><\/a><a href=\"#\" class=\"watchlist__add_remove_link watchlist-add-item link--icon-right link--icon-right--white link--icon-watchlist\" data-type=\"references\" data-id=\"4927\">Zur Merkliste hinzuf\u00fcgen<\/a><\/div><div class=\"reference-grid__item\"><a href=\"https:\/\/tonality.de\/de\/referenzen\/hapam-bunschoten\/\" class=\"gradient-overlay\" ><img decoding=\"async\" width=\"1080\" height=\"720\" src=\"https:\/\/tonality.de\/wp-content\/uploads\/2021\/11\/tonality-referenz-hapam-bunschoten-spakenburg-frontansicht-1280x853.jpg\" class=\"aspect_3_2 wp-post-image\" alt=\"Frontansicht des Hapam-Geb\u00e4udes in Bunschoten-Spakenburg mit modernen dunklen Keramikpaneelen, gro\u00dfen Fenstern und einem \u00fcberdachten Eingangsbereich, umgeben von einer gepflegten Gr\u00fcnfl\u00e4che und Parkpl\u00e4tzen\" srcset=\"https:\/\/tonality.de\/wp-content\/uploads\/2021\/11\/tonality-referenz-hapam-bunschoten-spakenburg-frontansicht-980x653.jpg 980w, https:\/\/tonality.de\/wp-content\/uploads\/2021\/11\/tonality-referenz-hapam-bunschoten-spakenburg-frontansicht-480x320.jpg 480w, https:\/\/tonality.de\/wp-content\/uploads\/2021\/11\/tonality-referenz-hapam-bunschoten-spakenburg-frontansicht-980x653@2x.jpg 1960w, https:\/\/tonality.de\/wp-content\/uploads\/2021\/11\/tonality-referenz-hapam-bunschoten-spakenburg-frontansicht-480x320@2x.jpg 960w\" sizes=\"(min-width: 0px) and (max-width: 480px) 480px, (min-width: 481px) and (max-width: 980px) 980px, (min-width: 981px) 1080px, 100vw\" \/><div class=\"reference-grid__details\"><div class=\"reference-grid__details--info\">Commercial & Administrative | Spakenburg, NL<\/div><h3 class=\"reference-grid__details--name\">Hapam Bunschoten<\/h3><\/div><\/a><a href=\"#\" class=\"watchlist__add_remove_link watchlist-add-item link--icon-right link--icon-right--white link--icon-watchlist\" data-type=\"references\" data-id=\"5708\">Zur Merkliste hinzuf\u00fcgen<\/a><\/div><div class=\"reference-grid__item\"><a href=\"https:\/\/tonality.de\/de\/referenzen\/dahl-anwaltskanzlei\/\" class=\"gradient-overlay\" ><img decoding=\"async\" width=\"854\" height=\"720\" src=\"https:\/\/tonality.de\/wp-content\/uploads\/2021\/11\/tonality-referenz-dahl-anwaltskanzlei-viborg-1280x1079.jpg\" class=\"aspect_3_2 wp-post-image\" alt=\"Geb\u00e4ude der Anwaltskanzlei Dahl in Viborg mit modernen schwarzen Keramikpaneelen, gro\u00dfen Fenstern und einem Uhrenschild an der Fassade, umgeben von einer gepflegten Gr\u00fcnfl\u00e4che\" srcset=\"https:\/\/tonality.de\/wp-content\/uploads\/2021\/11\/tonality-referenz-dahl-anwaltskanzlei-viborg-480x405.jpg 480w, https:\/\/tonality.de\/wp-content\/uploads\/2021\/11\/tonality-referenz-dahl-anwaltskanzlei-viborg-480x405@2x.jpg 960w\" sizes=\"(min-width: 0px) and (max-width: 480px) 480px, (min-width: 481px) 854px, 100vw\" \/><div class=\"reference-grid__details\"><div class=\"reference-grid__details--info\">Commercial & Administrative | Viborg, DK<\/div><h3 class=\"reference-grid__details--name\">Dahl Anwaltskanzlei<\/h3><\/div><\/a><a href=\"#\" class=\"watchlist__add_remove_link watchlist-add-item link--icon-right link--icon-right--white link--icon-watchlist\" data-type=\"references\" data-id=\"5861\">Zur Merkliste hinzuf\u00fcgen<\/a><\/div><div class=\"reference-grid__item\"><a href=\"https:\/\/tonality.de\/de\/referenzen\/kinderhaus-pertinsel\/\" class=\"gradient-overlay\" ><img decoding=\"async\" width=\"1075\" height=\"720\" src=\"https:\/\/tonality.de\/wp-content\/uploads\/2021\/12\/tonality-referenz-kinderhaus-pertinsel-garten-1280x857.jpg\" class=\"aspect_3_2 wp-post-image\" alt=\"Tonality Referenz: Kinderhaus Pertinsel mit Tonality Keramikfassade und gr\u00fcnem Garten\" srcset=\"https:\/\/tonality.de\/wp-content\/uploads\/2021\/12\/tonality-referenz-kinderhaus-pertinsel-garten-980x656.jpg 980w, https:\/\/tonality.de\/wp-content\/uploads\/2021\/12\/tonality-referenz-kinderhaus-pertinsel-garten-480x321.jpg 480w, https:\/\/tonality.de\/wp-content\/uploads\/2021\/12\/tonality-referenz-kinderhaus-pertinsel-garten-980x656@2x.jpg 1960w, https:\/\/tonality.de\/wp-content\/uploads\/2021\/12\/tonality-referenz-kinderhaus-pertinsel-garten-480x321@2x.jpg 960w\" sizes=\"(min-width: 0px) and (max-width: 480px) 480px, (min-width: 481px) and (max-width: 980px) 980px, (min-width: 981px) 1075px, 100vw\" \/><div class=\"reference-grid__details\"><div class=\"reference-grid__details--info\">Commercial & Administrative | Fussach, AT<\/div><h3 class=\"reference-grid__details--name\">Kinderhaus Pertinsel<\/h3><\/div><\/a><a href=\"#\" class=\"watchlist__add_remove_link watchlist-add-item link--icon-right link--icon-right--white link--icon-watchlist\" data-type=\"references\" data-id=\"6320\">Zur Merkliste hinzuf\u00fcgen<\/a><\/div><div class=\"reference-grid__item\"><a href=\"https:\/\/tonality.de\/de\/referenzen\/daimlerstrasse-frankfurt\/\" class=\"gradient-overlay\" ><img decoding=\"async\" width=\"957\" height=\"720\" src=\"https:\/\/tonality.de\/wp-content\/uploads\/2022\/05\/tonality-ceramic-facade-reference-daimlerstrasse-germany-buero-1280x963.jpg\" class=\"aspect_3_2 wp-post-image\" alt=\"&quot;Tonality Ceramic Facade Reference - Daimlerstrasse Germany B\u00fcro\" srcset=\"https:\/\/tonality.de\/wp-content\/uploads\/2022\/05\/tonality-ceramic-facade-reference-daimlerstrasse-germany-buero-480x361.jpg 480w, https:\/\/tonality.de\/wp-content\/uploads\/2022\/05\/tonality-ceramic-facade-reference-daimlerstrasse-germany-buero-480x361@2x.jpg 960w\" sizes=\"(min-width: 0px) and (max-width: 480px) 480px, (min-width: 481px) 957px, 100vw\" \/><div class=\"reference-grid__details\"><div class=\"reference-grid__details--info\">Commercial & Administrative | Frankfurt, DE<\/div><h3 class=\"reference-grid__details--name\">Hochhaus BICC Frankfurt<\/h3><\/div><\/a><a href=\"#\" class=\"watchlist__add_remove_link watchlist-add-item link--icon-right link--icon-right--white link--icon-watchlist\" data-type=\"references\" data-id=\"7487\">Zur Merkliste hinzuf\u00fcgen<\/a><\/div><div class=\"reference-grid__item\"><a href=\"https:\/\/tonality.de\/de\/referenzen\/sparkasse-duisburg\/\" class=\"gradient-overlay\" ><img decoding=\"async\" width=\"1080\" height=\"720\" src=\"https:\/\/tonality.de\/wp-content\/uploads\/2022\/05\/tonality-reference-sparkasse-duisburg-drone-view-1280x853.jpg\" class=\"aspect_3_2 wp-post-image\" alt=\"Aerial view of Sparkasse Duisburg building with Tonality ceramic facade\" srcset=\"https:\/\/tonality.de\/wp-content\/uploads\/2022\/05\/tonality-reference-sparkasse-duisburg-drone-view-980x653.jpg 980w, https:\/\/tonality.de\/wp-content\/uploads\/2022\/05\/tonality-reference-sparkasse-duisburg-drone-view-480x320.jpg 480w, https:\/\/tonality.de\/wp-content\/uploads\/2022\/05\/tonality-reference-sparkasse-duisburg-drone-view-480x320@2x.jpg 960w\" sizes=\"(min-width: 0px) and (max-width: 480px) 480px, (min-width: 481px) and (max-width: 980px) 980px, (min-width: 981px) 1080px, 100vw\" \/><div class=\"reference-grid__details\"><div class=\"reference-grid__details--info\">Commercial & Administrative | Duisburg, DE<\/div><h3 class=\"reference-grid__details--name\">Sparkasse Duisburg<\/h3><\/div><\/a><a href=\"#\" class=\"watchlist__add_remove_link watchlist-add-item link--icon-right link--icon-right--white link--icon-watchlist\" data-type=\"references\" data-id=\"7645\">Zur Merkliste hinzuf\u00fcgen<\/a><\/div><div class=\"reference-grid__item\"><a href=\"https:\/\/tonality.de\/de\/referenzen\/velliv-office\/\" class=\"gradient-overlay\" ><img decoding=\"async\" width=\"1079\" height=\"720\" src=\"https:\/\/tonality.de\/wp-content\/uploads\/2022\/11\/tonality-reference-velliv-ballerup-office-denmark-backyard-terracotta-facade-1280x854.jpg\" class=\"aspect_3_2 wp-post-image\" alt=\"Terracotta facade of Velliv Ballerup office building in Denmark seen from backyard - a tonality reference\" srcset=\"https:\/\/tonality.de\/wp-content\/uploads\/2022\/11\/tonality-reference-velliv-ballerup-office-denmark-backyard-terracotta-facade-980x654.jpg 980w, https:\/\/tonality.de\/wp-content\/uploads\/2022\/11\/tonality-reference-velliv-ballerup-office-denmark-backyard-terracotta-facade-480x320.jpg 480w, https:\/\/tonality.de\/wp-content\/uploads\/2022\/11\/tonality-reference-velliv-ballerup-office-denmark-backyard-terracotta-facade-980x654@2x.jpg 1960w, https:\/\/tonality.de\/wp-content\/uploads\/2022\/11\/tonality-reference-velliv-ballerup-office-denmark-backyard-terracotta-facade-480x320@2x.jpg 960w\" sizes=\"(min-width: 0px) and (max-width: 480px) 480px, (min-width: 481px) and (max-width: 980px) 980px, (min-width: 981px) 1079px, 100vw\" \/><div class=\"reference-grid__details\"><div class=\"reference-grid__details--info\">Commercial & Administrative | Ballerup, DK<\/div><h3 class=\"reference-grid__details--name\">Velliv B\u00fcrogeb\u00e4ude<\/h3><\/div><\/a><a href=\"#\" class=\"watchlist__add_remove_link watchlist-add-item link--icon-right link--icon-right--white link--icon-watchlist\" data-type=\"references\" data-id=\"8533\">Zur Merkliste hinzuf\u00fcgen<\/a><\/div><div class=\"reference-grid__item\"><a href=\"https:\/\/tonality.de\/de\/referenzen\/sbaerahus\/\" class=\"gradient-overlay\" ><img decoding=\"async\" width=\"1082\" height=\"720\" src=\"https:\/\/tonality.de\/wp-content\/uploads\/2023\/09\/tonality-referenz-keramikfassade-baerahus-sept23-magma-45-1280x852.webp\" class=\"aspect_3_2 wp-post-image\" alt=\"Keramikfassade des Baerahus in Feldkirch mit vertikalen Linien und gro\u00dfen Fenstern, umgeben von gr\u00fcnen B\u00e4umen, die das Geb\u00e4ude teilweise verdecken\" srcset=\"https:\/\/tonality.de\/wp-content\/uploads\/2023\/09\/tonality-referenz-keramikfassade-baerahus-sept23-magma-45-980x652.webp 980w, https:\/\/tonality.de\/wp-content\/uploads\/2023\/09\/tonality-referenz-keramikfassade-baerahus-sept23-magma-45-480x319.webp 480w, https:\/\/tonality.de\/wp-content\/uploads\/2023\/09\/tonality-referenz-keramikfassade-baerahus-sept23-magma-45-980x652@2x.webp 1960w, https:\/\/tonality.de\/wp-content\/uploads\/2023\/09\/tonality-referenz-keramikfassade-baerahus-sept23-magma-45-480x319@2x.webp 960w\" sizes=\"(min-width: 0px) and (max-width: 480px) 480px, (min-width: 481px) and (max-width: 980px) 980px, (min-width: 981px) 1082px, 100vw\" \/><div class=\"reference-grid__details\"><div class=\"reference-grid__details--info\">Commercial & Administrative | Feldkirch, AT<\/div><h3 class=\"reference-grid__details--name\">S&#8217;B\u00e4rahus<\/h3><\/div><\/a><a href=\"#\" class=\"watchlist__add_remove_link watchlist-add-item link--icon-right link--icon-right--white link--icon-watchlist\" data-type=\"references\" data-id=\"25692\">Zur Merkliste hinzuf\u00fcgen<\/a><\/div><div class=\"reference-grid__item\"><a href=\"https:\/\/tonality.de\/de\/referenzen\/marmormolen\/\" class=\"gradient-overlay\" ><img decoding=\"async\" width=\"1197\" height=\"720\" src=\"https:\/\/tonality.de\/wp-content\/uploads\/2024\/01\/marmormolen-tonality-ceramic-facade-flattened-cover-dark-1280x770.webp\" class=\"aspect_3_2 wp-post-image\" alt=\"Marmormolen B\u00fcrogeb\u00e4ude mit Tonality Keramikfassade und B\u00fcrobr\u00fccke, die die moderne Architektur und die stilvolle Gestaltung der Fassadenplatten betont.\" srcset=\"https:\/\/tonality.de\/wp-content\/uploads\/2024\/01\/marmormolen-tonality-ceramic-facade-flattened-cover-dark-980x589.webp 980w, https:\/\/tonality.de\/wp-content\/uploads\/2024\/01\/marmormolen-tonality-ceramic-facade-flattened-cover-dark-480x289.webp 480w, https:\/\/tonality.de\/wp-content\/uploads\/2024\/01\/marmormolen-tonality-ceramic-facade-flattened-cover-dark-980x589@2x.webp 1960w, https:\/\/tonality.de\/wp-content\/uploads\/2024\/01\/marmormolen-tonality-ceramic-facade-flattened-cover-dark-480x289@2x.webp 960w\" sizes=\"(min-width: 0px) and (max-width: 480px) 480px, (min-width: 481px) and (max-width: 980px) 980px, (min-width: 981px) 1197px, 100vw\" \/><div class=\"reference-grid__details\"><div class=\"reference-grid__details--info\">Commercial & Administrative | Kopenhagen, DK<\/div><h3 class=\"reference-grid__details--name\">Marmormolen<\/h3><\/div><\/a><a href=\"#\" class=\"watchlist__add_remove_link watchlist-add-item link--icon-right link--icon-right--white link--icon-watchlist\" data-type=\"references\" data-id=\"27564\">Zur Merkliste hinzuf\u00fcgen<\/a><\/div><div class=\"reference-grid__item\"><a href=\"https:\/\/tonality.de\/de\/referenzen\/verwaltungsgebaeude-der-stadtwerke-hof\/\" class=\"gradient-overlay\" ><img decoding=\"async\" width=\"960\" height=\"720\" src=\"https:\/\/tonality.de\/wp-content\/uploads\/2024\/11\/1.jpg\" class=\"aspect_3_2 wp-post-image\" alt=\"\" srcset=\"https:\/\/tonality.de\/wp-content\/uploads\/2024\/11\/1-480x360.jpg 480w, https:\/\/tonality.de\/wp-content\/uploads\/2024\/11\/1-480x360@2x.jpg 960w\" sizes=\"(min-width: 0px) and (max-width: 480px) 480px, (min-width: 481px) 960px, 100vw\" \/><div class=\"reference-grid__details\"><div class=\"reference-grid__details--info\">Commercial & Administrative | Hof, DE<\/div><h3 class=\"reference-grid__details--name\">Stadtwerke Hof<\/h3><\/div><\/a><a href=\"#\" class=\"watchlist__add_remove_link watchlist-add-item link--icon-right link--icon-right--white link--icon-watchlist\" data-type=\"references\" data-id=\"36983\">Zur Merkliste hinzuf\u00fcgen<\/a><\/div><div class=\"reference-grid__item\"><a href=\"https:\/\/tonality.de\/de\/referenzen\/rathaus-ofterdingen\/\" class=\"gradient-overlay\" ><img decoding=\"async\" width=\"1102\" height=\"720\" src=\"https:\/\/tonality.de\/wp-content\/uploads\/2025\/02\/leipfingerbader-ofterdingen-okt24-bueromagma-10-min-1280x836.jpg\" class=\"aspect_3_2 wp-post-image\" alt=\"\" srcset=\"https:\/\/tonality.de\/wp-content\/uploads\/2025\/02\/leipfingerbader-ofterdingen-okt24-bueromagma-10-min-980x640.jpg 980w, https:\/\/tonality.de\/wp-content\/uploads\/2025\/02\/leipfingerbader-ofterdingen-okt24-bueromagma-10-min-480x313.jpg 480w, https:\/\/tonality.de\/wp-content\/uploads\/2025\/02\/leipfingerbader-ofterdingen-okt24-bueromagma-10-min-980x640@2x.jpg 1960w, https:\/\/tonality.de\/wp-content\/uploads\/2025\/02\/leipfingerbader-ofterdingen-okt24-bueromagma-10-min-480x313@2x.jpg 960w\" sizes=\"(min-width: 0px) and (max-width: 480px) 480px, (min-width: 481px) and (max-width: 980px) 980px, (min-width: 981px) 1102px, 100vw\" \/><div class=\"reference-grid__details\"><div class=\"reference-grid__details--info\">Commercial & Administrative | Ofterdingen, DE<\/div><h3 class=\"reference-grid__details--name\">Rathaus Ofterdingen<\/h3><\/div><\/a><a href=\"#\" class=\"watchlist__add_remove_link watchlist-add-item link--icon-right link--icon-right--white link--icon-watchlist\" data-type=\"references\" data-id=\"37538\">Zur Merkliste hinzuf\u00fcgen<\/a><\/div><div class=\"reference-grid__item\"><a href=\"https:\/\/tonality.de\/de\/referenzen\/binakaj-businesspark-landshut\/\" class=\"gradient-overlay\" ><img decoding=\"async\" width=\"1040\" height=\"720\" src=\"https:\/\/tonality.de\/wp-content\/uploads\/2025\/01\/pressebild-tonality-eckansicht-businesspark-in-landshut-mit-keramikfassade-1280x886.jpg\" class=\"aspect_3_2 wp-post-image\" alt=\"Eckansicht Businesspark in Landshut mit Keramikfassade.\" srcset=\"https:\/\/tonality.de\/wp-content\/uploads\/2025\/01\/pressebild-tonality-eckansicht-businesspark-in-landshut-mit-keramikfassade-980x678.jpg 980w, https:\/\/tonality.de\/wp-content\/uploads\/2025\/01\/pressebild-tonality-eckansicht-businesspark-in-landshut-mit-keramikfassade-480x332.jpg 480w, https:\/\/tonality.de\/wp-content\/uploads\/2025\/01\/pressebild-tonality-eckansicht-businesspark-in-landshut-mit-keramikfassade-480x332@2x.jpg 960w\" sizes=\"(min-width: 0px) and (max-width: 480px) 480px, (min-width: 481px) and (max-width: 980px) 980px, (min-width: 981px) 1040px, 100vw\" \/><div class=\"reference-grid__details\"><div class=\"reference-grid__details--info\">Commercial & Administrative | Landshut, DE<\/div><h3 class=\"reference-grid__details--name\">Binakaj Businesspark Landshut<\/h3><\/div><\/a><a href=\"#\" class=\"watchlist__add_remove_link watchlist-add-item link--icon-right link--icon-right--white link--icon-watchlist\" data-type=\"references\" data-id=\"37807\">Zur Merkliste hinzuf\u00fcgen<\/a><\/div><div class=\"reference-grid__item\"><a href=\"https:\/\/tonality.de\/de\/referenzen\/geschaeftshaus-straubing\/\" class=\"gradient-overlay\" ><img decoding=\"async\" width=\"1091\" height=\"720\" src=\"https:\/\/tonality.de\/wp-content\/uploads\/2025\/07\/geschaftshaus-straubing-2-1-1280x845.png\" class=\"aspect_3_2 wp-post-image\" alt=\"\" srcset=\"https:\/\/tonality.de\/wp-content\/uploads\/2025\/07\/geschaftshaus-straubing-2-1-980x647.png 980w, https:\/\/tonality.de\/wp-content\/uploads\/2025\/07\/geschaftshaus-straubing-2-1-480x317.png 480w, https:\/\/tonality.de\/wp-content\/uploads\/2025\/07\/geschaftshaus-straubing-2-1-980x647@2x.png 1960w, https:\/\/tonality.de\/wp-content\/uploads\/2025\/07\/geschaftshaus-straubing-2-1-480x317@2x.png 960w\" sizes=\"(min-width: 0px) and (max-width: 480px) 480px, (min-width: 481px) and (max-width: 980px) 980px, (min-width: 981px) 1091px, 100vw\" \/><div class=\"reference-grid__details\"><div class=\"reference-grid__details--info\">Commercial & Administrative | Straubing, DE<\/div><h3 class=\"reference-grid__details--name\">Gesch\u00e4ftshaus Straubing<\/h3><\/div><\/a><a href=\"#\" class=\"watchlist__add_remove_link watchlist-add-item link--icon-right link--icon-right--white link--icon-watchlist\" data-type=\"references\" data-id=\"38503\">Zur Merkliste hinzuf\u00fcgen<\/a><\/div><div class=\"reference-grid__item\"><a href=\"https:\/\/tonality.de\/de\/referenzen\/quartier-in-wolkersdorf\/\" class=\"gradient-overlay\" ><img decoding=\"async\" width=\"1091\" height=\"720\" src=\"https:\/\/tonality.de\/wp-content\/uploads\/2025\/09\/wolkersdorf-2-1280x845.png\" class=\"aspect_3_2 wp-post-image\" alt=\"\" srcset=\"https:\/\/tonality.de\/wp-content\/uploads\/2025\/09\/wolkersdorf-2-980x647.png 980w, https:\/\/tonality.de\/wp-content\/uploads\/2025\/09\/wolkersdorf-2-480x317.png 480w, https:\/\/tonality.de\/wp-content\/uploads\/2025\/09\/wolkersdorf-2-980x647@2x.png 1960w, https:\/\/tonality.de\/wp-content\/uploads\/2025\/09\/wolkersdorf-2-480x317@2x.png 960w\" sizes=\"(min-width: 0px) and (max-width: 480px) 480px, (min-width: 481px) and (max-width: 980px) 980px, (min-width: 981px) 1091px, 100vw\" \/><div class=\"reference-grid__details\"><div class=\"reference-grid__details--info\">Commercial & Administrative | Wolkersdorf, AT<\/div><h3 class=\"reference-grid__details--name\">Quartier in Wolkersdorf<\/h3><\/div><\/a><a href=\"#\" class=\"watchlist__add_remove_link watchlist-add-item link--icon-right link--icon-right--white link--icon-watchlist\" data-type=\"references\" data-id=\"39332\">Zur Merkliste hinzuf\u00fcgen<\/a><\/div><div class=\"reference-grid__item\"><a href=\"https:\/\/tonality.de\/de\/referenzen\/melkinlaituri-parkhaus-in-helsinki\/\" class=\"gradient-overlay\" ><img decoding=\"async\" width=\"1091\" height=\"720\" src=\"https:\/\/tonality.de\/wp-content\/uploads\/2026\/01\/melkinlaituri-parkhaus-11-1280x845.jpg\" class=\"aspect_3_2 wp-post-image\" alt=\"\" srcset=\"https:\/\/tonality.de\/wp-content\/uploads\/2026\/01\/melkinlaituri-parkhaus-11-980x647.jpg 980w, https:\/\/tonality.de\/wp-content\/uploads\/2026\/01\/melkinlaituri-parkhaus-11-480x317.jpg 480w, https:\/\/tonality.de\/wp-content\/uploads\/2026\/01\/melkinlaituri-parkhaus-11-980x647@2x.jpg 1960w, https:\/\/tonality.de\/wp-content\/uploads\/2026\/01\/melkinlaituri-parkhaus-11-480x317@2x.jpg 960w\" sizes=\"(min-width: 0px) and (max-width: 480px) 480px, (min-width: 481px) and (max-width: 980px) 980px, (min-width: 981px) 1091px, 100vw\" \/><div class=\"reference-grid__details\"><div class=\"reference-grid__details--info\">Commercial & Administrative | Helsinki, FIN<\/div><h3 class=\"reference-grid__details--name\">Melkinlaituri Parkhaus<\/h3><\/div><\/a><a href=\"#\" class=\"watchlist__add_remove_link watchlist-add-item link--icon-right link--icon-right--white link--icon-watchlist\" data-type=\"references\" data-id=\"41047\">Zur Merkliste hinzuf\u00fcgen<\/a><\/div><div class=\"reference-grid__item\"><a href=\"https:\/\/tonality.de\/de\/referenzen\/paycor-headquaters-in-cincinnati\/\" class=\"gradient-overlay\" ><img decoding=\"async\" width=\"1091\" height=\"720\" src=\"https:\/\/tonality.de\/wp-content\/uploads\/2026\/02\/saks-0-1280x845.png\" class=\"aspect_3_2 wp-post-image\" alt=\"\" srcset=\"https:\/\/tonality.de\/wp-content\/uploads\/2026\/02\/saks-0-980x647.png 980w, https:\/\/tonality.de\/wp-content\/uploads\/2026\/02\/saks-0-480x317.png 480w, https:\/\/tonality.de\/wp-content\/uploads\/2026\/02\/saks-0-980x647@2x.png 1960w, https:\/\/tonality.de\/wp-content\/uploads\/2026\/02\/saks-0-480x317@2x.png 960w\" sizes=\"(min-width: 0px) and (max-width: 480px) 480px, (min-width: 481px) and (max-width: 980px) 980px, (min-width: 981px) 1091px, 100vw\" \/><div class=\"reference-grid__details\"><div class=\"reference-grid__details--info\">Commercial & Administrative | Cincinnati, US<\/div><h3 class=\"reference-grid__details--name\">Paycor Headquaters<\/h3><\/div><\/a><a href=\"#\" class=\"watchlist__add_remove_link watchlist-add-item link--icon-right link--icon-right--white link--icon-watchlist\" data-type=\"references\" data-id=\"42431\">Zur Merkliste hinzuf\u00fcgen<\/a><\/div><div class=\"reference-grid__item\"><a href=\"https:\/\/tonality.de\/de\/referenzen\/deprag-logistikzentrum-in-amberg\/\" class=\"gradient-overlay\" ><img decoding=\"async\" width=\"1091\" height=\"720\" src=\"https:\/\/tonality.de\/wp-content\/uploads\/2026\/04\/header-deprag-0-1280x845.jpg\" class=\"aspect_3_2 wp-post-image\" alt=\"\" srcset=\"https:\/\/tonality.de\/wp-content\/uploads\/2026\/04\/header-deprag-0-980x647.jpg 980w, https:\/\/tonality.de\/wp-content\/uploads\/2026\/04\/header-deprag-0-480x317.jpg 480w, https:\/\/tonality.de\/wp-content\/uploads\/2026\/04\/header-deprag-0-980x647@2x.jpg 1960w, https:\/\/tonality.de\/wp-content\/uploads\/2026\/04\/header-deprag-0-480x317@2x.jpg 960w\" sizes=\"(min-width: 0px) and (max-width: 480px) 480px, (min-width: 481px) and (max-width: 980px) 980px, (min-width: 981px) 1091px, 100vw\" \/><div class=\"reference-grid__details\"><div class=\"reference-grid__details--info\">Commercial & Administrative | Amberg, DE<\/div><h3 class=\"reference-grid__details--name\">DEPRAG Logistikzentrum<\/h3><\/div><\/a><a href=\"#\" class=\"watchlist__add_remove_link watchlist-add-item link--icon-right link--icon-right--white link--icon-watchlist\" data-type=\"references\" data-id=\"44964\">Zur Merkliste hinzuf\u00fcgen<\/a><\/div><div class=\"reference-grid__item\"><a href=\"https:\/\/tonality.de\/de\/referenzen\/paracelcus-bad-kurhaus\/\" class=\"gradient-overlay\" ><img decoding=\"async\" width=\"1097\" height=\"720\" src=\"https:\/\/tonality.de\/wp-content\/uploads\/2020\/12\/paracelsus-bad-kurhaus-03-1280x840.jpg\" class=\"aspect_3_2 wp-post-image\" alt=\"\" srcset=\"https:\/\/tonality.de\/wp-content\/uploads\/2020\/12\/paracelsus-bad-kurhaus-03-980x643.jpg 980w, https:\/\/tonality.de\/wp-content\/uploads\/2020\/12\/paracelsus-bad-kurhaus-03-480x315.jpg 480w, https:\/\/tonality.de\/wp-content\/uploads\/2020\/12\/paracelsus-bad-kurhaus-03-480x315@2x.jpg 960w\" sizes=\"(min-width: 0px) and (max-width: 480px) 480px, (min-width: 481px) and (max-width: 980px) 980px, (min-width: 981px) 1097px, 100vw\" \/><div class=\"reference-grid__details\"><div class=\"reference-grid__details--info\">Education & Health | Salzburg, AT<\/div><h3 class=\"reference-grid__details--name\">Paracelcus Bad Kurhaus<\/h3><\/div><\/a><a href=\"#\" class=\"watchlist__add_remove_link watchlist-add-item link--icon-right link--icon-right--white link--icon-watchlist\" data-type=\"references\" data-id=\"1772\">Zur Merkliste hinzuf\u00fcgen<\/a><\/div><div class=\"reference-grid__item\"><a href=\"https:\/\/tonality.de\/de\/referenzen\/abercrombie-business-school-the-university-of-sydney\/\" class=\"gradient-overlay\" ><img decoding=\"async\" width=\"1080\" height=\"720\" src=\"https:\/\/tonality.de\/wp-content\/uploads\/2021\/05\/tonality-referenz-abercrombie-business-school-sydney-innenhof.jpeg\" class=\"aspect_3_2 wp-post-image\" alt=\"Tonality Referenz Abercrombie business school Sydney innenhof.\" srcset=\"https:\/\/tonality.de\/wp-content\/uploads\/2021\/05\/tonality-referenz-abercrombie-business-school-sydney-innenhof.jpeg 1080w, https:\/\/tonality.de\/wp-content\/uploads\/2021\/05\/tonality-referenz-abercrombie-business-school-sydney-innenhof-980x653.jpeg 980w, https:\/\/tonality.de\/wp-content\/uploads\/2021\/05\/tonality-referenz-abercrombie-business-school-sydney-innenhof-480x320.jpeg 480w, https:\/\/tonality.de\/wp-content\/uploads\/2021\/05\/tonality-referenz-abercrombie-business-school-sydney-innenhof-480x320@2x.jpeg 960w\" sizes=\"(min-width: 0px) and (max-width: 480px) 480px, (min-width: 481px) and (max-width: 980px) 980px, (min-width: 981px) 1080px, 100vw\" \/><div class=\"reference-grid__details\"><div class=\"reference-grid__details--info\">Education & Health | Sydney, AU<\/div><h3 class=\"reference-grid__details--name\">University of Sydney Business School<\/h3><\/div><\/a><a href=\"#\" class=\"watchlist__add_remove_link watchlist-add-item link--icon-right link--icon-right--white link--icon-watchlist\" data-type=\"references\" data-id=\"3906\">Zur Merkliste hinzuf\u00fcgen<\/a><\/div><div class=\"reference-grid__item\"><a href=\"https:\/\/tonality.de\/de\/referenzen\/st-james-chapel\/\" class=\"gradient-overlay\" ><img decoding=\"async\" width=\"1079\" height=\"720\" src=\"https:\/\/tonality.de\/wp-content\/uploads\/2021\/10\/tonality-reference-st-james-chapel-1280x854.jpg\" class=\"aspect_3_2 wp-post-image\" alt=\"\" srcset=\"https:\/\/tonality.de\/wp-content\/uploads\/2021\/10\/tonality-reference-st-james-chapel-980x654.jpg 980w, https:\/\/tonality.de\/wp-content\/uploads\/2021\/10\/tonality-reference-st-james-chapel-480x320.jpg 480w, https:\/\/tonality.de\/wp-content\/uploads\/2021\/10\/tonality-reference-st-james-chapel-480x320@2x.jpg 960w\" sizes=\"(min-width: 0px) and (max-width: 480px) 480px, (min-width: 481px) and (max-width: 980px) 980px, (min-width: 981px) 1079px, 100vw\" \/><div class=\"reference-grid__details\"><div class=\"reference-grid__details--info\">Education & Health | Castle Hill - Sydney, AU<\/div><h3 class=\"reference-grid__details--name\">St. James Chapel<\/h3><\/div><\/a><a href=\"#\" class=\"watchlist__add_remove_link watchlist-add-item link--icon-right link--icon-right--white link--icon-watchlist\" data-type=\"references\" data-id=\"5504\">Zur Merkliste hinzuf\u00fcgen<\/a><\/div><div class=\"reference-grid__item\"><a href=\"https:\/\/tonality.de\/de\/referenzen\/cheonan-medical-center\/\" class=\"gradient-overlay\" ><img decoding=\"async\" width=\"1080\" height=\"720\" src=\"https:\/\/tonality.de\/wp-content\/uploads\/2021\/12\/tonality-reference-ceramic-facade-chunan-hospital-south-side-1280x853.jpg\" class=\"aspect_3_2 wp-post-image\" alt=\"Tonality Referenz: S\u00fcdansicht des Chunan Krankenhauses mit Keramikfassade\" srcset=\"https:\/\/tonality.de\/wp-content\/uploads\/2021\/12\/tonality-reference-ceramic-facade-chunan-hospital-south-side-980x653.jpg 980w, https:\/\/tonality.de\/wp-content\/uploads\/2021\/12\/tonality-reference-ceramic-facade-chunan-hospital-south-side-480x320.jpg 480w, https:\/\/tonality.de\/wp-content\/uploads\/2021\/12\/tonality-reference-ceramic-facade-chunan-hospital-south-side-980x653@2x.jpg 1960w, https:\/\/tonality.de\/wp-content\/uploads\/2021\/12\/tonality-reference-ceramic-facade-chunan-hospital-south-side-480x320@2x.jpg 960w\" sizes=\"(min-width: 0px) and (max-width: 480px) 480px, (min-width: 481px) and (max-width: 980px) 980px, (min-width: 981px) 1080px, 100vw\" \/><div class=\"reference-grid__details\"><div class=\"reference-grid__details--info\">Education & Health | Chungnam, KR<\/div><h3 class=\"reference-grid__details--name\">Cheonan Medical Center<\/h3><\/div><\/a><a href=\"#\" class=\"watchlist__add_remove_link watchlist-add-item link--icon-right link--icon-right--white link--icon-watchlist\" data-type=\"references\" data-id=\"6162\">Zur Merkliste hinzuf\u00fcgen<\/a><\/div><div class=\"reference-grid__item\"><a href=\"https:\/\/tonality.de\/de\/referenzen\/gesamtschule-krefeld\/\" class=\"gradient-overlay\" ><img decoding=\"async\" width=\"1079\" height=\"720\" src=\"https:\/\/tonality.de\/wp-content\/uploads\/2021\/12\/tonality-referenz-gesamtschule-krefeld-keramikfassade-gebaeude-1280x854.jpg\" class=\"aspect_3_2 wp-post-image\" alt=\"Tonality Referenz Gesamtschule Krefeld - Keramikfassade Geb\u00e4ude\" srcset=\"https:\/\/tonality.de\/wp-content\/uploads\/2021\/12\/tonality-referenz-gesamtschule-krefeld-keramikfassade-gebaeude-980x654.jpg 980w, https:\/\/tonality.de\/wp-content\/uploads\/2021\/12\/tonality-referenz-gesamtschule-krefeld-keramikfassade-gebaeude-480x320.jpg 480w, https:\/\/tonality.de\/wp-content\/uploads\/2021\/12\/tonality-referenz-gesamtschule-krefeld-keramikfassade-gebaeude-980x654@2x.jpg 1960w, https:\/\/tonality.de\/wp-content\/uploads\/2021\/12\/tonality-referenz-gesamtschule-krefeld-keramikfassade-gebaeude-480x320@2x.jpg 960w\" sizes=\"(min-width: 0px) and (max-width: 480px) 480px, (min-width: 481px) and (max-width: 980px) 980px, (min-width: 981px) 1079px, 100vw\" \/><div class=\"reference-grid__details\"><div class=\"reference-grid__details--info\">Education & Health | Krefeld, DE<\/div><h3 class=\"reference-grid__details--name\">Robert-Jungk-Gesamtschule Krefeld<\/h3><\/div><\/a><a href=\"#\" class=\"watchlist__add_remove_link watchlist-add-item link--icon-right link--icon-right--white link--icon-watchlist\" data-type=\"references\" data-id=\"6249\">Zur Merkliste hinzuf\u00fcgen<\/a><\/div><div class=\"reference-grid__item\"><a href=\"https:\/\/tonality.de\/de\/referenzen\/cadix-krankenhaus\/\" class=\"gradient-overlay\" ><img decoding=\"async\" width=\"1082\" height=\"720\" src=\"https:\/\/tonality.de\/wp-content\/uploads\/2022\/10\/tonality-reference-cadix-clinic-terracotta-tile-antwerpen-building-1280x852.jpg\" class=\"aspect_3_2 wp-post-image\" alt=\"Tonality reference of Cadix Clinic building in Antwerpen featuring terracotta tiles.\" srcset=\"https:\/\/tonality.de\/wp-content\/uploads\/2022\/10\/tonality-reference-cadix-clinic-terracotta-tile-antwerpen-building-980x652.jpg 980w, https:\/\/tonality.de\/wp-content\/uploads\/2022\/10\/tonality-reference-cadix-clinic-terracotta-tile-antwerpen-building-480x319.jpg 480w, https:\/\/tonality.de\/wp-content\/uploads\/2022\/10\/tonality-reference-cadix-clinic-terracotta-tile-antwerpen-building-980x652@2x.jpg 1960w, https:\/\/tonality.de\/wp-content\/uploads\/2022\/10\/tonality-reference-cadix-clinic-terracotta-tile-antwerpen-building-480x319@2x.jpg 960w\" sizes=\"(min-width: 0px) and (max-width: 480px) 480px, (min-width: 481px) and (max-width: 980px) 980px, (min-width: 981px) 1082px, 100vw\" \/><div class=\"reference-grid__details\"><div class=\"reference-grid__details--info\">Education & Health | Antwerpen, BE<\/div><h3 class=\"reference-grid__details--name\">Cadix Krankenhaus<\/h3><\/div><\/a><a href=\"#\" class=\"watchlist__add_remove_link watchlist-add-item link--icon-right link--icon-right--white link--icon-watchlist\" data-type=\"references\" data-id=\"8339\">Zur Merkliste hinzuf\u00fcgen<\/a><\/div><div class=\"reference-grid__item\"><a href=\"https:\/\/tonality.de\/de\/referenzen\/universitaet-augsburg\/\" class=\"gradient-overlay\" ><img decoding=\"async\" width=\"1280\" height=\"704\" src=\"https:\/\/tonality.de\/wp-content\/uploads\/2024\/07\/tonality-referenz-universitaet-augsburg-frontansicht-keramische-squares-1280x704.webp\" class=\"aspect_3_2 wp-post-image\" alt=\"Frontansicht des Medizin-Campus der Universit\u00e4t Augsburg mit keramischen Tonality Fassadenplatten im Squares-Design, die moderne Architektur und nachhaltige Bauweise hervorheben.\" srcset=\"https:\/\/tonality.de\/wp-content\/uploads\/2024\/07\/tonality-referenz-universitaet-augsburg-frontansicht-keramische-squares-1280x704.webp 1280w, https:\/\/tonality.de\/wp-content\/uploads\/2024\/07\/tonality-referenz-universitaet-augsburg-frontansicht-keramische-squares-980x539.webp 980w, https:\/\/tonality.de\/wp-content\/uploads\/2024\/07\/tonality-referenz-universitaet-augsburg-frontansicht-keramische-squares-480x264.webp 480w, https:\/\/tonality.de\/wp-content\/uploads\/2024\/07\/tonality-referenz-universitaet-augsburg-frontansicht-keramische-squares-980x539@2x.webp 1960w, https:\/\/tonality.de\/wp-content\/uploads\/2024\/07\/tonality-referenz-universitaet-augsburg-frontansicht-keramische-squares-480x264@2x.webp 960w\" sizes=\"(min-width: 0px) and (max-width: 480px) 480px, (min-width: 481px) and (max-width: 980px) 980px, (min-width: 981px) and (max-width: 1280px) 1280px, 100vw\" \/><div class=\"reference-grid__details\"><div class=\"reference-grid__details--info\">Education & Health | Augsburg, DE<\/div><h3 class=\"reference-grid__details--name\">Medizin-Campus der Universit\u00e4t Augsburg<\/h3><\/div><\/a><a href=\"#\" class=\"watchlist__add_remove_link watchlist-add-item link--icon-right link--icon-right--white link--icon-watchlist\" data-type=\"references\" data-id=\"30694\">Zur Merkliste hinzuf\u00fcgen<\/a><\/div><div class=\"reference-grid__item\"><a href=\"https:\/\/tonality.de\/de\/referenzen\/bayers-lake-outpatients-center\/\" class=\"gradient-overlay\" ><img decoding=\"async\" width=\"1091\" height=\"720\" src=\"https:\/\/tonality.de\/wp-content\/uploads\/2025\/08\/bayers-lake-outpatient-center-2-1-1280x845.png\" class=\"aspect_3_2 wp-post-image\" alt=\"Bayers Lake Outpatient Center: Modernes zweist\u00f6ckiges medizinisches Zentrum mit Glasfassade und \u00fcberdachtem Eingang.\" srcset=\"https:\/\/tonality.de\/wp-content\/uploads\/2025\/08\/bayers-lake-outpatient-center-2-1-980x647.png 980w, https:\/\/tonality.de\/wp-content\/uploads\/2025\/08\/bayers-lake-outpatient-center-2-1-480x317.png 480w, https:\/\/tonality.de\/wp-content\/uploads\/2025\/08\/bayers-lake-outpatient-center-2-1-980x647@2x.png 1960w, https:\/\/tonality.de\/wp-content\/uploads\/2025\/08\/bayers-lake-outpatient-center-2-1-480x317@2x.png 960w\" sizes=\"(min-width: 0px) and (max-width: 480px) 480px, (min-width: 481px) and (max-width: 980px) 980px, (min-width: 981px) 1091px, 100vw\" \/><div class=\"reference-grid__details\"><div class=\"reference-grid__details--info\">Education & Health | Halifax, CA<\/div><h3 class=\"reference-grid__details--name\">Bayers Lake Outpatients Center<\/h3><\/div><\/a><a href=\"#\" class=\"watchlist__add_remove_link watchlist-add-item link--icon-right link--icon-right--white link--icon-watchlist\" data-type=\"references\" data-id=\"37409\">Zur Merkliste hinzuf\u00fcgen<\/a><\/div><div class=\"reference-grid__item\"><a href=\"https:\/\/tonality.de\/de\/referenzen\/nscc-waterfront-campus\/\" class=\"gradient-overlay\" ><img decoding=\"async\" width=\"1091\" height=\"720\" src=\"https:\/\/tonality.de\/wp-content\/uploads\/2025\/08\/nscc-waterfont-sydney-1-1280x845.png\" class=\"aspect_3_2 wp-post-image\" alt=\"NSCC Waterfont Sydney\" srcset=\"https:\/\/tonality.de\/wp-content\/uploads\/2025\/08\/nscc-waterfont-sydney-1-980x647.png 980w, https:\/\/tonality.de\/wp-content\/uploads\/2025\/08\/nscc-waterfont-sydney-1-480x317.png 480w, https:\/\/tonality.de\/wp-content\/uploads\/2025\/08\/nscc-waterfont-sydney-1-980x647@2x.png 1960w, https:\/\/tonality.de\/wp-content\/uploads\/2025\/08\/nscc-waterfont-sydney-1-480x317@2x.png 960w\" sizes=\"(min-width: 0px) and (max-width: 480px) 480px, (min-width: 481px) and (max-width: 980px) 980px, (min-width: 981px) 1091px, 100vw\" \/><div class=\"reference-grid__details\"><div class=\"reference-grid__details--info\">Education & Health | Sydney, CA<\/div><h3 class=\"reference-grid__details--name\">NSCC Waterfront Campus<\/h3><\/div><\/a><a href=\"#\" class=\"watchlist__add_remove_link watchlist-add-item link--icon-right link--icon-right--white link--icon-watchlist\" data-type=\"references\" data-id=\"37411\">Zur Merkliste hinzuf\u00fcgen<\/a><\/div><div class=\"reference-grid__item\"><a href=\"https:\/\/tonality.de\/de\/referenzen\/neckar-odenwald-klinik-buchen\/\" class=\"gradient-overlay\" ><img decoding=\"async\" width=\"1055\" height=\"720\" src=\"https:\/\/tonality.de\/wp-content\/uploads\/2025\/05\/70-to-cl-kkh-g-1.jpg\" class=\"aspect_3_2 wp-post-image\" alt=\"\" srcset=\"https:\/\/tonality.de\/wp-content\/uploads\/2025\/05\/70-to-cl-kkh-g-1.jpg 1055w, https:\/\/tonality.de\/wp-content\/uploads\/2025\/05\/70-to-cl-kkh-g-1-980x669.jpg 980w, https:\/\/tonality.de\/wp-content\/uploads\/2025\/05\/70-to-cl-kkh-g-1-480x328.jpg 480w, https:\/\/tonality.de\/wp-content\/uploads\/2025\/05\/70-to-cl-kkh-g-1-480x328@2x.jpg 960w\" sizes=\"(min-width: 0px) and (max-width: 480px) 480px, (min-width: 481px) and (max-width: 980px) 980px, (min-width: 981px) 1055px, 100vw\" \/><div class=\"reference-grid__details\"><div class=\"reference-grid__details--info\">Education & Health | Buchen, DE<\/div><h3 class=\"reference-grid__details--name\">Neckar Odenwald Klinik Buchen<\/h3><\/div><\/a><a href=\"#\" class=\"watchlist__add_remove_link watchlist-add-item link--icon-right link--icon-right--white link--icon-watchlist\" data-type=\"references\" data-id=\"37824\">Zur Merkliste hinzuf\u00fcgen<\/a><\/div><div class=\"reference-grid__item\"><a href=\"https:\/\/tonality.de\/de\/referenzen\/sporthalle-albert-schweitzer-schule-dresden\/\" class=\"gradient-overlay\" ><img decoding=\"async\" width=\"1091\" height=\"720\" src=\"https:\/\/tonality.de\/wp-content\/uploads\/2025\/07\/sporthalle-dresden-header-2-min-1280x845.png\" class=\"aspect_3_2 wp-post-image\" alt=\"\" srcset=\"https:\/\/tonality.de\/wp-content\/uploads\/2025\/07\/sporthalle-dresden-header-2-min-980x647.png 980w, https:\/\/tonality.de\/wp-content\/uploads\/2025\/07\/sporthalle-dresden-header-2-min-480x317.png 480w, https:\/\/tonality.de\/wp-content\/uploads\/2025\/07\/sporthalle-dresden-header-2-min-980x647@2x.png 1960w, https:\/\/tonality.de\/wp-content\/uploads\/2025\/07\/sporthalle-dresden-header-2-min-480x317@2x.png 960w\" sizes=\"(min-width: 0px) and (max-width: 480px) 480px, (min-width: 481px) and (max-width: 980px) 980px, (min-width: 981px) 1091px, 100vw\" \/><div class=\"reference-grid__details\"><div class=\"reference-grid__details--info\">Education & Health | Dresden, DE<\/div><h3 class=\"reference-grid__details--name\">Sporthalle Albert-Schweitzer-Schule<\/h3><\/div><\/a><a href=\"#\" class=\"watchlist__add_remove_link watchlist-add-item link--icon-right link--icon-right--white link--icon-watchlist\" data-type=\"references\" data-id=\"38235\">Zur Merkliste hinzuf\u00fcgen<\/a><\/div><div class=\"reference-grid__item\"><a href=\"https:\/\/tonality.de\/de\/referenzen\/emergency-service-facility-new-jersey\/\" class=\"gradient-overlay\" ><img decoding=\"async\" width=\"1091\" height=\"720\" src=\"https:\/\/tonality.de\/wp-content\/uploads\/2025\/11\/sommerville-emergency-center-2-1280x845.png\" class=\"aspect_3_2 wp-post-image\" alt=\"Sommerville Emergency Center\" srcset=\"https:\/\/tonality.de\/wp-content\/uploads\/2025\/11\/sommerville-emergency-center-2-980x647.png 980w, https:\/\/tonality.de\/wp-content\/uploads\/2025\/11\/sommerville-emergency-center-2-480x317.png 480w, https:\/\/tonality.de\/wp-content\/uploads\/2025\/11\/sommerville-emergency-center-2-980x647@2x.png 1960w, https:\/\/tonality.de\/wp-content\/uploads\/2025\/11\/sommerville-emergency-center-2-480x317@2x.png 960w\" sizes=\"(min-width: 0px) and (max-width: 480px) 480px, (min-width: 481px) and (max-width: 980px) 980px, (min-width: 981px) 1091px, 100vw\" \/><div class=\"reference-grid__details\"><div class=\"reference-grid__details--info\">Education & Health | New Jersey, US<\/div><h3 class=\"reference-grid__details--name\">Emergency Service Facility<\/h3><\/div><\/a><a href=\"#\" class=\"watchlist__add_remove_link watchlist-add-item link--icon-right link--icon-right--white link--icon-watchlist\" data-type=\"references\" data-id=\"39854\">Zur Merkliste hinzuf\u00fcgen<\/a><\/div><div class=\"reference-grid__item\"><a href=\"https:\/\/tonality.de\/de\/referenzen\/akademia-leona-kozminskiego-warschau\/\" class=\"gradient-overlay\" ><img decoding=\"async\" width=\"1091\" height=\"720\" src=\"https:\/\/tonality.de\/wp-content\/uploads\/2025\/11\/leona-universitat-2-1-1280x845.png\" class=\"aspect_3_2 wp-post-image\" alt=\"\" srcset=\"https:\/\/tonality.de\/wp-content\/uploads\/2025\/11\/leona-universitat-2-1-980x647.png 980w, https:\/\/tonality.de\/wp-content\/uploads\/2025\/11\/leona-universitat-2-1-480x317.png 480w, https:\/\/tonality.de\/wp-content\/uploads\/2025\/11\/leona-universitat-2-1-980x647@2x.png 1960w, https:\/\/tonality.de\/wp-content\/uploads\/2025\/11\/leona-universitat-2-1-480x317@2x.png 960w\" sizes=\"(min-width: 0px) and (max-width: 480px) 480px, (min-width: 481px) and (max-width: 980px) 980px, (min-width: 981px) 1091px, 100vw\" \/><div class=\"reference-grid__details\"><div class=\"reference-grid__details--info\">Education & Health | Warschau, PL<\/div><h3 class=\"reference-grid__details--name\">Akademia Leona Ko\u017ami\u0144skiego<\/h3><\/div><\/a><a href=\"#\" class=\"watchlist__add_remove_link watchlist-add-item link--icon-right link--icon-right--white link--icon-watchlist\" data-type=\"references\" data-id=\"40091\">Zur Merkliste hinzuf\u00fcgen<\/a><\/div><div class=\"reference-grid__item\"><a href=\"https:\/\/tonality.de\/de\/referenzen\/peek-und-cloppenburg-luebeck\/\" class=\"gradient-overlay\" ><img decoding=\"async\" width=\"908\" height=\"720\" src=\"https:\/\/tonality.de\/wp-content\/uploads\/2024\/10\/peek-und-cloppenburg-1280x1015.jpg\" class=\"aspect_3_2 wp-post-image\" alt=\"Peek und Cloppenburg Geb\u00e4ude in L\u00fcbeck\" srcset=\"https:\/\/tonality.de\/wp-content\/uploads\/2024\/10\/peek-und-cloppenburg-480x380.jpg 480w, https:\/\/tonality.de\/wp-content\/uploads\/2024\/10\/peek-und-cloppenburg-480x380@2x.jpg 960w\" sizes=\"(min-width: 0px) and (max-width: 480px) 480px, (min-width: 481px) 908px, 100vw\" \/><div class=\"reference-grid__details\"><div class=\"reference-grid__details--info\">Leisure | L\u00fcbeck, DE<\/div><h3 class=\"reference-grid__details--name\">Peek und Cloppenburg<\/h3><\/div><\/a><a href=\"#\" class=\"watchlist__add_remove_link watchlist-add-item link--icon-right link--icon-right--white link--icon-watchlist\" data-type=\"references\" data-id=\"36826\">Zur Merkliste hinzuf\u00fcgen<\/a><\/div><div class=\"reference-grid__item\"><a href=\"https:\/\/tonality.de\/de\/referenzen\/16-e-16th-street-hotel-the-twentytwo\/\" class=\"gradient-overlay\" ><img decoding=\"async\" width=\"960\" height=\"720\" src=\"https:\/\/tonality.de\/wp-content\/uploads\/2025\/01\/16-e-16-street-new-york-1-1280x960.jpg\" class=\"aspect_3_2 wp-post-image\" alt=\"\" srcset=\"https:\/\/tonality.de\/wp-content\/uploads\/2025\/01\/16-e-16-street-new-york-1-480x360.jpg 480w, https:\/\/tonality.de\/wp-content\/uploads\/2025\/01\/16-e-16-street-new-york-1-480x360@2x.jpg 960w\" sizes=\"(min-width: 0px) and (max-width: 480px) 480px, (min-width: 481px) 960px, 100vw\" \/><div class=\"reference-grid__details\"><div class=\"reference-grid__details--info\">Leisure | New York City, NY, US<\/div><h3 class=\"reference-grid__details--name\">16 E 16th Street Hotel \u2013 The TwentyTwo<\/h3><\/div><\/a><a href=\"#\" class=\"watchlist__add_remove_link watchlist-add-item link--icon-right link--icon-right--white link--icon-watchlist\" data-type=\"references\" data-id=\"37310\">Zur Merkliste hinzuf\u00fcgen<\/a><\/div><div class=\"reference-grid__item\"><a href=\"https:\/\/tonality.de\/de\/referenzen\/the-wave\/\" class=\"gradient-overlay\" ><img decoding=\"async\" width=\"1079\" height=\"720\" src=\"https:\/\/tonality.de\/wp-content\/uploads\/2020\/12\/The_Wave_DSC9101_Jacob_Due-1280x854.jpg\" class=\"aspect_3_2 wp-post-image\" alt=\"\" srcset=\"https:\/\/tonality.de\/wp-content\/uploads\/2020\/12\/The_Wave_DSC9101_Jacob_Due-980x654.jpg 980w, https:\/\/tonality.de\/wp-content\/uploads\/2020\/12\/The_Wave_DSC9101_Jacob_Due-480x320.jpg 480w, https:\/\/tonality.de\/wp-content\/uploads\/2020\/12\/The_Wave_DSC9101_Jacob_Due-980x654@2x.jpg 1960w, https:\/\/tonality.de\/wp-content\/uploads\/2020\/12\/The_Wave_DSC9101_Jacob_Due-480x320@2x.jpg 960w\" sizes=\"(min-width: 0px) and (max-width: 480px) 480px, (min-width: 481px) and (max-width: 980px) 980px, (min-width: 981px) 1079px, 100vw\" \/><div class=\"reference-grid__details\"><div class=\"reference-grid__details--info\">Residential | Vejle, DK<\/div><h3 class=\"reference-grid__details--name\">The Wave<\/h3><\/div><\/a><a href=\"#\" class=\"watchlist__add_remove_link watchlist-add-item link--icon-right link--icon-right--white link--icon-watchlist\" data-type=\"references\" data-id=\"1768\">Zur Merkliste hinzuf\u00fcgen<\/a><\/div><div class=\"reference-grid__item\"><a href=\"https:\/\/tonality.de\/de\/referenzen\/vesalius\/\" class=\"gradient-overlay\" ><img decoding=\"async\" width=\"1079\" height=\"720\" src=\"https:\/\/tonality.de\/wp-content\/uploads\/2020\/12\/3901_002-1280x854.jpg\" class=\"aspect_3_2 wp-post-image\" alt=\"\" srcset=\"https:\/\/tonality.de\/wp-content\/uploads\/2020\/12\/3901_002-980x654.jpg 980w, https:\/\/tonality.de\/wp-content\/uploads\/2020\/12\/3901_002-480x320.jpg 480w, https:\/\/tonality.de\/wp-content\/uploads\/2020\/12\/3901_002-980x654@2x.jpg 1960w, https:\/\/tonality.de\/wp-content\/uploads\/2020\/12\/3901_002-480x320@2x.jpg 960w\" sizes=\"(min-width: 0px) and (max-width: 480px) 480px, (min-width: 481px) and (max-width: 980px) 980px, (min-width: 981px) 1079px, 100vw\" \/><div class=\"reference-grid__details\"><div class=\"reference-grid__details--info\">Residential | Leuven, BE<\/div><h3 class=\"reference-grid__details--name\">Vesalius<\/h3><\/div><\/a><a href=\"#\" class=\"watchlist__add_remove_link watchlist-add-item link--icon-right link--icon-right--white link--icon-watchlist\" data-type=\"references\" data-id=\"1781\">Zur Merkliste hinzuf\u00fcgen<\/a><\/div><div class=\"reference-grid__item\"><a href=\"https:\/\/tonality.de\/de\/referenzen\/st-charles-market\/\" class=\"gradient-overlay\" ><img decoding=\"async\" width=\"1200\" height=\"720\" src=\"https:\/\/tonality.de\/wp-content\/uploads\/2021\/05\/tonality-referenz-st-charles-market-rendering-1280x768.jpg\" class=\"aspect_3_2 wp-post-image\" alt=\"Tonality Referenz St Charles Market rendering.\" srcset=\"https:\/\/tonality.de\/wp-content\/uploads\/2021\/05\/tonality-referenz-st-charles-market-rendering-980x588.jpg 980w, https:\/\/tonality.de\/wp-content\/uploads\/2021\/05\/tonality-referenz-st-charles-market-rendering-480x288.jpg 480w, https:\/\/tonality.de\/wp-content\/uploads\/2021\/05\/tonality-referenz-st-charles-market-rendering-980x588@2x.jpg 1960w, https:\/\/tonality.de\/wp-content\/uploads\/2021\/05\/tonality-referenz-st-charles-market-rendering-480x288@2x.jpg 960w\" sizes=\"(min-width: 0px) and (max-width: 480px) 480px, (min-width: 481px) and (max-width: 980px) 980px, (min-width: 981px) 1200px, 100vw\" \/><div class=\"reference-grid__details\"><div class=\"reference-grid__details--info\">Residential | Ottawa, CA<\/div><h3 class=\"reference-grid__details--name\">St. Charles Market<\/h3><\/div><\/a><a href=\"#\" class=\"watchlist__add_remove_link watchlist-add-item link--icon-right link--icon-right--white link--icon-watchlist\" data-type=\"references\" data-id=\"3960\">Zur Merkliste hinzuf\u00fcgen<\/a><\/div><div class=\"reference-grid__item\"><a href=\"https:\/\/tonality.de\/de\/referenzen\/leitza-navarra\/\" class=\"gradient-overlay\" ><img decoding=\"async\" width=\"873\" height=\"720\" src=\"https:\/\/tonality.de\/wp-content\/uploads\/2021\/05\/tonality-referenz-leitza-diagonalsicht-1280x1056.jpg\" class=\"aspect_3_2 wp-post-image\" alt=\"Tonality Referenz Leitza Diagonalsicht.\" srcset=\"https:\/\/tonality.de\/wp-content\/uploads\/2021\/05\/tonality-referenz-leitza-diagonalsicht-480x396.jpg 480w, https:\/\/tonality.de\/wp-content\/uploads\/2021\/05\/tonality-referenz-leitza-diagonalsicht-480x396@2x.jpg 960w\" sizes=\"(min-width: 0px) and (max-width: 480px) 480px, (min-width: 481px) 873px, 100vw\" \/><div class=\"reference-grid__details\"><div class=\"reference-grid__details--info\">Residential | Leitza, Navarra, ES<\/div><h3 class=\"reference-grid__details--name\">Leitza<\/h3><\/div><\/a><a href=\"#\" class=\"watchlist__add_remove_link watchlist-add-item link--icon-right link--icon-right--white link--icon-watchlist\" data-type=\"references\" data-id=\"4031\">Zur Merkliste hinzuf\u00fcgen<\/a><\/div><div class=\"reference-grid__item\"><a href=\"https:\/\/tonality.de\/de\/referenzen\/new-festival-quarter\/\" class=\"gradient-overlay\" ><img decoding=\"async\" width=\"1080\" height=\"720\" src=\"https:\/\/tonality.de\/wp-content\/uploads\/2021\/11\/tonality-referenz-new-festival-quarter-front-1280x853.jpg\" class=\"aspect_3_2 wp-post-image\" alt=\"Moderne Wohngeb\u00e4ude im New Festival Quarter mit einer Kombination aus hellen Keramikpaneelen und Backsteinfassaden, gro\u00dfen Fenstern und Balkonen, die eine abwechslungsreiche und strukturierte Optik bieten\" srcset=\"https:\/\/tonality.de\/wp-content\/uploads\/2021\/11\/tonality-referenz-new-festival-quarter-front-980x653.jpg 980w, https:\/\/tonality.de\/wp-content\/uploads\/2021\/11\/tonality-referenz-new-festival-quarter-front-480x320.jpg 480w, https:\/\/tonality.de\/wp-content\/uploads\/2021\/11\/tonality-referenz-new-festival-quarter-front-980x653@2x.jpg 1960w, https:\/\/tonality.de\/wp-content\/uploads\/2021\/11\/tonality-referenz-new-festival-quarter-front-480x320@2x.jpg 960w\" sizes=\"(min-width: 0px) and (max-width: 480px) 480px, (min-width: 481px) and (max-width: 980px) 980px, (min-width: 981px) 1080px, 100vw\" \/><div class=\"reference-grid__details\"><div class=\"reference-grid__details--info\">Residential | London, UK<\/div><h3 class=\"reference-grid__details--name\">New Festival Quarter<\/h3><\/div><\/a><a href=\"#\" class=\"watchlist__add_remove_link watchlist-add-item link--icon-right link--icon-right--white link--icon-watchlist\" data-type=\"references\" data-id=\"5747\">Zur Merkliste hinzuf\u00fcgen<\/a><\/div><div class=\"reference-grid__item\"><a href=\"https:\/\/tonality.de\/de\/referenzen\/quartermile\/\" class=\"gradient-overlay\" ><img decoding=\"async\" width=\"1079\" height=\"720\" src=\"https:\/\/tonality.de\/wp-content\/uploads\/2021\/11\/tonality-reference-quartermile-3-1280x854.jpg\" class=\"aspect_3_2 wp-post-image\" alt=\"Moderne Wohngeb\u00e4ude im Quartermile-Viertel mit grauen Keramikpaneelen und zahlreichen Fenstern, die eine abwechslungsreiche Fassade bilden, darunter ein Durchgang mit einem roten Pfeiler\" srcset=\"https:\/\/tonality.de\/wp-content\/uploads\/2021\/11\/tonality-reference-quartermile-3-980x653.jpg 980w, https:\/\/tonality.de\/wp-content\/uploads\/2021\/11\/tonality-reference-quartermile-3-480x320.jpg 480w, https:\/\/tonality.de\/wp-content\/uploads\/2021\/11\/tonality-reference-quartermile-3-980x653@2x.jpg 1960w, https:\/\/tonality.de\/wp-content\/uploads\/2021\/11\/tonality-reference-quartermile-3-480x320@2x.jpg 960w\" sizes=\"(min-width: 0px) and (max-width: 480px) 480px, (min-width: 481px) and (max-width: 980px) 980px, (min-width: 981px) 1079px, 100vw\" \/><div class=\"reference-grid__details\"><div class=\"reference-grid__details--info\">Residential | Edingburgh, UK<\/div><h3 class=\"reference-grid__details--name\">Quartermile<\/h3><\/div><\/a><a href=\"#\" class=\"watchlist__add_remove_link watchlist-add-item link--icon-right link--icon-right--white link--icon-watchlist\" data-type=\"references\" data-id=\"5805\">Zur Merkliste hinzuf\u00fcgen<\/a><\/div><div class=\"reference-grid__item\"><a href=\"https:\/\/tonality.de\/de\/referenzen\/wohnungsbau-innenhafen\/\" class=\"gradient-overlay\" ><img decoding=\"async\" width=\"1034\" height=\"720\" src=\"https:\/\/tonality.de\/wp-content\/uploads\/2021\/12\/tonality-referenz-wohnungsbau-innenhafen-duisburg-1280x891.jpg\" class=\"aspect_3_2 wp-post-image\" alt=\"Wohnungsbauprojekt im Innenhafen Duisburg mit roten Keramikpaneelen, modernen Balkonen und gro\u00dfen Fenstern, entlang eines Kanals gelegen\" srcset=\"https:\/\/tonality.de\/wp-content\/uploads\/2021\/12\/tonality-referenz-wohnungsbau-innenhafen-duisburg-980x682.jpg 980w, https:\/\/tonality.de\/wp-content\/uploads\/2021\/12\/tonality-referenz-wohnungsbau-innenhafen-duisburg-480x334.jpg 480w, https:\/\/tonality.de\/wp-content\/uploads\/2021\/12\/tonality-referenz-wohnungsbau-innenhafen-duisburg-980x682@2x.jpg 1960w, https:\/\/tonality.de\/wp-content\/uploads\/2021\/12\/tonality-referenz-wohnungsbau-innenhafen-duisburg-480x334@2x.jpg 960w\" sizes=\"(min-width: 0px) and (max-width: 480px) 480px, (min-width: 481px) and (max-width: 980px) 980px, (min-width: 981px) 1034px, 100vw\" \/><div class=\"reference-grid__details\"><div class=\"reference-grid__details--info\">Residential | Duisburg, DE<\/div><h3 class=\"reference-grid__details--name\">Wohnungsbau Innenhafen<\/h3><\/div><\/a><a href=\"#\" class=\"watchlist__add_remove_link watchlist-add-item link--icon-right link--icon-right--white link--icon-watchlist\" data-type=\"references\" data-id=\"6064\">Zur Merkliste hinzuf\u00fcgen<\/a><\/div><div class=\"reference-grid__item\"><a href=\"https:\/\/tonality.de\/de\/referenzen\/sanctuary\/\" class=\"gradient-overlay\" ><img decoding=\"async\" width=\"960\" height=\"720\" src=\"https:\/\/tonality.de\/wp-content\/uploads\/2022\/04\/tonality-facades-reference-australia-sanctuary-ceramic-facade-front-view-night-1280x960.jpg\" class=\"aspect_3_2 wp-post-image\" alt=\"Tonality Facades Reference: Australia Sanctuary Ceramic Facade Front View Night\" srcset=\"https:\/\/tonality.de\/wp-content\/uploads\/2022\/04\/tonality-facades-reference-australia-sanctuary-ceramic-facade-front-view-night-480x360.jpg 480w, https:\/\/tonality.de\/wp-content\/uploads\/2022\/04\/tonality-facades-reference-australia-sanctuary-ceramic-facade-front-view-night-480x360@2x.jpg 960w\" sizes=\"(min-width: 0px) and (max-width: 480px) 480px, (min-width: 481px) 960px, 100vw\" \/><div class=\"reference-grid__details\"><div class=\"reference-grid__details--info\">Residential | Wentworth Point NSW, AU<\/div><h3 class=\"reference-grid__details--name\">Sanctuary<\/h3><\/div><\/a><a href=\"#\" class=\"watchlist__add_remove_link watchlist-add-item link--icon-right link--icon-right--white link--icon-watchlist\" data-type=\"references\" data-id=\"7160\">Zur Merkliste hinzuf\u00fcgen<\/a><\/div><div class=\"reference-grid__item\"><a href=\"https:\/\/tonality.de\/de\/referenzen\/col-james-student-accommodation\/\" class=\"gradient-overlay\" ><img decoding=\"async\" width=\"1041\" height=\"720\" src=\"https:\/\/tonality.de\/wp-content\/uploads\/2022\/11\/tonality-australia-terracotta-facade-architect-turner-coljames-student-housing-facade-main-entry-1280x885.jpg\" class=\"aspect_3_2 wp-post-image\" alt=\"Main entry of Coljames student housing showcasing Australia&#039;s terracotta facade with tonal variations, designed by Architect Turner for a unique and striking visual effect\" srcset=\"https:\/\/tonality.de\/wp-content\/uploads\/2022\/11\/tonality-australia-terracotta-facade-architect-turner-coljames-student-housing-facade-main-entry-980x677.jpg 980w, https:\/\/tonality.de\/wp-content\/uploads\/2022\/11\/tonality-australia-terracotta-facade-architect-turner-coljames-student-housing-facade-main-entry-480x332.jpg 480w, https:\/\/tonality.de\/wp-content\/uploads\/2022\/11\/tonality-australia-terracotta-facade-architect-turner-coljames-student-housing-facade-main-entry-980x677@2x.jpg 1960w, https:\/\/tonality.de\/wp-content\/uploads\/2022\/11\/tonality-australia-terracotta-facade-architect-turner-coljames-student-housing-facade-main-entry-480x332@2x.jpg 960w\" sizes=\"(min-width: 0px) and (max-width: 480px) 480px, (min-width: 481px) and (max-width: 980px) 980px, (min-width: 981px) 1041px, 100vw\" \/><div class=\"reference-grid__details\"><div class=\"reference-grid__details--info\">Residential | Redfern NSW, AU<\/div><h3 class=\"reference-grid__details--name\">Col James Student Accommodation<\/h3><\/div><\/a><a href=\"#\" class=\"watchlist__add_remove_link watchlist-add-item link--icon-right link--icon-right--white link--icon-watchlist\" data-type=\"references\" data-id=\"8609\">Zur Merkliste hinzuf\u00fcgen<\/a><\/div><div class=\"reference-grid__item\"><a href=\"https:\/\/tonality.de\/de\/referenzen\/vmd-apartments\/\" class=\"gradient-overlay\" ><img decoding=\"async\" width=\"1110\" height=\"720\" src=\"https:\/\/tonality.de\/wp-content\/uploads\/2022\/11\/terracotta-facade-ceramic-reference-montano-residential-building-main-picture-1280x830.jpg\" class=\"aspect_3_2 wp-post-image\" alt=\"Terracotta ceramic facade as a reference to Montano residential building - main picture - Sustainable and elegant building design using high-quality ceramic materials\" srcset=\"https:\/\/tonality.de\/wp-content\/uploads\/2022\/11\/terracotta-facade-ceramic-reference-montano-residential-building-main-picture-980x636.jpg 980w, https:\/\/tonality.de\/wp-content\/uploads\/2022\/11\/terracotta-facade-ceramic-reference-montano-residential-building-main-picture-480x311.jpg 480w, https:\/\/tonality.de\/wp-content\/uploads\/2022\/11\/terracotta-facade-ceramic-reference-montano-residential-building-main-picture-980x636@2x.jpg 1960w, https:\/\/tonality.de\/wp-content\/uploads\/2022\/11\/terracotta-facade-ceramic-reference-montano-residential-building-main-picture-480x311@2x.jpg 960w\" sizes=\"(min-width: 0px) and (max-width: 480px) 480px, (min-width: 481px) and (max-width: 980px) 980px, (min-width: 981px) 1110px, 100vw\" \/><div class=\"reference-grid__details\"><div class=\"reference-grid__details--info\">Residential | Zagreb, HR<\/div><h3 class=\"reference-grid__details--name\">VMD Apartments<\/h3><\/div><\/a><a href=\"#\" class=\"watchlist__add_remove_link watchlist-add-item link--icon-right link--icon-right--white link--icon-watchlist\" data-type=\"references\" data-id=\"8687\">Zur Merkliste hinzuf\u00fcgen<\/a><\/div><div class=\"reference-grid__item\"><a href=\"https:\/\/tonality.de\/de\/referenzen\/wohnheim-bodensee\/\" class=\"gradient-overlay\" ><img decoding=\"async\" width=\"1040\" height=\"720\" src=\"https:\/\/tonality.de\/wp-content\/uploads\/2023\/08\/fassadensanierung-keramikfassade-lindau-frontansicht-1280x886.webp\" class=\"aspect_3_2 wp-post-image\" alt=\"Frontansicht der sanierten Keramikfassade eines Geb\u00e4udes in Lindau mit grauen Platten und Solarpaneelen\" srcset=\"https:\/\/tonality.de\/wp-content\/uploads\/2023\/08\/fassadensanierung-keramikfassade-lindau-frontansicht-980x679.webp 980w, https:\/\/tonality.de\/wp-content\/uploads\/2023\/08\/fassadensanierung-keramikfassade-lindau-frontansicht-480x332.webp 480w, https:\/\/tonality.de\/wp-content\/uploads\/2023\/08\/fassadensanierung-keramikfassade-lindau-frontansicht-980x679@2x.webp 1960w, https:\/\/tonality.de\/wp-content\/uploads\/2023\/08\/fassadensanierung-keramikfassade-lindau-frontansicht-480x332@2x.webp 960w\" sizes=\"(min-width: 0px) and (max-width: 480px) 480px, (min-width: 481px) and (max-width: 980px) 980px, (min-width: 981px) 1040px, 100vw\" \/><div class=\"reference-grid__details\"><div class=\"reference-grid__details--info\">Residential | Lindau, DE<\/div><h3 class=\"reference-grid__details--name\">Wohnheim Bodensee<\/h3><\/div><\/a><a href=\"#\" class=\"watchlist__add_remove_link watchlist-add-item link--icon-right link--icon-right--white link--icon-watchlist\" data-type=\"references\" data-id=\"25598\">Zur Merkliste hinzuf\u00fcgen<\/a><\/div><div class=\"reference-grid__item\"><a href=\"https:\/\/tonality.de\/de\/referenzen\/urdax\/\" class=\"gradient-overlay\" ><img decoding=\"async\" width=\"1080\" height=\"720\" src=\"https:\/\/tonality.de\/wp-content\/uploads\/2023\/11\/tonality-reference-spainjacar-monasterio-urdax-7-1-1280x853.webp\" class=\"aspect_3_2 wp-post-image\" alt=\"Detailansicht des Jacar Monasterio Urdax in Spanien mit Tonality Keramikfassade und Holzverkleidung, die die hochwertige Verarbeitung und das \u00e4sthetische Design zeigt.\" srcset=\"https:\/\/tonality.de\/wp-content\/uploads\/2023\/11\/tonality-reference-spainjacar-monasterio-urdax-7-1-980x653.webp 980w, https:\/\/tonality.de\/wp-content\/uploads\/2023\/11\/tonality-reference-spainjacar-monasterio-urdax-7-1-480x320.webp 480w, https:\/\/tonality.de\/wp-content\/uploads\/2023\/11\/tonality-reference-spainjacar-monasterio-urdax-7-1-480x320@2x.webp 960w\" sizes=\"(min-width: 0px) and (max-width: 480px) 480px, (min-width: 481px) and (max-width: 980px) 980px, (min-width: 981px) 1080px, 100vw\" \/><div class=\"reference-grid__details\"><div class=\"reference-grid__details--info\">Residential | Pamplona, ES<\/div><h3 class=\"reference-grid__details--name\">Urdax<\/h3><\/div><\/a><a href=\"#\" class=\"watchlist__add_remove_link watchlist-add-item link--icon-right link--icon-right--white link--icon-watchlist\" data-type=\"references\" data-id=\"27082\">Zur Merkliste hinzuf\u00fcgen<\/a><\/div><div class=\"reference-grid__item\"><a href=\"https:\/\/tonality.de\/de\/referenzen\/11-e-lenox\/\" class=\"gradient-overlay\" ><img decoding=\"async\" width=\"1080\" height=\"720\" src=\"https:\/\/tonality.de\/wp-content\/uploads\/2023\/11\/tonality-referenz-elenox-boston-usa-entry-1280x853.webp\" class=\"aspect_3_2 wp-post-image\" alt=\"Tonality Referenzgeb\u00e4ude ELenox in Boston, USA, mit modernem Eingang und Keramikfassade, die die stilvolle und funktionale Gestaltung betont.\" srcset=\"https:\/\/tonality.de\/wp-content\/uploads\/2023\/11\/tonality-referenz-elenox-boston-usa-entry-980x653.webp 980w, https:\/\/tonality.de\/wp-content\/uploads\/2023\/11\/tonality-referenz-elenox-boston-usa-entry-480x320.webp 480w, https:\/\/tonality.de\/wp-content\/uploads\/2023\/11\/tonality-referenz-elenox-boston-usa-entry-980x653@2x.webp 1960w, https:\/\/tonality.de\/wp-content\/uploads\/2023\/11\/tonality-referenz-elenox-boston-usa-entry-480x320@2x.webp 960w\" sizes=\"(min-width: 0px) and (max-width: 480px) 480px, (min-width: 481px) and (max-width: 980px) 980px, (min-width: 981px) 1080px, 100vw\" \/><div class=\"reference-grid__details\"><div class=\"reference-grid__details--info\">Residential | Boston, US<\/div><h3 class=\"reference-grid__details--name\">11 E Lenox<\/h3><\/div><\/a><a href=\"#\" class=\"watchlist__add_remove_link watchlist-add-item link--icon-right link--icon-right--white link--icon-watchlist\" data-type=\"references\" data-id=\"27144\">Zur Merkliste hinzuf\u00fcgen<\/a><\/div><div class=\"reference-grid__item\"><a href=\"https:\/\/tonality.de\/de\/referenzen\/wohnhaus-elipse\/\" class=\"gradient-overlay\" ><img decoding=\"async\" width=\"1079\" height=\"720\" src=\"https:\/\/tonality.de\/wp-content\/uploads\/2024\/05\/elipsa-foto-anaskobe-5-1280x854.jpg\" class=\"aspect_3_2 wp-post-image\" alt=\"\" srcset=\"https:\/\/tonality.de\/wp-content\/uploads\/2024\/05\/elipsa-foto-anaskobe-5-980x653.jpg 980w, https:\/\/tonality.de\/wp-content\/uploads\/2024\/05\/elipsa-foto-anaskobe-5-480x320.jpg 480w, https:\/\/tonality.de\/wp-content\/uploads\/2024\/05\/elipsa-foto-anaskobe-5-980x653@2x.jpg 1960w, https:\/\/tonality.de\/wp-content\/uploads\/2024\/05\/elipsa-foto-anaskobe-5-480x320@2x.jpg 960w\" sizes=\"(min-width: 0px) and (max-width: 480px) 480px, (min-width: 481px) and (max-width: 980px) 980px, (min-width: 981px) 1079px, 100vw\" \/><div class=\"reference-grid__details\"><div class=\"reference-grid__details--info\">Residential | Ljubljana, SL<\/div><h3 class=\"reference-grid__details--name\">Wohnhaus ELIPSE<\/h3><\/div><\/a><a href=\"#\" class=\"watchlist__add_remove_link watchlist-add-item link--icon-right link--icon-right--white link--icon-watchlist\" data-type=\"references\" data-id=\"28731\">Zur Merkliste hinzuf\u00fcgen<\/a><\/div><div class=\"reference-grid__item\"><a href=\"https:\/\/tonality.de\/de\/referenzen\/tower-in-brooklyn-fulton-street-new-york\/\" class=\"gradient-overlay\" ><img decoding=\"async\" width=\"1091\" height=\"720\" src=\"https:\/\/tonality.de\/wp-content\/uploads\/2025\/08\/23-story-tower-in-brooklyn-2-1-1280x845.png\" class=\"aspect_3_2 wp-post-image\" alt=\"\" srcset=\"https:\/\/tonality.de\/wp-content\/uploads\/2025\/08\/23-story-tower-in-brooklyn-2-1-980x647.png 980w, https:\/\/tonality.de\/wp-content\/uploads\/2025\/08\/23-story-tower-in-brooklyn-2-1-480x317.png 480w, https:\/\/tonality.de\/wp-content\/uploads\/2025\/08\/23-story-tower-in-brooklyn-2-1-980x647@2x.png 1960w, https:\/\/tonality.de\/wp-content\/uploads\/2025\/08\/23-story-tower-in-brooklyn-2-1-480x317@2x.png 960w\" sizes=\"(min-width: 0px) and (max-width: 480px) 480px, (min-width: 481px) and (max-width: 980px) 980px, (min-width: 981px) 1091px, 100vw\" \/><div class=\"reference-grid__details\"><div class=\"reference-grid__details--info\">Residential | New York City, US<\/div><h3 class=\"reference-grid__details--name\">570 Fulton in Brooklyn<\/h3><\/div><\/a><a href=\"#\" class=\"watchlist__add_remove_link watchlist-add-item link--icon-right link--icon-right--white link--icon-watchlist\" data-type=\"references\" data-id=\"38873\">Zur Merkliste hinzuf\u00fcgen<\/a><\/div><div class=\"reference-grid__item\"><a href=\"https:\/\/tonality.de\/de\/referenzen\/wohnanlage-in-pforzheim-rembrandtstrasse\/\" class=\"gradient-overlay\" ><img decoding=\"async\" width=\"1091\" height=\"720\" src=\"https:\/\/tonality.de\/wp-content\/uploads\/2025\/09\/pforzheim-2-1-1280x845.png\" class=\"aspect_3_2 wp-post-image\" alt=\"\" srcset=\"https:\/\/tonality.de\/wp-content\/uploads\/2025\/09\/pforzheim-2-1-980x647.png 980w, https:\/\/tonality.de\/wp-content\/uploads\/2025\/09\/pforzheim-2-1-480x317.png 480w, https:\/\/tonality.de\/wp-content\/uploads\/2025\/09\/pforzheim-2-1-980x647@2x.png 1960w, https:\/\/tonality.de\/wp-content\/uploads\/2025\/09\/pforzheim-2-1-480x317@2x.png 960w\" sizes=\"(min-width: 0px) and (max-width: 480px) 480px, (min-width: 481px) and (max-width: 980px) 980px, (min-width: 981px) 1091px, 100vw\" \/><div class=\"reference-grid__details\"><div class=\"reference-grid__details--info\">Residential | Pforzheim, DE<\/div><h3 class=\"reference-grid__details--name\">Wohnanlage in Pforzheim<\/h3><\/div><\/a><a href=\"#\" class=\"watchlist__add_remove_link watchlist-add-item link--icon-right link--icon-right--white link--icon-watchlist\" data-type=\"references\" data-id=\"39107\">Zur Merkliste hinzuf\u00fcgen<\/a><\/div><div class=\"reference-grid__item\"><a href=\"https:\/\/tonality.de\/de\/referenzen\/laurent-und-eleanor-in-kanada\/\" class=\"gradient-overlay\" ><img decoding=\"async\" width=\"1091\" height=\"720\" src=\"https:\/\/tonality.de\/wp-content\/uploads\/2025\/10\/laurent-und-eleanor-1-1280x845.png\" class=\"aspect_3_2 wp-post-image\" alt=\"\" srcset=\"https:\/\/tonality.de\/wp-content\/uploads\/2025\/10\/laurent-und-eleanor-1-980x647.png 980w, https:\/\/tonality.de\/wp-content\/uploads\/2025\/10\/laurent-und-eleanor-1-480x317.png 480w, https:\/\/tonality.de\/wp-content\/uploads\/2025\/10\/laurent-und-eleanor-1-980x647@2x.png 1960w, https:\/\/tonality.de\/wp-content\/uploads\/2025\/10\/laurent-und-eleanor-1-480x317@2x.png 960w\" sizes=\"(min-width: 0px) and (max-width: 480px) 480px, (min-width: 481px) and (max-width: 980px) 980px, (min-width: 981px) 1091px, 100vw\" \/><div class=\"reference-grid__details\"><div class=\"reference-grid__details--info\">Residential | Edmonton, CA<\/div><h3 class=\"reference-grid__details--name\">Laurent und Eleanor<\/h3><\/div><\/a><a href=\"#\" class=\"watchlist__add_remove_link watchlist-add-item link--icon-right link--icon-right--white link--icon-watchlist\" data-type=\"references\" data-id=\"39474\">Zur Merkliste hinzuf\u00fcgen<\/a><\/div><div class=\"reference-grid__item\"><a href=\"https:\/\/tonality.de\/de\/referenzen\/mehrfamilienhaus-in-scherzingen\/\" class=\"gradient-overlay\" ><img decoding=\"async\" width=\"1091\" height=\"720\" src=\"https:\/\/tonality.de\/wp-content\/uploads\/2025\/11\/scherzingen-2-4-1280x845.png\" class=\"aspect_3_2 wp-post-image\" alt=\"\" srcset=\"https:\/\/tonality.de\/wp-content\/uploads\/2025\/11\/scherzingen-2-4-980x647.png 980w, https:\/\/tonality.de\/wp-content\/uploads\/2025\/11\/scherzingen-2-4-480x317.png 480w, https:\/\/tonality.de\/wp-content\/uploads\/2025\/11\/scherzingen-2-4-980x647@2x.png 1960w, https:\/\/tonality.de\/wp-content\/uploads\/2025\/11\/scherzingen-2-4-480x317@2x.png 960w\" sizes=\"(min-width: 0px) and (max-width: 480px) 480px, (min-width: 481px) and (max-width: 980px) 980px, (min-width: 981px) 1091px, 100vw\" \/><div class=\"reference-grid__details\"><div class=\"reference-grid__details--info\">Residential | Scherzingen, CH<\/div><h3 class=\"reference-grid__details--name\">Mehrfamilienhaus mit 5 Wohneinheiten<\/h3><\/div><\/a><a href=\"#\" class=\"watchlist__add_remove_link watchlist-add-item link--icon-right link--icon-right--white link--icon-watchlist\" data-type=\"references\" data-id=\"39932\">Zur Merkliste hinzuf\u00fcgen<\/a><\/div><div class=\"reference-grid__item\"><a href=\"https:\/\/tonality.de\/de\/referenzen\/the-saxxon-in-frankfurt\/\" class=\"gradient-overlay\" ><img decoding=\"async\" width=\"1091\" height=\"720\" src=\"https:\/\/tonality.de\/wp-content\/uploads\/2025\/11\/castello-1-1-1-1280x845.png\" class=\"aspect_3_2 wp-post-image\" alt=\"The Saxxon\" srcset=\"https:\/\/tonality.de\/wp-content\/uploads\/2025\/11\/castello-1-1-1-980x647.png 980w, https:\/\/tonality.de\/wp-content\/uploads\/2025\/11\/castello-1-1-1-480x317.png 480w, https:\/\/tonality.de\/wp-content\/uploads\/2025\/11\/castello-1-1-1-980x647@2x.png 1960w, https:\/\/tonality.de\/wp-content\/uploads\/2025\/11\/castello-1-1-1-480x317@2x.png 960w\" sizes=\"(min-width: 0px) and (max-width: 480px) 480px, (min-width: 481px) and (max-width: 980px) 980px, (min-width: 981px) 1091px, 100vw\" \/><div class=\"reference-grid__details\"><div class=\"reference-grid__details--info\">Residential | Frankfurt, DE<\/div><h3 class=\"reference-grid__details--name\">The Saxxon<\/h3><\/div><\/a><a href=\"#\" class=\"watchlist__add_remove_link watchlist-add-item link--icon-right link--icon-right--white link--icon-watchlist\" data-type=\"references\" data-id=\"40214\">Zur Merkliste hinzuf\u00fcgen<\/a><\/div><div class=\"reference-grid__item\"><a href=\"https:\/\/tonality.de\/de\/referenzen\/polygon-bottighofen\/\" class=\"gradient-overlay\" ><img decoding=\"async\" width=\"1091\" height=\"720\" src=\"https:\/\/tonality.de\/wp-content\/uploads\/2026\/02\/polygon-bottighofen-2-2-1280x845.jpg\" class=\"aspect_3_2 wp-post-image\" alt=\"\" srcset=\"https:\/\/tonality.de\/wp-content\/uploads\/2026\/02\/polygon-bottighofen-2-2-980x647.jpg 980w, https:\/\/tonality.de\/wp-content\/uploads\/2026\/02\/polygon-bottighofen-2-2-480x317.jpg 480w, https:\/\/tonality.de\/wp-content\/uploads\/2026\/02\/polygon-bottighofen-2-2-980x647@2x.jpg 1960w, https:\/\/tonality.de\/wp-content\/uploads\/2026\/02\/polygon-bottighofen-2-2-480x317@2x.jpg 960w\" sizes=\"(min-width: 0px) and (max-width: 480px) 480px, (min-width: 481px) and (max-width: 980px) 980px, (min-width: 981px) 1091px, 100vw\" \/><div class=\"reference-grid__details\"><div class=\"reference-grid__details--info\">Residential | Bottighofen, CH<\/div><h3 class=\"reference-grid__details--name\">Polygon<\/h3><\/div><\/a><a href=\"#\" class=\"watchlist__add_remove_link watchlist-add-item link--icon-right link--icon-right--white link--icon-watchlist\" data-type=\"references\" data-id=\"42249\">Zur Merkliste hinzuf\u00fcgen<\/a><\/div><\/div><\/div><div class=\"swiper-slide\" data-hash=\"surfaces\">\n                          <div class=\"reference-grid\"><div class=\"reference-grid__item\"><a href=\"https:\/\/tonality.de\/de\/referenzen\/col-james-student-accommodation\/\" class=\"gradient-overlay\" ><img decoding=\"async\" width=\"1041\" height=\"720\" src=\"https:\/\/tonality.de\/wp-content\/uploads\/2022\/11\/tonality-australia-terracotta-facade-architect-turner-coljames-student-housing-facade-main-entry-1280x885.jpg\" class=\"aspect_3_2 wp-post-image\" alt=\"Main entry of Coljames student housing showcasing Australia&#039;s terracotta facade with tonal variations, designed by Architect Turner for a unique and striking visual effect\" srcset=\"https:\/\/tonality.de\/wp-content\/uploads\/2022\/11\/tonality-australia-terracotta-facade-architect-turner-coljames-student-housing-facade-main-entry-980x677.jpg 980w, https:\/\/tonality.de\/wp-content\/uploads\/2022\/11\/tonality-australia-terracotta-facade-architect-turner-coljames-student-housing-facade-main-entry-480x332.jpg 480w, https:\/\/tonality.de\/wp-content\/uploads\/2022\/11\/tonality-australia-terracotta-facade-architect-turner-coljames-student-housing-facade-main-entry-980x677@2x.jpg 1960w, https:\/\/tonality.de\/wp-content\/uploads\/2022\/11\/tonality-australia-terracotta-facade-architect-turner-coljames-student-housing-facade-main-entry-480x332@2x.jpg 960w\" sizes=\"(min-width: 0px) and (max-width: 480px) 480px, (min-width: 481px) and (max-width: 980px) 980px, (min-width: 981px) 1041px, 100vw\" \/><div class=\"reference-grid__details\"><div class=\"reference-grid__details--info\">G1-1 | Redfern NSW, AU<\/div><h3 class=\"reference-grid__details--name\">Col James Student Accommodation<\/h3><\/div><\/a><a href=\"#\" class=\"watchlist__add_remove_link watchlist-add-item link--icon-right link--icon-right--white link--icon-watchlist\" data-type=\"references\" data-id=\"8609\">Zur Merkliste hinzuf\u00fcgen<\/a><\/div><div class=\"reference-grid__item\"><a href=\"https:\/\/tonality.de\/de\/referenzen\/wohnanlage-in-pforzheim-rembrandtstrasse\/\" class=\"gradient-overlay\" ><img decoding=\"async\" width=\"1091\" height=\"720\" src=\"https:\/\/tonality.de\/wp-content\/uploads\/2025\/09\/pforzheim-2-1-1280x845.png\" class=\"aspect_3_2 wp-post-image\" alt=\"\" srcset=\"https:\/\/tonality.de\/wp-content\/uploads\/2025\/09\/pforzheim-2-1-980x647.png 980w, https:\/\/tonality.de\/wp-content\/uploads\/2025\/09\/pforzheim-2-1-480x317.png 480w, https:\/\/tonality.de\/wp-content\/uploads\/2025\/09\/pforzheim-2-1-980x647@2x.png 1960w, https:\/\/tonality.de\/wp-content\/uploads\/2025\/09\/pforzheim-2-1-480x317@2x.png 960w\" sizes=\"(min-width: 0px) and (max-width: 480px) 480px, (min-width: 481px) and (max-width: 980px) 980px, (min-width: 981px) 1091px, 100vw\" \/><div class=\"reference-grid__details\"><div class=\"reference-grid__details--info\">V-04-1, V-04-2, V-04-3, V-04-4, V-04-5 | Pforzheim, DE<\/div><h3 class=\"reference-grid__details--name\">Wohnanlage in Pforzheim<\/h3><\/div><\/a><a href=\"#\" class=\"watchlist__add_remove_link watchlist-add-item link--icon-right link--icon-right--white link--icon-watchlist\" data-type=\"references\" data-id=\"39107\">Zur Merkliste hinzuf\u00fcgen<\/a><\/div><div class=\"reference-grid__item\"><a href=\"https:\/\/tonality.de\/de\/referenzen\/abercrombie-business-school-the-university-of-sydney\/\" class=\"gradient-overlay\" ><img decoding=\"async\" width=\"1080\" height=\"720\" src=\"https:\/\/tonality.de\/wp-content\/uploads\/2021\/05\/tonality-referenz-abercrombie-business-school-sydney-innenhof.jpeg\" class=\"aspect_3_2 wp-post-image\" alt=\"Tonality Referenz Abercrombie business school Sydney innenhof.\" srcset=\"https:\/\/tonality.de\/wp-content\/uploads\/2021\/05\/tonality-referenz-abercrombie-business-school-sydney-innenhof.jpeg 1080w, https:\/\/tonality.de\/wp-content\/uploads\/2021\/05\/tonality-referenz-abercrombie-business-school-sydney-innenhof-980x653.jpeg 980w, https:\/\/tonality.de\/wp-content\/uploads\/2021\/05\/tonality-referenz-abercrombie-business-school-sydney-innenhof-480x320.jpeg 480w, https:\/\/tonality.de\/wp-content\/uploads\/2021\/05\/tonality-referenz-abercrombie-business-school-sydney-innenhof-480x320@2x.jpeg 960w\" sizes=\"(min-width: 0px) and (max-width: 480px) 480px, (min-width: 481px) and (max-width: 980px) 980px, (min-width: 981px) 1080px, 100vw\" \/><div class=\"reference-grid__details\"><div class=\"reference-grid__details--info\">G1-1 | Sydney, AU<\/div><h3 class=\"reference-grid__details--name\">University of Sydney Business School<\/h3><\/div><\/a><a href=\"#\" class=\"watchlist__add_remove_link watchlist-add-item link--icon-right link--icon-right--white link--icon-watchlist\" data-type=\"references\" data-id=\"3906\">Zur Merkliste hinzuf\u00fcgen<\/a><\/div><div class=\"reference-grid__item\"><a href=\"https:\/\/tonality.de\/de\/referenzen\/deprag-logistikzentrum-in-amberg\/\" class=\"gradient-overlay\" ><img decoding=\"async\" width=\"1091\" height=\"720\" src=\"https:\/\/tonality.de\/wp-content\/uploads\/2026\/04\/header-deprag-0-1280x845.jpg\" class=\"aspect_3_2 wp-post-image\" alt=\"\" srcset=\"https:\/\/tonality.de\/wp-content\/uploads\/2026\/04\/header-deprag-0-980x647.jpg 980w, https:\/\/tonality.de\/wp-content\/uploads\/2026\/04\/header-deprag-0-480x317.jpg 480w, https:\/\/tonality.de\/wp-content\/uploads\/2026\/04\/header-deprag-0-980x647@2x.jpg 1960w, https:\/\/tonality.de\/wp-content\/uploads\/2026\/04\/header-deprag-0-480x317@2x.jpg 960w\" sizes=\"(min-width: 0px) and (max-width: 480px) 480px, (min-width: 481px) and (max-width: 980px) 980px, (min-width: 981px) 1091px, 100vw\" \/><div class=\"reference-grid__details\"><div class=\"reference-grid__details--info\">V-05-4, SQR-60&#215;60-1 | Amberg, DE<\/div><h3 class=\"reference-grid__details--name\">DEPRAG Logistikzentrum<\/h3><\/div><\/a><a href=\"#\" class=\"watchlist__add_remove_link watchlist-add-item link--icon-right link--icon-right--white link--icon-watchlist\" data-type=\"references\" data-id=\"44964\">Zur Merkliste hinzuf\u00fcgen<\/a><\/div><div class=\"reference-grid__item\"><a href=\"https:\/\/tonality.de\/de\/referenzen\/sporthalle-albert-schweitzer-schule-dresden\/\" class=\"gradient-overlay\" ><img decoding=\"async\" width=\"1091\" height=\"720\" src=\"https:\/\/tonality.de\/wp-content\/uploads\/2025\/07\/sporthalle-dresden-header-2-min-1280x845.png\" class=\"aspect_3_2 wp-post-image\" alt=\"\" srcset=\"https:\/\/tonality.de\/wp-content\/uploads\/2025\/07\/sporthalle-dresden-header-2-min-980x647.png 980w, https:\/\/tonality.de\/wp-content\/uploads\/2025\/07\/sporthalle-dresden-header-2-min-480x317.png 480w, https:\/\/tonality.de\/wp-content\/uploads\/2025\/07\/sporthalle-dresden-header-2-min-980x647@2x.png 1960w, https:\/\/tonality.de\/wp-content\/uploads\/2025\/07\/sporthalle-dresden-header-2-min-480x317@2x.png 960w\" sizes=\"(min-width: 0px) and (max-width: 480px) 480px, (min-width: 481px) and (max-width: 980px) 980px, (min-width: 981px) 1091px, 100vw\" \/><div class=\"reference-grid__details\"><div class=\"reference-grid__details--info\">G1-1 | Dresden, DE<\/div><h3 class=\"reference-grid__details--name\">Sporthalle Albert-Schweitzer-Schule<\/h3><\/div><\/a><a href=\"#\" class=\"watchlist__add_remove_link watchlist-add-item link--icon-right link--icon-right--white link--icon-watchlist\" data-type=\"references\" data-id=\"38235\">Zur Merkliste hinzuf\u00fcgen<\/a><\/div><div class=\"reference-grid__item\"><a href=\"https:\/\/tonality.de\/de\/referenzen\/melkinlaituri-parkhaus-in-helsinki\/\" class=\"gradient-overlay\" ><img decoding=\"async\" width=\"1091\" height=\"720\" src=\"https:\/\/tonality.de\/wp-content\/uploads\/2026\/01\/melkinlaituri-parkhaus-11-1280x845.jpg\" class=\"aspect_3_2 wp-post-image\" alt=\"\" srcset=\"https:\/\/tonality.de\/wp-content\/uploads\/2026\/01\/melkinlaituri-parkhaus-11-980x647.jpg 980w, https:\/\/tonality.de\/wp-content\/uploads\/2026\/01\/melkinlaituri-parkhaus-11-480x317.jpg 480w, https:\/\/tonality.de\/wp-content\/uploads\/2026\/01\/melkinlaituri-parkhaus-11-980x647@2x.jpg 1960w, https:\/\/tonality.de\/wp-content\/uploads\/2026\/01\/melkinlaituri-parkhaus-11-480x317@2x.jpg 960w\" sizes=\"(min-width: 0px) and (max-width: 480px) 480px, (min-width: 481px) and (max-width: 980px) 980px, (min-width: 981px) 1091px, 100vw\" \/><div class=\"reference-grid__details\"><div class=\"reference-grid__details--info\">SFT_132x150-1_0226, SFT_66x75-1_0228, SFT_95x110-1_0227 | Helsinki, FIN<\/div><h3 class=\"reference-grid__details--name\">Melkinlaituri Parkhaus<\/h3><\/div><\/a><a href=\"#\" class=\"watchlist__add_remove_link watchlist-add-item link--icon-right link--icon-right--white link--icon-watchlist\" data-type=\"references\" data-id=\"41047\">Zur Merkliste hinzuf\u00fcgen<\/a><\/div><div class=\"reference-grid__item\"><a href=\"https:\/\/tonality.de\/de\/referenzen\/quartier-in-wolkersdorf\/\" class=\"gradient-overlay\" ><img decoding=\"async\" width=\"1091\" height=\"720\" src=\"https:\/\/tonality.de\/wp-content\/uploads\/2025\/09\/wolkersdorf-2-1280x845.png\" class=\"aspect_3_2 wp-post-image\" alt=\"\" srcset=\"https:\/\/tonality.de\/wp-content\/uploads\/2025\/09\/wolkersdorf-2-980x647.png 980w, https:\/\/tonality.de\/wp-content\/uploads\/2025\/09\/wolkersdorf-2-480x317.png 480w, https:\/\/tonality.de\/wp-content\/uploads\/2025\/09\/wolkersdorf-2-980x647@2x.png 1960w, https:\/\/tonality.de\/wp-content\/uploads\/2025\/09\/wolkersdorf-2-480x317@2x.png 960w\" sizes=\"(min-width: 0px) and (max-width: 480px) 480px, (min-width: 481px) and (max-width: 980px) 980px, (min-width: 981px) 1091px, 100vw\" \/><div class=\"reference-grid__details\"><div class=\"reference-grid__details--info\">V-07-1, V-07-2, SQR_50x50-1 | Wolkersdorf, AT<\/div><h3 class=\"reference-grid__details--name\">Quartier in Wolkersdorf<\/h3><\/div><\/a><a href=\"#\" class=\"watchlist__add_remove_link watchlist-add-item link--icon-right link--icon-right--white link--icon-watchlist\" data-type=\"references\" data-id=\"39332\">Zur Merkliste hinzuf\u00fcgen<\/a><\/div><div class=\"reference-grid__item\"><a href=\"https:\/\/tonality.de\/de\/referenzen\/rathaus-ofterdingen\/\" class=\"gradient-overlay\" ><img decoding=\"async\" width=\"1102\" height=\"720\" src=\"https:\/\/tonality.de\/wp-content\/uploads\/2025\/02\/leipfingerbader-ofterdingen-okt24-bueromagma-10-min-1280x836.jpg\" class=\"aspect_3_2 wp-post-image\" alt=\"\" srcset=\"https:\/\/tonality.de\/wp-content\/uploads\/2025\/02\/leipfingerbader-ofterdingen-okt24-bueromagma-10-min-980x640.jpg 980w, https:\/\/tonality.de\/wp-content\/uploads\/2025\/02\/leipfingerbader-ofterdingen-okt24-bueromagma-10-min-480x313.jpg 480w, https:\/\/tonality.de\/wp-content\/uploads\/2025\/02\/leipfingerbader-ofterdingen-okt24-bueromagma-10-min-980x640@2x.jpg 1960w, https:\/\/tonality.de\/wp-content\/uploads\/2025\/02\/leipfingerbader-ofterdingen-okt24-bueromagma-10-min-480x313@2x.jpg 960w\" sizes=\"(min-width: 0px) and (max-width: 480px) 480px, (min-width: 481px) and (max-width: 980px) 980px, (min-width: 981px) 1102px, 100vw\" \/><div class=\"reference-grid__details\"><div class=\"reference-grid__details--info\">TP-01, TP-02, SQR-60&#215;60-1 | Ofterdingen, DE<\/div><h3 class=\"reference-grid__details--name\">Rathaus Ofterdingen<\/h3><\/div><\/a><a href=\"#\" class=\"watchlist__add_remove_link watchlist-add-item link--icon-right link--icon-right--white link--icon-watchlist\" data-type=\"references\" data-id=\"37538\">Zur Merkliste hinzuf\u00fcgen<\/a><\/div><div class=\"reference-grid__item\"><a href=\"https:\/\/tonality.de\/de\/referenzen\/quartermile\/\" class=\"gradient-overlay\" ><img decoding=\"async\" width=\"1079\" height=\"720\" src=\"https:\/\/tonality.de\/wp-content\/uploads\/2021\/11\/tonality-reference-quartermile-3-1280x854.jpg\" class=\"aspect_3_2 wp-post-image\" alt=\"Moderne Wohngeb\u00e4ude im Quartermile-Viertel mit grauen Keramikpaneelen und zahlreichen Fenstern, die eine abwechslungsreiche Fassade bilden, darunter ein Durchgang mit einem roten Pfeiler\" srcset=\"https:\/\/tonality.de\/wp-content\/uploads\/2021\/11\/tonality-reference-quartermile-3-980x653.jpg 980w, https:\/\/tonality.de\/wp-content\/uploads\/2021\/11\/tonality-reference-quartermile-3-480x320.jpg 480w, https:\/\/tonality.de\/wp-content\/uploads\/2021\/11\/tonality-reference-quartermile-3-980x653@2x.jpg 1960w, https:\/\/tonality.de\/wp-content\/uploads\/2021\/11\/tonality-reference-quartermile-3-480x320@2x.jpg 960w\" sizes=\"(min-width: 0px) and (max-width: 480px) 480px, (min-width: 481px) and (max-width: 980px) 980px, (min-width: 981px) 1079px, 100vw\" \/><div class=\"reference-grid__details\"><div class=\"reference-grid__details--info\">G1-1 | Edingburgh, UK<\/div><h3 class=\"reference-grid__details--name\">Quartermile<\/h3><\/div><\/a><a href=\"#\" class=\"watchlist__add_remove_link watchlist-add-item link--icon-right link--icon-right--white link--icon-watchlist\" data-type=\"references\" data-id=\"5805\">Zur Merkliste hinzuf\u00fcgen<\/a><\/div><div class=\"reference-grid__item\"><a href=\"https:\/\/tonality.de\/de\/referenzen\/sanctuary\/\" class=\"gradient-overlay\" ><img decoding=\"async\" width=\"960\" height=\"720\" src=\"https:\/\/tonality.de\/wp-content\/uploads\/2022\/04\/tonality-facades-reference-australia-sanctuary-ceramic-facade-front-view-night-1280x960.jpg\" class=\"aspect_3_2 wp-post-image\" alt=\"Tonality Facades Reference: Australia Sanctuary Ceramic Facade Front View Night\" srcset=\"https:\/\/tonality.de\/wp-content\/uploads\/2022\/04\/tonality-facades-reference-australia-sanctuary-ceramic-facade-front-view-night-480x360.jpg 480w, https:\/\/tonality.de\/wp-content\/uploads\/2022\/04\/tonality-facades-reference-australia-sanctuary-ceramic-facade-front-view-night-480x360@2x.jpg 960w\" sizes=\"(min-width: 0px) and (max-width: 480px) 480px, (min-width: 481px) 960px, 100vw\" \/><div class=\"reference-grid__details\"><div class=\"reference-grid__details--info\">G1-1 | Wentworth Point NSW, AU<\/div><h3 class=\"reference-grid__details--name\">Sanctuary<\/h3><\/div><\/a><a href=\"#\" class=\"watchlist__add_remove_link watchlist-add-item link--icon-right link--icon-right--white link--icon-watchlist\" data-type=\"references\" data-id=\"7160\">Zur Merkliste hinzuf\u00fcgen<\/a><\/div><div class=\"reference-grid__item\"><a href=\"https:\/\/tonality.de\/de\/referenzen\/st-charles-market\/\" class=\"gradient-overlay\" ><img decoding=\"async\" width=\"1200\" height=\"720\" src=\"https:\/\/tonality.de\/wp-content\/uploads\/2021\/05\/tonality-referenz-st-charles-market-rendering-1280x768.jpg\" class=\"aspect_3_2 wp-post-image\" alt=\"Tonality Referenz St Charles Market rendering.\" srcset=\"https:\/\/tonality.de\/wp-content\/uploads\/2021\/05\/tonality-referenz-st-charles-market-rendering-980x588.jpg 980w, https:\/\/tonality.de\/wp-content\/uploads\/2021\/05\/tonality-referenz-st-charles-market-rendering-480x288.jpg 480w, https:\/\/tonality.de\/wp-content\/uploads\/2021\/05\/tonality-referenz-st-charles-market-rendering-980x588@2x.jpg 1960w, https:\/\/tonality.de\/wp-content\/uploads\/2021\/05\/tonality-referenz-st-charles-market-rendering-480x288@2x.jpg 960w\" sizes=\"(min-width: 0px) and (max-width: 480px) 480px, (min-width: 481px) and (max-width: 980px) 980px, (min-width: 981px) 1200px, 100vw\" \/><div class=\"reference-grid__details\"><div class=\"reference-grid__details--info\">G1-1, L1-1 | Ottawa, CA<\/div><h3 class=\"reference-grid__details--name\">St. Charles Market<\/h3><\/div><\/a><a href=\"#\" class=\"watchlist__add_remove_link watchlist-add-item link--icon-right link--icon-right--white link--icon-watchlist\" data-type=\"references\" data-id=\"3960\">Zur Merkliste hinzuf\u00fcgen<\/a><\/div><div class=\"reference-grid__item\"><a href=\"https:\/\/tonality.de\/de\/referenzen\/vesalius\/\" class=\"gradient-overlay\" ><img decoding=\"async\" width=\"1079\" height=\"720\" src=\"https:\/\/tonality.de\/wp-content\/uploads\/2020\/12\/3901_002-1280x854.jpg\" class=\"aspect_3_2 wp-post-image\" alt=\"\" srcset=\"https:\/\/tonality.de\/wp-content\/uploads\/2020\/12\/3901_002-980x654.jpg 980w, https:\/\/tonality.de\/wp-content\/uploads\/2020\/12\/3901_002-480x320.jpg 480w, https:\/\/tonality.de\/wp-content\/uploads\/2020\/12\/3901_002-980x654@2x.jpg 1960w, https:\/\/tonality.de\/wp-content\/uploads\/2020\/12\/3901_002-480x320@2x.jpg 960w\" sizes=\"(min-width: 0px) and (max-width: 480px) 480px, (min-width: 481px) and (max-width: 980px) 980px, (min-width: 981px) 1079px, 100vw\" \/><div class=\"reference-grid__details\"><div class=\"reference-grid__details--info\">G1-1 | Leuven, BE<\/div><h3 class=\"reference-grid__details--name\">Vesalius<\/h3><\/div><\/a><a href=\"#\" class=\"watchlist__add_remove_link watchlist-add-item link--icon-right link--icon-right--white link--icon-watchlist\" data-type=\"references\" data-id=\"1781\">Zur Merkliste hinzuf\u00fcgen<\/a><\/div><div class=\"reference-grid__item\"><a href=\"https:\/\/tonality.de\/de\/referenzen\/11-e-lenox\/\" class=\"gradient-overlay\" ><img decoding=\"async\" width=\"1080\" height=\"720\" src=\"https:\/\/tonality.de\/wp-content\/uploads\/2023\/11\/tonality-referenz-elenox-boston-usa-entry-1280x853.webp\" class=\"aspect_3_2 wp-post-image\" alt=\"Tonality Referenzgeb\u00e4ude ELenox in Boston, USA, mit modernem Eingang und Keramikfassade, die die stilvolle und funktionale Gestaltung betont.\" srcset=\"https:\/\/tonality.de\/wp-content\/uploads\/2023\/11\/tonality-referenz-elenox-boston-usa-entry-980x653.webp 980w, https:\/\/tonality.de\/wp-content\/uploads\/2023\/11\/tonality-referenz-elenox-boston-usa-entry-480x320.webp 480w, https:\/\/tonality.de\/wp-content\/uploads\/2023\/11\/tonality-referenz-elenox-boston-usa-entry-980x653@2x.webp 1960w, https:\/\/tonality.de\/wp-content\/uploads\/2023\/11\/tonality-referenz-elenox-boston-usa-entry-480x320@2x.webp 960w\" sizes=\"(min-width: 0px) and (max-width: 480px) 480px, (min-width: 481px) and (max-width: 980px) 980px, (min-width: 981px) 1080px, 100vw\" \/><div class=\"reference-grid__details\"><div class=\"reference-grid__details--info\">G1-1, L1-1, L3-1 | Boston, US<\/div><h3 class=\"reference-grid__details--name\">11 E Lenox<\/h3><\/div><\/a><a href=\"#\" class=\"watchlist__add_remove_link watchlist-add-item link--icon-right link--icon-right--white link--icon-watchlist\" data-type=\"references\" data-id=\"27144\">Zur Merkliste hinzuf\u00fcgen<\/a><\/div><div class=\"reference-grid__item\"><a href=\"https:\/\/tonality.de\/de\/referenzen\/the-saxxon-in-frankfurt\/\" class=\"gradient-overlay\" ><img decoding=\"async\" width=\"1091\" height=\"720\" src=\"https:\/\/tonality.de\/wp-content\/uploads\/2025\/11\/castello-1-1-1-1280x845.png\" class=\"aspect_3_2 wp-post-image\" alt=\"The Saxxon\" srcset=\"https:\/\/tonality.de\/wp-content\/uploads\/2025\/11\/castello-1-1-1-980x647.png 980w, https:\/\/tonality.de\/wp-content\/uploads\/2025\/11\/castello-1-1-1-480x317.png 480w, https:\/\/tonality.de\/wp-content\/uploads\/2025\/11\/castello-1-1-1-980x647@2x.png 1960w, https:\/\/tonality.de\/wp-content\/uploads\/2025\/11\/castello-1-1-1-480x317@2x.png 960w\" sizes=\"(min-width: 0px) and (max-width: 480px) 480px, (min-width: 481px) and (max-width: 980px) 980px, (min-width: 981px) 1091px, 100vw\" \/><div class=\"reference-grid__details\"><div class=\"reference-grid__details--info\">G1-1, L1-1, L2-1 | Frankfurt, DE<\/div><h3 class=\"reference-grid__details--name\">The Saxxon<\/h3><\/div><\/a><a href=\"#\" class=\"watchlist__add_remove_link watchlist-add-item link--icon-right link--icon-right--white link--icon-watchlist\" data-type=\"references\" data-id=\"40214\">Zur Merkliste hinzuf\u00fcgen<\/a><\/div><div class=\"reference-grid__item\"><a href=\"https:\/\/tonality.de\/de\/referenzen\/data-centre\/\" class=\"gradient-overlay\" ><img decoding=\"async\" width=\"960\" height=\"720\" src=\"https:\/\/tonality.de\/wp-content\/uploads\/2020\/12\/DataCentre45Parliament_ON_Tonality_TcLip-4-1280x960.jpg\" class=\"aspect_3_2 wp-post-image\" alt=\"\" srcset=\"https:\/\/tonality.de\/wp-content\/uploads\/2020\/12\/DataCentre45Parliament_ON_Tonality_TcLip-4-480x360.jpg 480w, https:\/\/tonality.de\/wp-content\/uploads\/2020\/12\/DataCentre45Parliament_ON_Tonality_TcLip-4-480x360@2x.jpg 960w\" sizes=\"(min-width: 0px) and (max-width: 480px) 480px, (min-width: 481px) 960px, 100vw\" \/><div class=\"reference-grid__details\"><div class=\"reference-grid__details--info\">L1-1, R1-1 | Toronto, CA<\/div><h3 class=\"reference-grid__details--name\">Data Centre<\/h3><\/div><\/a><a href=\"#\" class=\"watchlist__add_remove_link watchlist-add-item link--icon-right link--icon-right--white link--icon-watchlist\" data-type=\"references\" data-id=\"1776\">Zur Merkliste hinzuf\u00fcgen<\/a><\/div><div class=\"reference-grid__item\"><a href=\"https:\/\/tonality.de\/de\/referenzen\/paycor-headquaters-in-cincinnati\/\" class=\"gradient-overlay\" ><img decoding=\"async\" width=\"1091\" height=\"720\" src=\"https:\/\/tonality.de\/wp-content\/uploads\/2026\/02\/saks-0-1280x845.png\" class=\"aspect_3_2 wp-post-image\" alt=\"\" srcset=\"https:\/\/tonality.de\/wp-content\/uploads\/2026\/02\/saks-0-980x647.png 980w, https:\/\/tonality.de\/wp-content\/uploads\/2026\/02\/saks-0-480x317.png 480w, https:\/\/tonality.de\/wp-content\/uploads\/2026\/02\/saks-0-980x647@2x.png 1960w, https:\/\/tonality.de\/wp-content\/uploads\/2026\/02\/saks-0-480x317@2x.png 960w\" sizes=\"(min-width: 0px) and (max-width: 480px) 480px, (min-width: 481px) and (max-width: 980px) 980px, (min-width: 981px) 1091px, 100vw\" \/><div class=\"reference-grid__details\"><div class=\"reference-grid__details--info\">SFT_241x38-1_0263, G1-1 | Cincinnati, US<\/div><h3 class=\"reference-grid__details--name\">Paycor Headquaters<\/h3><\/div><\/a><a href=\"#\" class=\"watchlist__add_remove_link watchlist-add-item link--icon-right link--icon-right--white link--icon-watchlist\" data-type=\"references\" data-id=\"42431\">Zur Merkliste hinzuf\u00fcgen<\/a><\/div><div class=\"reference-grid__item\"><a href=\"https:\/\/tonality.de\/de\/referenzen\/akademia-leona-kozminskiego-warschau\/\" class=\"gradient-overlay\" ><img decoding=\"async\" width=\"1091\" height=\"720\" src=\"https:\/\/tonality.de\/wp-content\/uploads\/2025\/11\/leona-universitat-2-1-1280x845.png\" class=\"aspect_3_2 wp-post-image\" alt=\"\" srcset=\"https:\/\/tonality.de\/wp-content\/uploads\/2025\/11\/leona-universitat-2-1-980x647.png 980w, https:\/\/tonality.de\/wp-content\/uploads\/2025\/11\/leona-universitat-2-1-480x317.png 480w, https:\/\/tonality.de\/wp-content\/uploads\/2025\/11\/leona-universitat-2-1-980x647@2x.png 1960w, https:\/\/tonality.de\/wp-content\/uploads\/2025\/11\/leona-universitat-2-1-480x317@2x.png 960w\" sizes=\"(min-width: 0px) and (max-width: 480px) 480px, (min-width: 481px) and (max-width: 980px) 980px, (min-width: 981px) 1091px, 100vw\" \/><div class=\"reference-grid__details\"><div class=\"reference-grid__details--info\">BAG_150x50, SQR_50x50-1 | Warschau, PL<\/div><h3 class=\"reference-grid__details--name\">Akademia Leona Ko\u017ami\u0144skiego<\/h3><\/div><\/a><a href=\"#\" class=\"watchlist__add_remove_link watchlist-add-item link--icon-right link--icon-right--white link--icon-watchlist\" data-type=\"references\" data-id=\"40091\">Zur Merkliste hinzuf\u00fcgen<\/a><\/div><div class=\"reference-grid__item\"><a href=\"https:\/\/tonality.de\/de\/referenzen\/emergency-service-facility-new-jersey\/\" class=\"gradient-overlay\" ><img decoding=\"async\" width=\"1091\" height=\"720\" src=\"https:\/\/tonality.de\/wp-content\/uploads\/2025\/11\/sommerville-emergency-center-2-1280x845.png\" class=\"aspect_3_2 wp-post-image\" alt=\"Sommerville Emergency Center\" srcset=\"https:\/\/tonality.de\/wp-content\/uploads\/2025\/11\/sommerville-emergency-center-2-980x647.png 980w, https:\/\/tonality.de\/wp-content\/uploads\/2025\/11\/sommerville-emergency-center-2-480x317.png 480w, https:\/\/tonality.de\/wp-content\/uploads\/2025\/11\/sommerville-emergency-center-2-980x647@2x.png 1960w, https:\/\/tonality.de\/wp-content\/uploads\/2025\/11\/sommerville-emergency-center-2-480x317@2x.png 960w\" sizes=\"(min-width: 0px) and (max-width: 480px) 480px, (min-width: 481px) and (max-width: 980px) 980px, (min-width: 981px) 1091px, 100vw\" \/><div class=\"reference-grid__details\"><div class=\"reference-grid__details--info\">G1-1 | New Jersey, US<\/div><h3 class=\"reference-grid__details--name\">Emergency Service Facility<\/h3><\/div><\/a><a href=\"#\" class=\"watchlist__add_remove_link watchlist-add-item link--icon-right link--icon-right--white link--icon-watchlist\" data-type=\"references\" data-id=\"39854\">Zur Merkliste hinzuf\u00fcgen<\/a><\/div><div class=\"reference-grid__item\"><a href=\"https:\/\/tonality.de\/de\/referenzen\/universitaet-augsburg\/\" class=\"gradient-overlay\" ><img decoding=\"async\" width=\"1280\" height=\"704\" src=\"https:\/\/tonality.de\/wp-content\/uploads\/2024\/07\/tonality-referenz-universitaet-augsburg-frontansicht-keramische-squares-1280x704.webp\" class=\"aspect_3_2 wp-post-image\" alt=\"Frontansicht des Medizin-Campus der Universit\u00e4t Augsburg mit keramischen Tonality Fassadenplatten im Squares-Design, die moderne Architektur und nachhaltige Bauweise hervorheben.\" srcset=\"https:\/\/tonality.de\/wp-content\/uploads\/2024\/07\/tonality-referenz-universitaet-augsburg-frontansicht-keramische-squares-1280x704.webp 1280w, https:\/\/tonality.de\/wp-content\/uploads\/2024\/07\/tonality-referenz-universitaet-augsburg-frontansicht-keramische-squares-980x539.webp 980w, https:\/\/tonality.de\/wp-content\/uploads\/2024\/07\/tonality-referenz-universitaet-augsburg-frontansicht-keramische-squares-480x264.webp 480w, https:\/\/tonality.de\/wp-content\/uploads\/2024\/07\/tonality-referenz-universitaet-augsburg-frontansicht-keramische-squares-980x539@2x.webp 1960w, https:\/\/tonality.de\/wp-content\/uploads\/2024\/07\/tonality-referenz-universitaet-augsburg-frontansicht-keramische-squares-480x264@2x.webp 960w\" sizes=\"(min-width: 0px) and (max-width: 480px) 480px, (min-width: 481px) and (max-width: 980px) 980px, (min-width: 981px) and (max-width: 1280px) 1280px, 100vw\" \/><div class=\"reference-grid__details\"><div class=\"reference-grid__details--info\">SQR_120x120 | Augsburg, DE<\/div><h3 class=\"reference-grid__details--name\">Medizin-Campus der Universit\u00e4t Augsburg<\/h3><\/div><\/a><a href=\"#\" class=\"watchlist__add_remove_link watchlist-add-item link--icon-right link--icon-right--white link--icon-watchlist\" data-type=\"references\" data-id=\"30694\">Zur Merkliste hinzuf\u00fcgen<\/a><\/div><div class=\"reference-grid__item\"><a href=\"https:\/\/tonality.de\/de\/referenzen\/geschaeftshaus-straubing\/\" class=\"gradient-overlay\" ><img decoding=\"async\" width=\"1091\" height=\"720\" src=\"https:\/\/tonality.de\/wp-content\/uploads\/2025\/07\/geschaftshaus-straubing-2-1-1280x845.png\" class=\"aspect_3_2 wp-post-image\" alt=\"\" srcset=\"https:\/\/tonality.de\/wp-content\/uploads\/2025\/07\/geschaftshaus-straubing-2-1-980x647.png 980w, https:\/\/tonality.de\/wp-content\/uploads\/2025\/07\/geschaftshaus-straubing-2-1-480x317.png 480w, https:\/\/tonality.de\/wp-content\/uploads\/2025\/07\/geschaftshaus-straubing-2-1-980x647@2x.png 1960w, https:\/\/tonality.de\/wp-content\/uploads\/2025\/07\/geschaftshaus-straubing-2-1-480x317@2x.png 960w\" sizes=\"(min-width: 0px) and (max-width: 480px) 480px, (min-width: 481px) and (max-width: 980px) 980px, (min-width: 981px) 1091px, 100vw\" \/><div class=\"reference-grid__details\"><div class=\"reference-grid__details--info\">V-05-1, V-05-2 | Straubing, DE<\/div><h3 class=\"reference-grid__details--name\">Gesch\u00e4ftshaus Straubing<\/h3><\/div><\/a><a href=\"#\" class=\"watchlist__add_remove_link watchlist-add-item link--icon-right link--icon-right--white link--icon-watchlist\" data-type=\"references\" data-id=\"38503\">Zur Merkliste hinzuf\u00fcgen<\/a><\/div><div class=\"reference-grid__item\"><a href=\"https:\/\/tonality.de\/de\/referenzen\/sbaerahus\/\" class=\"gradient-overlay\" ><img decoding=\"async\" width=\"1082\" height=\"720\" src=\"https:\/\/tonality.de\/wp-content\/uploads\/2023\/09\/tonality-referenz-keramikfassade-baerahus-sept23-magma-45-1280x852.webp\" class=\"aspect_3_2 wp-post-image\" alt=\"Keramikfassade des Baerahus in Feldkirch mit vertikalen Linien und gro\u00dfen Fenstern, umgeben von gr\u00fcnen B\u00e4umen, die das Geb\u00e4ude teilweise verdecken\" srcset=\"https:\/\/tonality.de\/wp-content\/uploads\/2023\/09\/tonality-referenz-keramikfassade-baerahus-sept23-magma-45-980x652.webp 980w, https:\/\/tonality.de\/wp-content\/uploads\/2023\/09\/tonality-referenz-keramikfassade-baerahus-sept23-magma-45-480x319.webp 480w, https:\/\/tonality.de\/wp-content\/uploads\/2023\/09\/tonality-referenz-keramikfassade-baerahus-sept23-magma-45-980x652@2x.webp 1960w, https:\/\/tonality.de\/wp-content\/uploads\/2023\/09\/tonality-referenz-keramikfassade-baerahus-sept23-magma-45-480x319@2x.webp 960w\" sizes=\"(min-width: 0px) and (max-width: 480px) 480px, (min-width: 481px) and (max-width: 980px) 980px, (min-width: 981px) 1082px, 100vw\" \/><div class=\"reference-grid__details\"><div class=\"reference-grid__details--info\">L1-1, G1-1 | Feldkirch, AT<\/div><h3 class=\"reference-grid__details--name\">S&#8217;B\u00e4rahus<\/h3><\/div><\/a><a href=\"#\" class=\"watchlist__add_remove_link watchlist-add-item link--icon-right link--icon-right--white link--icon-watchlist\" data-type=\"references\" data-id=\"25692\">Zur Merkliste hinzuf\u00fcgen<\/a><\/div><div class=\"reference-grid__item\"><a href=\"https:\/\/tonality.de\/de\/referenzen\/cadix-krankenhaus\/\" class=\"gradient-overlay\" ><img decoding=\"async\" width=\"1082\" height=\"720\" src=\"https:\/\/tonality.de\/wp-content\/uploads\/2022\/10\/tonality-reference-cadix-clinic-terracotta-tile-antwerpen-building-1280x852.jpg\" class=\"aspect_3_2 wp-post-image\" alt=\"Tonality reference of Cadix Clinic building in Antwerpen featuring terracotta tiles.\" srcset=\"https:\/\/tonality.de\/wp-content\/uploads\/2022\/10\/tonality-reference-cadix-clinic-terracotta-tile-antwerpen-building-980x652.jpg 980w, https:\/\/tonality.de\/wp-content\/uploads\/2022\/10\/tonality-reference-cadix-clinic-terracotta-tile-antwerpen-building-480x319.jpg 480w, https:\/\/tonality.de\/wp-content\/uploads\/2022\/10\/tonality-reference-cadix-clinic-terracotta-tile-antwerpen-building-980x652@2x.jpg 1960w, https:\/\/tonality.de\/wp-content\/uploads\/2022\/10\/tonality-reference-cadix-clinic-terracotta-tile-antwerpen-building-480x319@2x.jpg 960w\" sizes=\"(min-width: 0px) and (max-width: 480px) 480px, (min-width: 481px) and (max-width: 980px) 980px, (min-width: 981px) 1082px, 100vw\" \/><div class=\"reference-grid__details\"><div class=\"reference-grid__details--info\">WA1-1 | Antwerpen, BE<\/div><h3 class=\"reference-grid__details--name\">Cadix Krankenhaus<\/h3><\/div><\/a><a href=\"#\" class=\"watchlist__add_remove_link watchlist-add-item link--icon-right link--icon-right--white link--icon-watchlist\" data-type=\"references\" data-id=\"8339\">Zur Merkliste hinzuf\u00fcgen<\/a><\/div><div class=\"reference-grid__item\"><a href=\"https:\/\/tonality.de\/de\/referenzen\/cheonan-medical-center\/\" class=\"gradient-overlay\" ><img decoding=\"async\" width=\"1080\" height=\"720\" src=\"https:\/\/tonality.de\/wp-content\/uploads\/2021\/12\/tonality-reference-ceramic-facade-chunan-hospital-south-side-1280x853.jpg\" class=\"aspect_3_2 wp-post-image\" alt=\"Tonality Referenz: S\u00fcdansicht des Chunan Krankenhauses mit Keramikfassade\" srcset=\"https:\/\/tonality.de\/wp-content\/uploads\/2021\/12\/tonality-reference-ceramic-facade-chunan-hospital-south-side-980x653.jpg 980w, https:\/\/tonality.de\/wp-content\/uploads\/2021\/12\/tonality-reference-ceramic-facade-chunan-hospital-south-side-480x320.jpg 480w, https:\/\/tonality.de\/wp-content\/uploads\/2021\/12\/tonality-reference-ceramic-facade-chunan-hospital-south-side-980x653@2x.jpg 1960w, https:\/\/tonality.de\/wp-content\/uploads\/2021\/12\/tonality-reference-ceramic-facade-chunan-hospital-south-side-480x320@2x.jpg 960w\" sizes=\"(min-width: 0px) and (max-width: 480px) 480px, (min-width: 481px) and (max-width: 980px) 980px, (min-width: 981px) 1080px, 100vw\" \/><div class=\"reference-grid__details\"><div class=\"reference-grid__details--info\">G1-1, R1-1 | Chungnam, KR<\/div><h3 class=\"reference-grid__details--name\">Cheonan Medical Center<\/h3><\/div><\/a><a href=\"#\" class=\"watchlist__add_remove_link watchlist-add-item link--icon-right link--icon-right--white link--icon-watchlist\" data-type=\"references\" data-id=\"6162\">Zur Merkliste hinzuf\u00fcgen<\/a><\/div><div class=\"reference-grid__item\"><a href=\"https:\/\/tonality.de\/de\/referenzen\/wohnungsbau-innenhafen\/\" class=\"gradient-overlay\" ><img decoding=\"async\" width=\"1034\" height=\"720\" src=\"https:\/\/tonality.de\/wp-content\/uploads\/2021\/12\/tonality-referenz-wohnungsbau-innenhafen-duisburg-1280x891.jpg\" class=\"aspect_3_2 wp-post-image\" alt=\"Wohnungsbauprojekt im Innenhafen Duisburg mit roten Keramikpaneelen, modernen Balkonen und gro\u00dfen Fenstern, entlang eines Kanals gelegen\" srcset=\"https:\/\/tonality.de\/wp-content\/uploads\/2021\/12\/tonality-referenz-wohnungsbau-innenhafen-duisburg-980x682.jpg 980w, https:\/\/tonality.de\/wp-content\/uploads\/2021\/12\/tonality-referenz-wohnungsbau-innenhafen-duisburg-480x334.jpg 480w, https:\/\/tonality.de\/wp-content\/uploads\/2021\/12\/tonality-referenz-wohnungsbau-innenhafen-duisburg-980x682@2x.jpg 1960w, https:\/\/tonality.de\/wp-content\/uploads\/2021\/12\/tonality-referenz-wohnungsbau-innenhafen-duisburg-480x334@2x.jpg 960w\" sizes=\"(min-width: 0px) and (max-width: 480px) 480px, (min-width: 481px) and (max-width: 980px) 980px, (min-width: 981px) 1034px, 100vw\" \/><div class=\"reference-grid__details\"><div class=\"reference-grid__details--info\">G1-1 | Duisburg, DE<\/div><h3 class=\"reference-grid__details--name\">Wohnungsbau Innenhafen<\/h3><\/div><\/a><a href=\"#\" class=\"watchlist__add_remove_link watchlist-add-item link--icon-right link--icon-right--white link--icon-watchlist\" data-type=\"references\" data-id=\"6064\">Zur Merkliste hinzuf\u00fcgen<\/a><\/div><div class=\"reference-grid__item\"><a href=\"https:\/\/tonality.de\/de\/referenzen\/kinderhaus-pertinsel\/\" class=\"gradient-overlay\" ><img decoding=\"async\" width=\"1075\" height=\"720\" src=\"https:\/\/tonality.de\/wp-content\/uploads\/2021\/12\/tonality-referenz-kinderhaus-pertinsel-garten-1280x857.jpg\" class=\"aspect_3_2 wp-post-image\" alt=\"Tonality Referenz: Kinderhaus Pertinsel mit Tonality Keramikfassade und gr\u00fcnem Garten\" srcset=\"https:\/\/tonality.de\/wp-content\/uploads\/2021\/12\/tonality-referenz-kinderhaus-pertinsel-garten-980x656.jpg 980w, https:\/\/tonality.de\/wp-content\/uploads\/2021\/12\/tonality-referenz-kinderhaus-pertinsel-garten-480x321.jpg 480w, https:\/\/tonality.de\/wp-content\/uploads\/2021\/12\/tonality-referenz-kinderhaus-pertinsel-garten-980x656@2x.jpg 1960w, https:\/\/tonality.de\/wp-content\/uploads\/2021\/12\/tonality-referenz-kinderhaus-pertinsel-garten-480x321@2x.jpg 960w\" sizes=\"(min-width: 0px) and (max-width: 480px) 480px, (min-width: 481px) and (max-width: 980px) 980px, (min-width: 981px) 1075px, 100vw\" \/><div class=\"reference-grid__details\"><div class=\"reference-grid__details--info\">G1-1 | Fussach, AT<\/div><h3 class=\"reference-grid__details--name\">Kinderhaus Pertinsel<\/h3><\/div><\/a><a href=\"#\" class=\"watchlist__add_remove_link watchlist-add-item link--icon-right link--icon-right--white link--icon-watchlist\" data-type=\"references\" data-id=\"6320\">Zur Merkliste hinzuf\u00fcgen<\/a><\/div><div class=\"reference-grid__item\"><a href=\"https:\/\/tonality.de\/de\/referenzen\/sparkasse-duisburg\/\" class=\"gradient-overlay\" ><img decoding=\"async\" width=\"1080\" height=\"720\" src=\"https:\/\/tonality.de\/wp-content\/uploads\/2022\/05\/tonality-reference-sparkasse-duisburg-drone-view-1280x853.jpg\" class=\"aspect_3_2 wp-post-image\" alt=\"Aerial view of Sparkasse Duisburg building with Tonality ceramic facade\" srcset=\"https:\/\/tonality.de\/wp-content\/uploads\/2022\/05\/tonality-reference-sparkasse-duisburg-drone-view-980x653.jpg 980w, https:\/\/tonality.de\/wp-content\/uploads\/2022\/05\/tonality-reference-sparkasse-duisburg-drone-view-480x320.jpg 480w, https:\/\/tonality.de\/wp-content\/uploads\/2022\/05\/tonality-reference-sparkasse-duisburg-drone-view-480x320@2x.jpg 960w\" sizes=\"(min-width: 0px) and (max-width: 480px) 480px, (min-width: 481px) and (max-width: 980px) 980px, (min-width: 981px) 1080px, 100vw\" \/><div class=\"reference-grid__details\"><div class=\"reference-grid__details--info\">G1-1 | Duisburg, DE<\/div><h3 class=\"reference-grid__details--name\">Sparkasse Duisburg<\/h3><\/div><\/a><a href=\"#\" class=\"watchlist__add_remove_link watchlist-add-item link--icon-right link--icon-right--white link--icon-watchlist\" data-type=\"references\" data-id=\"7645\">Zur Merkliste hinzuf\u00fcgen<\/a><\/div><div class=\"reference-grid__item\"><a href=\"https:\/\/tonality.de\/de\/referenzen\/toowong-train-station\/\" class=\"gradient-overlay\" ><img decoding=\"async\" width=\"1079\" height=\"720\" src=\"https:\/\/tonality.de\/wp-content\/uploads\/2020\/12\/toowong-Train-Station-Detail-V1-1280x854.jpg\" class=\"aspect_3_2 wp-post-image\" alt=\"\" srcset=\"https:\/\/tonality.de\/wp-content\/uploads\/2020\/12\/toowong-Train-Station-Detail-V1-980x653.jpg 980w, https:\/\/tonality.de\/wp-content\/uploads\/2020\/12\/toowong-Train-Station-Detail-V1-480x320.jpg 480w, https:\/\/tonality.de\/wp-content\/uploads\/2020\/12\/toowong-Train-Station-Detail-V1-980x653@2x.jpg 1960w, https:\/\/tonality.de\/wp-content\/uploads\/2020\/12\/toowong-Train-Station-Detail-V1-480x320@2x.jpg 960w\" sizes=\"(min-width: 0px) and (max-width: 480px) 480px, (min-width: 481px) and (max-width: 980px) 980px, (min-width: 981px) 1079px, 100vw\" \/><div class=\"reference-grid__details\"><div class=\"reference-grid__details--info\">G1-1 | Queensland, AU<\/div><h3 class=\"reference-grid__details--name\">Toowong Train Station<\/h3><\/div><\/a><a href=\"#\" class=\"watchlist__add_remove_link watchlist-add-item link--icon-right link--icon-right--white link--icon-watchlist\" data-type=\"references\" data-id=\"1774\">Zur Merkliste hinzuf\u00fcgen<\/a><\/div><div class=\"reference-grid__item\"><a href=\"https:\/\/tonality.de\/de\/referenzen\/bayers-lake-outpatients-center\/\" class=\"gradient-overlay\" ><img decoding=\"async\" width=\"1091\" height=\"720\" src=\"https:\/\/tonality.de\/wp-content\/uploads\/2025\/08\/bayers-lake-outpatient-center-2-1-1280x845.png\" class=\"aspect_3_2 wp-post-image\" alt=\"Bayers Lake Outpatient Center: Modernes zweist\u00f6ckiges medizinisches Zentrum mit Glasfassade und \u00fcberdachtem Eingang.\" srcset=\"https:\/\/tonality.de\/wp-content\/uploads\/2025\/08\/bayers-lake-outpatient-center-2-1-980x647.png 980w, https:\/\/tonality.de\/wp-content\/uploads\/2025\/08\/bayers-lake-outpatient-center-2-1-480x317.png 480w, https:\/\/tonality.de\/wp-content\/uploads\/2025\/08\/bayers-lake-outpatient-center-2-1-980x647@2x.png 1960w, https:\/\/tonality.de\/wp-content\/uploads\/2025\/08\/bayers-lake-outpatient-center-2-1-480x317@2x.png 960w\" sizes=\"(min-width: 0px) and (max-width: 480px) 480px, (min-width: 481px) and (max-width: 980px) 980px, (min-width: 981px) 1091px, 100vw\" \/><div class=\"reference-grid__details\"><div class=\"reference-grid__details--info\">G1-1 | Halifax, CA<\/div><h3 class=\"reference-grid__details--name\">Bayers Lake Outpatients Center<\/h3><\/div><\/a><a href=\"#\" class=\"watchlist__add_remove_link watchlist-add-item link--icon-right link--icon-right--white link--icon-watchlist\" data-type=\"references\" data-id=\"37409\">Zur Merkliste hinzuf\u00fcgen<\/a><\/div><div class=\"reference-grid__item\"><a href=\"https:\/\/tonality.de\/de\/referenzen\/urdax\/\" class=\"gradient-overlay\" ><img decoding=\"async\" width=\"1080\" height=\"720\" src=\"https:\/\/tonality.de\/wp-content\/uploads\/2023\/11\/tonality-reference-spainjacar-monasterio-urdax-7-1-1280x853.webp\" class=\"aspect_3_2 wp-post-image\" alt=\"Detailansicht des Jacar Monasterio Urdax in Spanien mit Tonality Keramikfassade und Holzverkleidung, die die hochwertige Verarbeitung und das \u00e4sthetische Design zeigt.\" srcset=\"https:\/\/tonality.de\/wp-content\/uploads\/2023\/11\/tonality-reference-spainjacar-monasterio-urdax-7-1-980x653.webp 980w, https:\/\/tonality.de\/wp-content\/uploads\/2023\/11\/tonality-reference-spainjacar-monasterio-urdax-7-1-480x320.webp 480w, https:\/\/tonality.de\/wp-content\/uploads\/2023\/11\/tonality-reference-spainjacar-monasterio-urdax-7-1-480x320@2x.webp 960w\" sizes=\"(min-width: 0px) and (max-width: 480px) 480px, (min-width: 481px) and (max-width: 980px) 980px, (min-width: 981px) 1080px, 100vw\" \/><div class=\"reference-grid__details\"><div class=\"reference-grid__details--info\">G1-1, L1-1 | Pamplona, ES<\/div><h3 class=\"reference-grid__details--name\">Urdax<\/h3><\/div><\/a><a href=\"#\" class=\"watchlist__add_remove_link watchlist-add-item link--icon-right link--icon-right--white link--icon-watchlist\" data-type=\"references\" data-id=\"27082\">Zur Merkliste hinzuf\u00fcgen<\/a><\/div><div class=\"reference-grid__item\"><a href=\"https:\/\/tonality.de\/de\/referenzen\/tower-in-brooklyn-fulton-street-new-york\/\" class=\"gradient-overlay\" ><img decoding=\"async\" width=\"1091\" height=\"720\" src=\"https:\/\/tonality.de\/wp-content\/uploads\/2025\/08\/23-story-tower-in-brooklyn-2-1-1280x845.png\" class=\"aspect_3_2 wp-post-image\" alt=\"\" srcset=\"https:\/\/tonality.de\/wp-content\/uploads\/2025\/08\/23-story-tower-in-brooklyn-2-1-980x647.png 980w, https:\/\/tonality.de\/wp-content\/uploads\/2025\/08\/23-story-tower-in-brooklyn-2-1-480x317.png 480w, https:\/\/tonality.de\/wp-content\/uploads\/2025\/08\/23-story-tower-in-brooklyn-2-1-980x647@2x.png 1960w, https:\/\/tonality.de\/wp-content\/uploads\/2025\/08\/23-story-tower-in-brooklyn-2-1-480x317@2x.png 960w\" sizes=\"(min-width: 0px) and (max-width: 480px) 480px, (min-width: 481px) and (max-width: 980px) 980px, (min-width: 981px) 1091px, 100vw\" \/><div class=\"reference-grid__details\"><div class=\"reference-grid__details--info\">SFT-111&#215;74-1, SG-05-1 | New York City, US<\/div><h3 class=\"reference-grid__details--name\">570 Fulton in Brooklyn<\/h3><\/div><\/a><a href=\"#\" class=\"watchlist__add_remove_link watchlist-add-item link--icon-right link--icon-right--white link--icon-watchlist\" data-type=\"references\" data-id=\"38873\">Zur Merkliste hinzuf\u00fcgen<\/a><\/div><div class=\"reference-grid__item\"><a href=\"https:\/\/tonality.de\/de\/referenzen\/polygon-bottighofen\/\" class=\"gradient-overlay\" ><img decoding=\"async\" width=\"1091\" height=\"720\" src=\"https:\/\/tonality.de\/wp-content\/uploads\/2026\/02\/polygon-bottighofen-2-2-1280x845.jpg\" class=\"aspect_3_2 wp-post-image\" alt=\"\" srcset=\"https:\/\/tonality.de\/wp-content\/uploads\/2026\/02\/polygon-bottighofen-2-2-980x647.jpg 980w, https:\/\/tonality.de\/wp-content\/uploads\/2026\/02\/polygon-bottighofen-2-2-480x317.jpg 480w, https:\/\/tonality.de\/wp-content\/uploads\/2026\/02\/polygon-bottighofen-2-2-980x647@2x.jpg 1960w, https:\/\/tonality.de\/wp-content\/uploads\/2026\/02\/polygon-bottighofen-2-2-480x317@2x.jpg 960w\" sizes=\"(min-width: 0px) and (max-width: 480px) 480px, (min-width: 481px) and (max-width: 980px) 980px, (min-width: 981px) 1091px, 100vw\" \/><div class=\"reference-grid__details\"><div class=\"reference-grid__details--info\">SG-02-1_230_26_0171 | Bottighofen, CH<\/div><h3 class=\"reference-grid__details--name\">Polygon<\/h3><\/div><\/a><a href=\"#\" class=\"watchlist__add_remove_link watchlist-add-item link--icon-right link--icon-right--white link--icon-watchlist\" data-type=\"references\" data-id=\"42249\">Zur Merkliste hinzuf\u00fcgen<\/a><\/div><div class=\"reference-grid__item\"><a href=\"https:\/\/tonality.de\/de\/referenzen\/peek-und-cloppenburg-luebeck\/\" class=\"gradient-overlay\" ><img decoding=\"async\" width=\"908\" height=\"720\" src=\"https:\/\/tonality.de\/wp-content\/uploads\/2024\/10\/peek-und-cloppenburg-1280x1015.jpg\" class=\"aspect_3_2 wp-post-image\" alt=\"Peek und Cloppenburg Geb\u00e4ude in L\u00fcbeck\" srcset=\"https:\/\/tonality.de\/wp-content\/uploads\/2024\/10\/peek-und-cloppenburg-480x380.jpg 480w, https:\/\/tonality.de\/wp-content\/uploads\/2024\/10\/peek-und-cloppenburg-480x380@2x.jpg 960w\" sizes=\"(min-width: 0px) and (max-width: 480px) 480px, (min-width: 481px) 908px, 100vw\" \/><div class=\"reference-grid__details\"><div class=\"reference-grid__details--info\">LAM-150&#215;50-1 | L\u00fcbeck, DE<\/div><h3 class=\"reference-grid__details--name\">Peek und Cloppenburg<\/h3><\/div><\/a><a href=\"#\" class=\"watchlist__add_remove_link watchlist-add-item link--icon-right link--icon-right--white link--icon-watchlist\" data-type=\"references\" data-id=\"36826\">Zur Merkliste hinzuf\u00fcgen<\/a><\/div><div class=\"reference-grid__item\"><a href=\"https:\/\/tonality.de\/de\/referenzen\/mehrfamilienhaus-in-scherzingen\/\" class=\"gradient-overlay\" ><img decoding=\"async\" width=\"1091\" height=\"720\" src=\"https:\/\/tonality.de\/wp-content\/uploads\/2025\/11\/scherzingen-2-4-1280x845.png\" class=\"aspect_3_2 wp-post-image\" alt=\"\" srcset=\"https:\/\/tonality.de\/wp-content\/uploads\/2025\/11\/scherzingen-2-4-980x647.png 980w, https:\/\/tonality.de\/wp-content\/uploads\/2025\/11\/scherzingen-2-4-480x317.png 480w, https:\/\/tonality.de\/wp-content\/uploads\/2025\/11\/scherzingen-2-4-980x647@2x.png 1960w, https:\/\/tonality.de\/wp-content\/uploads\/2025\/11\/scherzingen-2-4-480x317@2x.png 960w\" sizes=\"(min-width: 0px) and (max-width: 480px) 480px, (min-width: 481px) and (max-width: 980px) 980px, (min-width: 981px) 1091px, 100vw\" \/><div class=\"reference-grid__details\"><div class=\"reference-grid__details--info\">Mo-03-1 | Scherzingen, CH<\/div><h3 class=\"reference-grid__details--name\">Mehrfamilienhaus mit 5 Wohneinheiten<\/h3><\/div><\/a><a href=\"#\" class=\"watchlist__add_remove_link watchlist-add-item link--icon-right link--icon-right--white link--icon-watchlist\" data-type=\"references\" data-id=\"39932\">Zur Merkliste hinzuf\u00fcgen<\/a><\/div><div class=\"reference-grid__item\"><a href=\"https:\/\/tonality.de\/de\/referenzen\/forfatterhuset-kindergarten\/\" class=\"gradient-overlay\" ><img decoding=\"async\" width=\"1080\" height=\"720\" src=\"https:\/\/tonality.de\/wp-content\/uploads\/2020\/12\/tonality-referenz-forfatterhuset-kindergarten-startbild-1280x853.jpg\" class=\"aspect_3_2 wp-post-image\" alt=\"Tonality Referenz forfatterhuset Kindergarten Startbild.\" srcset=\"https:\/\/tonality.de\/wp-content\/uploads\/2020\/12\/tonality-referenz-forfatterhuset-kindergarten-startbild-980x653.jpg 980w, https:\/\/tonality.de\/wp-content\/uploads\/2020\/12\/tonality-referenz-forfatterhuset-kindergarten-startbild-480x320.jpg 480w, https:\/\/tonality.de\/wp-content\/uploads\/2020\/12\/tonality-referenz-forfatterhuset-kindergarten-startbild-980x653@2x.jpg 1960w, https:\/\/tonality.de\/wp-content\/uploads\/2020\/12\/tonality-referenz-forfatterhuset-kindergarten-startbild-480x320@2x.jpg 960w\" sizes=\"(min-width: 0px) and (max-width: 480px) 480px, (min-width: 481px) and (max-width: 980px) 980px, (min-width: 981px) 1080px, 100vw\" \/><div class=\"reference-grid__details\"><div class=\"reference-grid__details--info\">SQR_50x50-1 | Kopenhagen, DK<\/div><h3 class=\"reference-grid__details--name\">Forfatterhuset Kindergarten<\/h3><\/div><\/a><a href=\"#\" class=\"watchlist__add_remove_link watchlist-add-item link--icon-right link--icon-right--white link--icon-watchlist\" data-type=\"references\" data-id=\"1778\">Zur Merkliste hinzuf\u00fcgen<\/a><\/div><div class=\"reference-grid__item\"><a href=\"https:\/\/tonality.de\/de\/referenzen\/wohnhaus-elipse\/\" class=\"gradient-overlay\" ><img decoding=\"async\" width=\"1079\" height=\"720\" src=\"https:\/\/tonality.de\/wp-content\/uploads\/2024\/05\/elipsa-foto-anaskobe-5-1280x854.jpg\" class=\"aspect_3_2 wp-post-image\" alt=\"\" srcset=\"https:\/\/tonality.de\/wp-content\/uploads\/2024\/05\/elipsa-foto-anaskobe-5-980x653.jpg 980w, https:\/\/tonality.de\/wp-content\/uploads\/2024\/05\/elipsa-foto-anaskobe-5-480x320.jpg 480w, https:\/\/tonality.de\/wp-content\/uploads\/2024\/05\/elipsa-foto-anaskobe-5-980x653@2x.jpg 1960w, https:\/\/tonality.de\/wp-content\/uploads\/2024\/05\/elipsa-foto-anaskobe-5-480x320@2x.jpg 960w\" sizes=\"(min-width: 0px) and (max-width: 480px) 480px, (min-width: 481px) and (max-width: 980px) 980px, (min-width: 981px) 1079px, 100vw\" \/><div class=\"reference-grid__details\"><div class=\"reference-grid__details--info\">Mo-04-1 | Ljubljana, SL<\/div><h3 class=\"reference-grid__details--name\">Wohnhaus ELIPSE<\/h3><\/div><\/a><a href=\"#\" class=\"watchlist__add_remove_link watchlist-add-item link--icon-right link--icon-right--white link--icon-watchlist\" data-type=\"references\" data-id=\"28731\">Zur Merkliste hinzuf\u00fcgen<\/a><\/div><div class=\"reference-grid__item\"><a href=\"https:\/\/tonality.de\/de\/referenzen\/wohnheim-bodensee\/\" class=\"gradient-overlay\" ><img decoding=\"async\" width=\"1040\" height=\"720\" src=\"https:\/\/tonality.de\/wp-content\/uploads\/2023\/08\/fassadensanierung-keramikfassade-lindau-frontansicht-1280x886.webp\" class=\"aspect_3_2 wp-post-image\" alt=\"Frontansicht der sanierten Keramikfassade eines Geb\u00e4udes in Lindau mit grauen Platten und Solarpaneelen\" srcset=\"https:\/\/tonality.de\/wp-content\/uploads\/2023\/08\/fassadensanierung-keramikfassade-lindau-frontansicht-980x679.webp 980w, https:\/\/tonality.de\/wp-content\/uploads\/2023\/08\/fassadensanierung-keramikfassade-lindau-frontansicht-480x332.webp 480w, https:\/\/tonality.de\/wp-content\/uploads\/2023\/08\/fassadensanierung-keramikfassade-lindau-frontansicht-980x679@2x.webp 1960w, https:\/\/tonality.de\/wp-content\/uploads\/2023\/08\/fassadensanierung-keramikfassade-lindau-frontansicht-480x332@2x.webp 960w\" sizes=\"(min-width: 0px) and (max-width: 480px) 480px, (min-width: 481px) and (max-width: 980px) 980px, (min-width: 981px) 1040px, 100vw\" \/><div class=\"reference-grid__details\"><div class=\"reference-grid__details--info\">G1-1 | Lindau, DE<\/div><h3 class=\"reference-grid__details--name\">Wohnheim Bodensee<\/h3><\/div><\/a><a href=\"#\" class=\"watchlist__add_remove_link watchlist-add-item link--icon-right link--icon-right--white link--icon-watchlist\" data-type=\"references\" data-id=\"25598\">Zur Merkliste hinzuf\u00fcgen<\/a><\/div><div class=\"reference-grid__item\"><a href=\"https:\/\/tonality.de\/de\/referenzen\/marmormolen\/\" class=\"gradient-overlay\" ><img decoding=\"async\" width=\"1197\" height=\"720\" src=\"https:\/\/tonality.de\/wp-content\/uploads\/2024\/01\/marmormolen-tonality-ceramic-facade-flattened-cover-dark-1280x770.webp\" class=\"aspect_3_2 wp-post-image\" alt=\"Marmormolen B\u00fcrogeb\u00e4ude mit Tonality Keramikfassade und B\u00fcrobr\u00fccke, die die moderne Architektur und die stilvolle Gestaltung der Fassadenplatten betont.\" srcset=\"https:\/\/tonality.de\/wp-content\/uploads\/2024\/01\/marmormolen-tonality-ceramic-facade-flattened-cover-dark-980x589.webp 980w, https:\/\/tonality.de\/wp-content\/uploads\/2024\/01\/marmormolen-tonality-ceramic-facade-flattened-cover-dark-480x289.webp 480w, https:\/\/tonality.de\/wp-content\/uploads\/2024\/01\/marmormolen-tonality-ceramic-facade-flattened-cover-dark-980x589@2x.webp 1960w, https:\/\/tonality.de\/wp-content\/uploads\/2024\/01\/marmormolen-tonality-ceramic-facade-flattened-cover-dark-480x289@2x.webp 960w\" sizes=\"(min-width: 0px) and (max-width: 480px) 480px, (min-width: 481px) and (max-width: 980px) 980px, (min-width: 981px) 1197px, 100vw\" \/><div class=\"reference-grid__details\"><div class=\"reference-grid__details--info\">Mo-06-1 | Kopenhagen, DK<\/div><h3 class=\"reference-grid__details--name\">Marmormolen<\/h3><\/div><\/a><a href=\"#\" class=\"watchlist__add_remove_link watchlist-add-item link--icon-right link--icon-right--white link--icon-watchlist\" data-type=\"references\" data-id=\"27564\">Zur Merkliste hinzuf\u00fcgen<\/a><\/div><div class=\"reference-grid__item\"><a href=\"https:\/\/tonality.de\/de\/referenzen\/verwaltungsgebaeude-der-stadtwerke-hof\/\" class=\"gradient-overlay\" ><img decoding=\"async\" width=\"960\" height=\"720\" src=\"https:\/\/tonality.de\/wp-content\/uploads\/2024\/11\/1.jpg\" class=\"aspect_3_2 wp-post-image\" alt=\"\" srcset=\"https:\/\/tonality.de\/wp-content\/uploads\/2024\/11\/1-480x360.jpg 480w, https:\/\/tonality.de\/wp-content\/uploads\/2024\/11\/1-480x360@2x.jpg 960w\" sizes=\"(min-width: 0px) and (max-width: 480px) 480px, (min-width: 481px) 960px, 100vw\" \/><div class=\"reference-grid__details\"><div class=\"reference-grid__details--info\">V-03-1 | Hof, DE<\/div><h3 class=\"reference-grid__details--name\">Stadtwerke Hof<\/h3><\/div><\/a><a href=\"#\" class=\"watchlist__add_remove_link watchlist-add-item link--icon-right link--icon-right--white link--icon-watchlist\" data-type=\"references\" data-id=\"36983\">Zur Merkliste hinzuf\u00fcgen<\/a><\/div><div class=\"reference-grid__item\"><a href=\"https:\/\/tonality.de\/de\/referenzen\/nscc-waterfront-campus\/\" class=\"gradient-overlay\" ><img decoding=\"async\" width=\"1091\" height=\"720\" src=\"https:\/\/tonality.de\/wp-content\/uploads\/2025\/08\/nscc-waterfont-sydney-1-1280x845.png\" class=\"aspect_3_2 wp-post-image\" alt=\"NSCC Waterfont Sydney\" srcset=\"https:\/\/tonality.de\/wp-content\/uploads\/2025\/08\/nscc-waterfont-sydney-1-980x647.png 980w, https:\/\/tonality.de\/wp-content\/uploads\/2025\/08\/nscc-waterfont-sydney-1-480x317.png 480w, https:\/\/tonality.de\/wp-content\/uploads\/2025\/08\/nscc-waterfont-sydney-1-980x647@2x.png 1960w, https:\/\/tonality.de\/wp-content\/uploads\/2025\/08\/nscc-waterfont-sydney-1-480x317@2x.png 960w\" sizes=\"(min-width: 0px) and (max-width: 480px) 480px, (min-width: 481px) and (max-width: 980px) 980px, (min-width: 981px) 1091px, 100vw\" \/><div class=\"reference-grid__details\"><div class=\"reference-grid__details--info\">L1-1 | Sydney, CA<\/div><h3 class=\"reference-grid__details--name\">NSCC Waterfront Campus<\/h3><\/div><\/a><a href=\"#\" class=\"watchlist__add_remove_link watchlist-add-item link--icon-right link--icon-right--white link--icon-watchlist\" data-type=\"references\" data-id=\"37411\">Zur Merkliste hinzuf\u00fcgen<\/a><\/div><div class=\"reference-grid__item\"><a href=\"https:\/\/tonality.de\/de\/referenzen\/vmd-apartments\/\" class=\"gradient-overlay\" ><img decoding=\"async\" width=\"1110\" height=\"720\" src=\"https:\/\/tonality.de\/wp-content\/uploads\/2022\/11\/terracotta-facade-ceramic-reference-montano-residential-building-main-picture-1280x830.jpg\" class=\"aspect_3_2 wp-post-image\" alt=\"Terracotta ceramic facade as a reference to Montano residential building - main picture - Sustainable and elegant building design using high-quality ceramic materials\" srcset=\"https:\/\/tonality.de\/wp-content\/uploads\/2022\/11\/terracotta-facade-ceramic-reference-montano-residential-building-main-picture-980x636.jpg 980w, https:\/\/tonality.de\/wp-content\/uploads\/2022\/11\/terracotta-facade-ceramic-reference-montano-residential-building-main-picture-480x311.jpg 480w, https:\/\/tonality.de\/wp-content\/uploads\/2022\/11\/terracotta-facade-ceramic-reference-montano-residential-building-main-picture-980x636@2x.jpg 1960w, https:\/\/tonality.de\/wp-content\/uploads\/2022\/11\/terracotta-facade-ceramic-reference-montano-residential-building-main-picture-480x311@2x.jpg 960w\" sizes=\"(min-width: 0px) and (max-width: 480px) 480px, (min-width: 481px) and (max-width: 980px) 980px, (min-width: 981px) 1110px, 100vw\" \/><div class=\"reference-grid__details\"><div class=\"reference-grid__details--info\">Mo-01-1 | Zagreb, HR<\/div><h3 class=\"reference-grid__details--name\">VMD Apartments<\/h3><\/div><\/a><a href=\"#\" class=\"watchlist__add_remove_link watchlist-add-item link--icon-right link--icon-right--white link--icon-watchlist\" data-type=\"references\" data-id=\"8687\">Zur Merkliste hinzuf\u00fcgen<\/a><\/div><div class=\"reference-grid__item\"><a href=\"https:\/\/tonality.de\/de\/referenzen\/gesamtschule-krefeld\/\" class=\"gradient-overlay\" ><img decoding=\"async\" width=\"1079\" height=\"720\" src=\"https:\/\/tonality.de\/wp-content\/uploads\/2021\/12\/tonality-referenz-gesamtschule-krefeld-keramikfassade-gebaeude-1280x854.jpg\" class=\"aspect_3_2 wp-post-image\" alt=\"Tonality Referenz Gesamtschule Krefeld - Keramikfassade Geb\u00e4ude\" srcset=\"https:\/\/tonality.de\/wp-content\/uploads\/2021\/12\/tonality-referenz-gesamtschule-krefeld-keramikfassade-gebaeude-980x654.jpg 980w, https:\/\/tonality.de\/wp-content\/uploads\/2021\/12\/tonality-referenz-gesamtschule-krefeld-keramikfassade-gebaeude-480x320.jpg 480w, https:\/\/tonality.de\/wp-content\/uploads\/2021\/12\/tonality-referenz-gesamtschule-krefeld-keramikfassade-gebaeude-980x654@2x.jpg 1960w, https:\/\/tonality.de\/wp-content\/uploads\/2021\/12\/tonality-referenz-gesamtschule-krefeld-keramikfassade-gebaeude-480x320@2x.jpg 960w\" sizes=\"(min-width: 0px) and (max-width: 480px) 480px, (min-width: 481px) and (max-width: 980px) 980px, (min-width: 981px) 1079px, 100vw\" \/><div class=\"reference-grid__details\"><div class=\"reference-grid__details--info\">Mo-01-1 | Krefeld, DE<\/div><h3 class=\"reference-grid__details--name\">Robert-Jungk-Gesamtschule Krefeld<\/h3><\/div><\/a><a href=\"#\" class=\"watchlist__add_remove_link watchlist-add-item link--icon-right link--icon-right--white link--icon-watchlist\" data-type=\"references\" data-id=\"6249\">Zur Merkliste hinzuf\u00fcgen<\/a><\/div><div class=\"reference-grid__item\"><a href=\"https:\/\/tonality.de\/de\/referenzen\/laurent-und-eleanor-in-kanada\/\" class=\"gradient-overlay\" ><img decoding=\"async\" width=\"1091\" height=\"720\" src=\"https:\/\/tonality.de\/wp-content\/uploads\/2025\/10\/laurent-und-eleanor-1-1280x845.png\" class=\"aspect_3_2 wp-post-image\" alt=\"\" srcset=\"https:\/\/tonality.de\/wp-content\/uploads\/2025\/10\/laurent-und-eleanor-1-980x647.png 980w, https:\/\/tonality.de\/wp-content\/uploads\/2025\/10\/laurent-und-eleanor-1-480x317.png 480w, https:\/\/tonality.de\/wp-content\/uploads\/2025\/10\/laurent-und-eleanor-1-980x647@2x.png 1960w, https:\/\/tonality.de\/wp-content\/uploads\/2025\/10\/laurent-und-eleanor-1-480x317@2x.png 960w\" sizes=\"(min-width: 0px) and (max-width: 480px) 480px, (min-width: 481px) and (max-width: 980px) 980px, (min-width: 981px) 1091px, 100vw\" \/><div class=\"reference-grid__details\"><div class=\"reference-grid__details--info\">G1-1 | Edmonton, CA<\/div><h3 class=\"reference-grid__details--name\">Laurent und Eleanor<\/h3><\/div><\/a><a href=\"#\" class=\"watchlist__add_remove_link watchlist-add-item link--icon-right link--icon-right--white link--icon-watchlist\" data-type=\"references\" data-id=\"39474\">Zur Merkliste hinzuf\u00fcgen<\/a><\/div><div class=\"reference-grid__item\"><a href=\"https:\/\/tonality.de\/de\/referenzen\/dahl-anwaltskanzlei\/\" class=\"gradient-overlay\" ><img decoding=\"async\" width=\"854\" height=\"720\" src=\"https:\/\/tonality.de\/wp-content\/uploads\/2021\/11\/tonality-referenz-dahl-anwaltskanzlei-viborg-1280x1079.jpg\" class=\"aspect_3_2 wp-post-image\" alt=\"Geb\u00e4ude der Anwaltskanzlei Dahl in Viborg mit modernen schwarzen Keramikpaneelen, gro\u00dfen Fenstern und einem Uhrenschild an der Fassade, umgeben von einer gepflegten Gr\u00fcnfl\u00e4che\" srcset=\"https:\/\/tonality.de\/wp-content\/uploads\/2021\/11\/tonality-referenz-dahl-anwaltskanzlei-viborg-480x405.jpg 480w, https:\/\/tonality.de\/wp-content\/uploads\/2021\/11\/tonality-referenz-dahl-anwaltskanzlei-viborg-480x405@2x.jpg 960w\" sizes=\"(min-width: 0px) and (max-width: 480px) 480px, (min-width: 481px) 854px, 100vw\" \/><div class=\"reference-grid__details\"><div class=\"reference-grid__details--info\">G1-1 | Viborg, DK<\/div><h3 class=\"reference-grid__details--name\">Dahl Anwaltskanzlei<\/h3><\/div><\/a><a href=\"#\" class=\"watchlist__add_remove_link watchlist-add-item link--icon-right link--icon-right--white link--icon-watchlist\" data-type=\"references\" data-id=\"5861\">Zur Merkliste hinzuf\u00fcgen<\/a><\/div><div class=\"reference-grid__item\"><a href=\"https:\/\/tonality.de\/de\/referenzen\/hapam-bunschoten\/\" class=\"gradient-overlay\" ><img decoding=\"async\" width=\"1080\" height=\"720\" src=\"https:\/\/tonality.de\/wp-content\/uploads\/2021\/11\/tonality-referenz-hapam-bunschoten-spakenburg-frontansicht-1280x853.jpg\" class=\"aspect_3_2 wp-post-image\" alt=\"Frontansicht des Hapam-Geb\u00e4udes in Bunschoten-Spakenburg mit modernen dunklen Keramikpaneelen, gro\u00dfen Fenstern und einem \u00fcberdachten Eingangsbereich, umgeben von einer gepflegten Gr\u00fcnfl\u00e4che und Parkpl\u00e4tzen\" srcset=\"https:\/\/tonality.de\/wp-content\/uploads\/2021\/11\/tonality-referenz-hapam-bunschoten-spakenburg-frontansicht-980x653.jpg 980w, https:\/\/tonality.de\/wp-content\/uploads\/2021\/11\/tonality-referenz-hapam-bunschoten-spakenburg-frontansicht-480x320.jpg 480w, https:\/\/tonality.de\/wp-content\/uploads\/2021\/11\/tonality-referenz-hapam-bunschoten-spakenburg-frontansicht-980x653@2x.jpg 1960w, https:\/\/tonality.de\/wp-content\/uploads\/2021\/11\/tonality-referenz-hapam-bunschoten-spakenburg-frontansicht-480x320@2x.jpg 960w\" sizes=\"(min-width: 0px) and (max-width: 480px) 480px, (min-width: 481px) and (max-width: 980px) 980px, (min-width: 981px) 1080px, 100vw\" \/><div class=\"reference-grid__details\"><div class=\"reference-grid__details--info\">G1-1 | Spakenburg, NL<\/div><h3 class=\"reference-grid__details--name\">Hapam Bunschoten<\/h3><\/div><\/a><a href=\"#\" class=\"watchlist__add_remove_link watchlist-add-item link--icon-right link--icon-right--white link--icon-watchlist\" data-type=\"references\" data-id=\"5708\">Zur Merkliste hinzuf\u00fcgen<\/a><\/div><div class=\"reference-grid__item\"><a href=\"https:\/\/tonality.de\/de\/referenzen\/bahnhofsbereich\/\" class=\"gradient-overlay\" ><img decoding=\"async\" width=\"1268\" height=\"720\" src=\"https:\/\/tonality.de\/wp-content\/uploads\/2021\/07\/tonality-referenz-esc-dronten-station-maarssen-1-1280x727.jpg\" class=\"aspect_3_2 wp-post-image\" alt=\"\" srcset=\"https:\/\/tonality.de\/wp-content\/uploads\/2021\/07\/tonality-referenz-esc-dronten-station-maarssen-1-980x557.jpg 980w, https:\/\/tonality.de\/wp-content\/uploads\/2021\/07\/tonality-referenz-esc-dronten-station-maarssen-1-480x273.jpg 480w, https:\/\/tonality.de\/wp-content\/uploads\/2021\/07\/tonality-referenz-esc-dronten-station-maarssen-1-980x557@2x.jpg 1960w, https:\/\/tonality.de\/wp-content\/uploads\/2021\/07\/tonality-referenz-esc-dronten-station-maarssen-1-480x273@2x.jpg 960w\" sizes=\"(min-width: 0px) and (max-width: 480px) 480px, (min-width: 481px) and (max-width: 980px) 980px, (min-width: 981px) 1268px, 100vw\" \/><div class=\"reference-grid__details\"><div class=\"reference-grid__details--info\">G1-1 | Maarssen, NL<\/div><h3 class=\"reference-grid__details--name\">Bahnhofsbereich Maarssen<\/h3><\/div><\/a><a href=\"#\" class=\"watchlist__add_remove_link watchlist-add-item link--icon-right link--icon-right--white link--icon-watchlist\" data-type=\"references\" data-id=\"4927\">Zur Merkliste hinzuf\u00fcgen<\/a><\/div><div class=\"reference-grid__item\"><a href=\"https:\/\/tonality.de\/de\/referenzen\/agentur-fuer-arbeit-koeln\/\" class=\"gradient-overlay\" ><img decoding=\"async\" width=\"1079\" height=\"720\" src=\"https:\/\/tonality.de\/wp-content\/uploads\/2021\/05\/tonality-referenz-agentur-fuer-arbeit-koeln-1280x854.jpg\" class=\"aspect_3_2 wp-post-image\" alt=\"Tonality Referenz Agentur f\u00fcr Arbeit K\u00f6ln.\" srcset=\"https:\/\/tonality.de\/wp-content\/uploads\/2021\/05\/tonality-referenz-agentur-fuer-arbeit-koeln-980x654.jpg 980w, https:\/\/tonality.de\/wp-content\/uploads\/2021\/05\/tonality-referenz-agentur-fuer-arbeit-koeln-480x320.jpg 480w, https:\/\/tonality.de\/wp-content\/uploads\/2021\/05\/tonality-referenz-agentur-fuer-arbeit-koeln-480x320@2x.jpg 960w\" sizes=\"(min-width: 0px) and (max-width: 480px) 480px, (min-width: 481px) and (max-width: 980px) 980px, (min-width: 981px) 1079px, 100vw\" \/><div class=\"reference-grid__details\"><div class=\"reference-grid__details--info\">G1-1 | K\u00f6ln, DE<\/div><h3 class=\"reference-grid__details--name\">Agentur f\u00fcr Arbeit K\u00f6ln<\/h3><\/div><\/a><a href=\"#\" class=\"watchlist__add_remove_link watchlist-add-item link--icon-right link--icon-right--white link--icon-watchlist\" data-type=\"references\" data-id=\"4006\">Zur Merkliste hinzuf\u00fcgen<\/a><\/div><div class=\"reference-grid__item\"><a href=\"https:\/\/tonality.de\/de\/referenzen\/daimlerstrasse-frankfurt\/\" class=\"gradient-overlay\" ><img decoding=\"async\" width=\"957\" height=\"720\" src=\"https:\/\/tonality.de\/wp-content\/uploads\/2022\/05\/tonality-ceramic-facade-reference-daimlerstrasse-germany-buero-1280x963.jpg\" class=\"aspect_3_2 wp-post-image\" alt=\"&quot;Tonality Ceramic Facade Reference - Daimlerstrasse Germany B\u00fcro\" srcset=\"https:\/\/tonality.de\/wp-content\/uploads\/2022\/05\/tonality-ceramic-facade-reference-daimlerstrasse-germany-buero-480x361.jpg 480w, https:\/\/tonality.de\/wp-content\/uploads\/2022\/05\/tonality-ceramic-facade-reference-daimlerstrasse-germany-buero-480x361@2x.jpg 960w\" sizes=\"(min-width: 0px) and (max-width: 480px) 480px, (min-width: 481px) 957px, 100vw\" \/><div class=\"reference-grid__details\"><div class=\"reference-grid__details--info\">G1-1 | Frankfurt, DE<\/div><h3 class=\"reference-grid__details--name\">Hochhaus BICC Frankfurt<\/h3><\/div><\/a><a href=\"#\" class=\"watchlist__add_remove_link watchlist-add-item link--icon-right link--icon-right--white link--icon-watchlist\" data-type=\"references\" data-id=\"7487\">Zur Merkliste hinzuf\u00fcgen<\/a><\/div><div class=\"reference-grid__item\"><a href=\"https:\/\/tonality.de\/de\/referenzen\/neckar-odenwald-klinik-buchen\/\" class=\"gradient-overlay\" ><img decoding=\"async\" width=\"1055\" height=\"720\" src=\"https:\/\/tonality.de\/wp-content\/uploads\/2025\/05\/70-to-cl-kkh-g-1.jpg\" class=\"aspect_3_2 wp-post-image\" alt=\"\" srcset=\"https:\/\/tonality.de\/wp-content\/uploads\/2025\/05\/70-to-cl-kkh-g-1.jpg 1055w, https:\/\/tonality.de\/wp-content\/uploads\/2025\/05\/70-to-cl-kkh-g-1-980x669.jpg 980w, https:\/\/tonality.de\/wp-content\/uploads\/2025\/05\/70-to-cl-kkh-g-1-480x328.jpg 480w, https:\/\/tonality.de\/wp-content\/uploads\/2025\/05\/70-to-cl-kkh-g-1-480x328@2x.jpg 960w\" sizes=\"(min-width: 0px) and (max-width: 480px) 480px, (min-width: 481px) and (max-width: 980px) 980px, (min-width: 981px) 1055px, 100vw\" \/><div class=\"reference-grid__details\"><div class=\"reference-grid__details--info\">G1-1 | Buchen, DE<\/div><h3 class=\"reference-grid__details--name\">Neckar Odenwald Klinik Buchen<\/h3><\/div><\/a><a href=\"#\" class=\"watchlist__add_remove_link watchlist-add-item link--icon-right link--icon-right--white link--icon-watchlist\" data-type=\"references\" data-id=\"37824\">Zur Merkliste hinzuf\u00fcgen<\/a><\/div><div class=\"reference-grid__item\"><a href=\"https:\/\/tonality.de\/de\/referenzen\/st-james-chapel\/\" class=\"gradient-overlay\" ><img decoding=\"async\" width=\"1079\" height=\"720\" src=\"https:\/\/tonality.de\/wp-content\/uploads\/2021\/10\/tonality-reference-st-james-chapel-1280x854.jpg\" class=\"aspect_3_2 wp-post-image\" alt=\"\" srcset=\"https:\/\/tonality.de\/wp-content\/uploads\/2021\/10\/tonality-reference-st-james-chapel-980x654.jpg 980w, https:\/\/tonality.de\/wp-content\/uploads\/2021\/10\/tonality-reference-st-james-chapel-480x320.jpg 480w, https:\/\/tonality.de\/wp-content\/uploads\/2021\/10\/tonality-reference-st-james-chapel-480x320@2x.jpg 960w\" sizes=\"(min-width: 0px) and (max-width: 480px) 480px, (min-width: 481px) and (max-width: 980px) 980px, (min-width: 981px) 1079px, 100vw\" \/><div class=\"reference-grid__details\"><div class=\"reference-grid__details--info\">G1-1 | Castle Hill - Sydney, AU<\/div><h3 class=\"reference-grid__details--name\">St. James Chapel<\/h3><\/div><\/a><a href=\"#\" class=\"watchlist__add_remove_link watchlist-add-item link--icon-right link--icon-right--white link--icon-watchlist\" data-type=\"references\" data-id=\"5504\">Zur Merkliste hinzuf\u00fcgen<\/a><\/div><div class=\"reference-grid__item\"><a href=\"https:\/\/tonality.de\/de\/referenzen\/binakaj-businesspark-landshut\/\" class=\"gradient-overlay\" ><img decoding=\"async\" width=\"1040\" height=\"720\" src=\"https:\/\/tonality.de\/wp-content\/uploads\/2025\/01\/pressebild-tonality-eckansicht-businesspark-in-landshut-mit-keramikfassade-1280x886.jpg\" class=\"aspect_3_2 wp-post-image\" alt=\"Eckansicht Businesspark in Landshut mit Keramikfassade.\" srcset=\"https:\/\/tonality.de\/wp-content\/uploads\/2025\/01\/pressebild-tonality-eckansicht-businesspark-in-landshut-mit-keramikfassade-980x678.jpg 980w, https:\/\/tonality.de\/wp-content\/uploads\/2025\/01\/pressebild-tonality-eckansicht-businesspark-in-landshut-mit-keramikfassade-480x332.jpg 480w, https:\/\/tonality.de\/wp-content\/uploads\/2025\/01\/pressebild-tonality-eckansicht-businesspark-in-landshut-mit-keramikfassade-480x332@2x.jpg 960w\" sizes=\"(min-width: 0px) and (max-width: 480px) 480px, (min-width: 481px) and (max-width: 980px) 980px, (min-width: 981px) 1040px, 100vw\" \/><div class=\"reference-grid__details\"><div class=\"reference-grid__details--info\">G1-1 | Landshut, DE<\/div><h3 class=\"reference-grid__details--name\">Binakaj Businesspark Landshut<\/h3><\/div><\/a><a href=\"#\" class=\"watchlist__add_remove_link watchlist-add-item link--icon-right link--icon-right--white link--icon-watchlist\" data-type=\"references\" data-id=\"37807\">Zur Merkliste hinzuf\u00fcgen<\/a><\/div><div class=\"reference-grid__item\"><a href=\"https:\/\/tonality.de\/de\/referenzen\/the-wave\/\" class=\"gradient-overlay\" ><img decoding=\"async\" width=\"1079\" height=\"720\" src=\"https:\/\/tonality.de\/wp-content\/uploads\/2020\/12\/The_Wave_DSC9101_Jacob_Due-1280x854.jpg\" class=\"aspect_3_2 wp-post-image\" alt=\"\" srcset=\"https:\/\/tonality.de\/wp-content\/uploads\/2020\/12\/The_Wave_DSC9101_Jacob_Due-980x654.jpg 980w, https:\/\/tonality.de\/wp-content\/uploads\/2020\/12\/The_Wave_DSC9101_Jacob_Due-480x320.jpg 480w, https:\/\/tonality.de\/wp-content\/uploads\/2020\/12\/The_Wave_DSC9101_Jacob_Due-980x654@2x.jpg 1960w, https:\/\/tonality.de\/wp-content\/uploads\/2020\/12\/The_Wave_DSC9101_Jacob_Due-480x320@2x.jpg 960w\" sizes=\"(min-width: 0px) and (max-width: 480px) 480px, (min-width: 481px) and (max-width: 980px) 980px, (min-width: 981px) 1079px, 100vw\" \/><div class=\"reference-grid__details\"><div class=\"reference-grid__details--info\">G1-1 | Vejle, DK<\/div><h3 class=\"reference-grid__details--name\">The Wave<\/h3><\/div><\/a><a href=\"#\" class=\"watchlist__add_remove_link watchlist-add-item link--icon-right link--icon-right--white link--icon-watchlist\" data-type=\"references\" data-id=\"1768\">Zur Merkliste hinzuf\u00fcgen<\/a><\/div><div class=\"reference-grid__item\"><a href=\"https:\/\/tonality.de\/de\/referenzen\/velliv-office\/\" class=\"gradient-overlay\" ><img decoding=\"async\" width=\"1079\" height=\"720\" src=\"https:\/\/tonality.de\/wp-content\/uploads\/2022\/11\/tonality-reference-velliv-ballerup-office-denmark-backyard-terracotta-facade-1280x854.jpg\" class=\"aspect_3_2 wp-post-image\" alt=\"Terracotta facade of Velliv Ballerup office building in Denmark seen from backyard - a tonality reference\" srcset=\"https:\/\/tonality.de\/wp-content\/uploads\/2022\/11\/tonality-reference-velliv-ballerup-office-denmark-backyard-terracotta-facade-980x654.jpg 980w, https:\/\/tonality.de\/wp-content\/uploads\/2022\/11\/tonality-reference-velliv-ballerup-office-denmark-backyard-terracotta-facade-480x320.jpg 480w, https:\/\/tonality.de\/wp-content\/uploads\/2022\/11\/tonality-reference-velliv-ballerup-office-denmark-backyard-terracotta-facade-980x654@2x.jpg 1960w, https:\/\/tonality.de\/wp-content\/uploads\/2022\/11\/tonality-reference-velliv-ballerup-office-denmark-backyard-terracotta-facade-480x320@2x.jpg 960w\" sizes=\"(min-width: 0px) and (max-width: 480px) 480px, (min-width: 481px) and (max-width: 980px) 980px, (min-width: 981px) 1079px, 100vw\" \/><div class=\"reference-grid__details\"><div class=\"reference-grid__details--info\">G1-1 | Ballerup, DK<\/div><h3 class=\"reference-grid__details--name\">Velliv B\u00fcrogeb\u00e4ude<\/h3><\/div><\/a><a href=\"#\" class=\"watchlist__add_remove_link watchlist-add-item link--icon-right link--icon-right--white link--icon-watchlist\" data-type=\"references\" data-id=\"8533\">Zur Merkliste hinzuf\u00fcgen<\/a><\/div><div class=\"reference-grid__item\"><a href=\"https:\/\/tonality.de\/de\/referenzen\/16-e-16th-street-hotel-the-twentytwo\/\" class=\"gradient-overlay\" ><img decoding=\"async\" width=\"960\" height=\"720\" src=\"https:\/\/tonality.de\/wp-content\/uploads\/2025\/01\/16-e-16-street-new-york-1-1280x960.jpg\" class=\"aspect_3_2 wp-post-image\" alt=\"\" srcset=\"https:\/\/tonality.de\/wp-content\/uploads\/2025\/01\/16-e-16-street-new-york-1-480x360.jpg 480w, https:\/\/tonality.de\/wp-content\/uploads\/2025\/01\/16-e-16-street-new-york-1-480x360@2x.jpg 960w\" sizes=\"(min-width: 0px) and (max-width: 480px) 480px, (min-width: 481px) 960px, 100vw\" \/><div class=\"reference-grid__details\"><div class=\"reference-grid__details--info\">G1-1 | New York City, NY, US<\/div><h3 class=\"reference-grid__details--name\">16 E 16th Street Hotel \u2013 The TwentyTwo<\/h3><\/div><\/a><a href=\"#\" class=\"watchlist__add_remove_link watchlist-add-item link--icon-right link--icon-right--white link--icon-watchlist\" data-type=\"references\" data-id=\"37310\">Zur Merkliste hinzuf\u00fcgen<\/a><\/div><div class=\"reference-grid__item\"><a href=\"https:\/\/tonality.de\/de\/referenzen\/paracelcus-bad-kurhaus\/\" class=\"gradient-overlay\" ><img decoding=\"async\" width=\"1097\" height=\"720\" src=\"https:\/\/tonality.de\/wp-content\/uploads\/2020\/12\/paracelsus-bad-kurhaus-03-1280x840.jpg\" class=\"aspect_3_2 wp-post-image\" alt=\"\" srcset=\"https:\/\/tonality.de\/wp-content\/uploads\/2020\/12\/paracelsus-bad-kurhaus-03-980x643.jpg 980w, https:\/\/tonality.de\/wp-content\/uploads\/2020\/12\/paracelsus-bad-kurhaus-03-480x315.jpg 480w, https:\/\/tonality.de\/wp-content\/uploads\/2020\/12\/paracelsus-bad-kurhaus-03-480x315@2x.jpg 960w\" sizes=\"(min-width: 0px) and (max-width: 480px) 480px, (min-width: 481px) and (max-width: 980px) 980px, (min-width: 981px) 1097px, 100vw\" \/><div class=\"reference-grid__details\"><div class=\"reference-grid__details--info\">G1-1 | Salzburg, AT<\/div><h3 class=\"reference-grid__details--name\">Paracelcus Bad Kurhaus<\/h3><\/div><\/a><a href=\"#\" class=\"watchlist__add_remove_link watchlist-add-item link--icon-right link--icon-right--white link--icon-watchlist\" data-type=\"references\" data-id=\"1772\">Zur Merkliste hinzuf\u00fcgen<\/a><\/div><div class=\"reference-grid__item\"><a href=\"https:\/\/tonality.de\/de\/referenzen\/leitza-navarra\/\" class=\"gradient-overlay\" ><img decoding=\"async\" width=\"873\" height=\"720\" src=\"https:\/\/tonality.de\/wp-content\/uploads\/2021\/05\/tonality-referenz-leitza-diagonalsicht-1280x1056.jpg\" class=\"aspect_3_2 wp-post-image\" alt=\"Tonality Referenz Leitza Diagonalsicht.\" srcset=\"https:\/\/tonality.de\/wp-content\/uploads\/2021\/05\/tonality-referenz-leitza-diagonalsicht-480x396.jpg 480w, https:\/\/tonality.de\/wp-content\/uploads\/2021\/05\/tonality-referenz-leitza-diagonalsicht-480x396@2x.jpg 960w\" sizes=\"(min-width: 0px) and (max-width: 480px) 480px, (min-width: 481px) 873px, 100vw\" \/><div class=\"reference-grid__details\"><div class=\"reference-grid__details--info\">G1-1 | Leitza, Navarra, ES<\/div><h3 class=\"reference-grid__details--name\">Leitza<\/h3><\/div><\/a><a href=\"#\" class=\"watchlist__add_remove_link watchlist-add-item link--icon-right link--icon-right--white link--icon-watchlist\" data-type=\"references\" data-id=\"4031\">Zur Merkliste hinzuf\u00fcgen<\/a><\/div><div class=\"reference-grid__item\"><a href=\"https:\/\/tonality.de\/de\/referenzen\/new-festival-quarter\/\" class=\"gradient-overlay\" ><img decoding=\"async\" width=\"1080\" height=\"720\" src=\"https:\/\/tonality.de\/wp-content\/uploads\/2021\/11\/tonality-referenz-new-festival-quarter-front-1280x853.jpg\" class=\"aspect_3_2 wp-post-image\" alt=\"Moderne Wohngeb\u00e4ude im New Festival Quarter mit einer Kombination aus hellen Keramikpaneelen und Backsteinfassaden, gro\u00dfen Fenstern und Balkonen, die eine abwechslungsreiche und strukturierte Optik bieten\" srcset=\"https:\/\/tonality.de\/wp-content\/uploads\/2021\/11\/tonality-referenz-new-festival-quarter-front-980x653.jpg 980w, https:\/\/tonality.de\/wp-content\/uploads\/2021\/11\/tonality-referenz-new-festival-quarter-front-480x320.jpg 480w, https:\/\/tonality.de\/wp-content\/uploads\/2021\/11\/tonality-referenz-new-festival-quarter-front-980x653@2x.jpg 1960w, https:\/\/tonality.de\/wp-content\/uploads\/2021\/11\/tonality-referenz-new-festival-quarter-front-480x320@2x.jpg 960w\" sizes=\"(min-width: 0px) and (max-width: 480px) 480px, (min-width: 481px) and (max-width: 980px) 980px, (min-width: 981px) 1080px, 100vw\" \/><div class=\"reference-grid__details\"><div class=\"reference-grid__details--info\">G1-1 | London, UK<\/div><h3 class=\"reference-grid__details--name\">New Festival Quarter<\/h3><\/div><\/a><a href=\"#\" class=\"watchlist__add_remove_link watchlist-add-item link--icon-right link--icon-right--white link--icon-watchlist\" data-type=\"references\" data-id=\"5747\">Zur Merkliste hinzuf\u00fcgen<\/a><\/div><\/div><\/div><\/div><\/div>[\/et_pb_code][\/et_pb_column][\/et_pb_row][\/et_pb_section][et_pb_section fb_built=&#8220;1&#8243; custom_padding_last_edited=&#8220;on|phone&#8220; _builder_version=&#8220;4.7.4&#8243; _module_preset=&#8220;default&#8220; custom_padding=&#8220;120px||120px||true|false&#8220; custom_padding_tablet=&#8220;||||false|false&#8220; custom_padding_phone=&#8220;80px||80px||true|false&#8220; border_width_top=&#8220;1px&#8220; border_color_top=&#8220;rgba(135,135,134,0.3)&#8220; locked=&#8220;off&#8220;][et_pb_row admin_label=&#8220;Newsletter&#8220; module_id=&#8220;newsletter&#8220; _builder_version=&#8220;4.7.7&#8243; _module_preset=&#8220;default&#8220; max_width=&#8220;760px&#8220; module_alignment=&#8220;center&#8220; custom_padding=&#8220;0px||0px||false|false&#8220; global_module=&#8220;896&#8243; saved_tabs=&#8220;all&#8220; locked=&#8220;off&#8220;][et_pb_column type=&#8220;4_4&#8243; _builder_version=&#8220;4.7.3&#8243; _module_preset=&#8220;default&#8220;][et_pb_text _builder_version=&#8220;4.7.4&#8243; _module_preset=&#8220;_initial&#8220; custom_margin=&#8220;||0px||false|false&#8220; text_orientation_phone=&#8220;center&#8220;]<h4 class=\"p1\"><span class=\"s1\">Newsletter<\/span><\/h4>[\/et_pb_text][et_pb_text _builder_version=&#8220;4.7.7&#8243; _module_preset=&#8220;_initial&#8220; max_width=&#8220;400px&#8220; max_width_tablet=&#8220;100%&#8220; max_width_phone=&#8220;&#8220; max_width_last_edited=&#8220;on|tablet&#8220; module_alignment=&#8220;center&#8220; custom_margin=&#8220;||0px||false|false&#8220; text_orientation_phone=&#8220;center&#8220;]<h2 class=\"p1\">Bleiben Sie auf dem Laufenden<\/h2>[\/et_pb_text][et_pb_text _builder_version=&#8220;4.7.4&#8243; _module_preset=&#8220;_initial&#8220; text_orientation_phone=&#8220;center&#8220;]<p class=\"p1\"><span class=\"s1\">Melden Sie sich zu unserem Newsletter an und sichern Sie sich besondere Einladungen und auf Sie zugeschnittene Informationen zu Produktneuheiten und aktuellen Entwicklungen.<\/span><\/p>[\/et_pb_text][et_pb_code admin_label=&#8220;Newsletter Form&#8220; module_class=&#8220;hs-form-wrapper&#8220; _builder_version=&#8220;4.9.2&#8243; _module_preset=&#8220;default&#8220;]<!--[if lte IE 8]><!-- [et_pb_line_break_holder] --><script charset=\"utf-8\" type=\"text\/javascript\" src=\"\/\/js.hsforms.net\/forms\/v2-legacy.js\"><\/script><!-- [et_pb_line_break_holder] --><![endif]--><!-- [et_pb_line_break_holder] --><script charset=\"utf-8\" type=\"text\/javascript\" src=\"\/\/js.hsforms.net\/forms\/v2.js\"><\/script><!-- [et_pb_line_break_holder] --><script><!-- [et_pb_line_break_holder] -->  hbspt.forms.create({<!-- [et_pb_line_break_holder] -->\tregion: \"na1\",<!-- [et_pb_line_break_holder] -->\tportalId: \"8176697\",<!-- [et_pb_line_break_holder] -->\tformId: \"4a6be569-dc42-43bb-a926-a5574ec1c3dc\"<!-- [et_pb_line_break_holder] -->});<!-- [et_pb_line_break_holder] --><\/script>[\/et_pb_code][\/et_pb_column][\/et_pb_row][\/et_pb_section]\n","protected":false},"excerpt":{"rendered":"","protected":false},"author":1,"featured_media":3290,"parent":0,"menu_order":0,"comment_status":"closed","ping_status":"closed","template":"","meta":{"_acf_changed":false,"_et_pb_use_builder":"on","_et_pb_old_content":"","_et_gb_content_width":"","_improvement_type_select":"improve_an_existing","_thumb_yes_seoaic":false,"_frame_yes_seoaic":false,"seoaic_generate_description":"","seoaic_improve_instructions_prompt":"","seoaic_rollback_content_improvement":"","seoaic_idea_thumbnail_generator":"","thumbnail_generated":false,"thumbnail_generate_prompt":"","seoaic_article_description":"","inline_featured_image":false,"footnotes":""},"class_list":["post-207","page","type-page","status-publish","has-post-thumbnail","hentry"],"acf":[],"_links":{"self":[{"href":"https:\/\/tonality.de\/de\/wp-json\/wp\/v2\/pages\/207","targetHints":{"allow":["GET"]}}],"collection":[{"href":"https:\/\/tonality.de\/de\/wp-json\/wp\/v2\/pages"}],"about":[{"href":"https:\/\/tonality.de\/de\/wp-json\/wp\/v2\/types\/page"}],"author":[{"embeddable":true,"href":"https:\/\/tonality.de\/de\/wp-json\/wp\/v2\/users\/1"}],"replies":[{"embeddable":true,"href":"https:\/\/tonality.de\/de\/wp-json\/wp\/v2\/comments?post=207"}],"version-history":[{"count":0,"href":"https:\/\/tonality.de\/de\/wp-json\/wp\/v2\/pages\/207\/revisions"}],"wp:featuredmedia":[{"embeddable":true,"href":"https:\/\/tonality.de\/de\/wp-json\/wp\/v2\/media\/3290"}],"wp:attachment":[{"href":"https:\/\/tonality.de\/de\/wp-json\/wp\/v2\/media?parent=207"}],"curies":[{"name":"wp","href":"https:\/\/api.w.org\/{rel}","templated":true}]}}